{"id":498,"date":"2025-07-11T17:15:34","date_gmt":"2025-07-11T15:15:34","guid":{"rendered":"https:\/\/admjc38.org\/?post_type=job_listing&#038;p=498"},"modified":"2026-01-09T14:59:55","modified_gmt":"2026-01-09T13:59:55","slug":"animateur-rice-socioculturel-le-et-jeunesse-remplacement","status":"publish","type":"job_listing","link":"https:\/\/admjc38.org\/index.php\/poste\/animateur-rice-socioculturel-le-et-jeunesse-remplacement\/","title":{"rendered":"Animateur.rice socioculturel.le et jeunesse (remplacement)"},"content":{"rendered":"<p><strong>Qui sommes nous ?\u00a0<\/strong><\/p>\n<p>La MJC du Pays de Tullins cr\u00e9\u00e9e en 1965 propose des activit\u00e9s de loisirs en direction de tous les publics, avec ses accueils de loisirs enfance et jeunesse et ses actions familles sur son territoire d\u2019intervention. La MJC \u00e0 pour vocation de favoriser l\u2019autonomie et l\u2019\u00e9panouissement des personnes, de permettre \u00e0 tous d\u2019acc\u00e9der \u00e0 l\u2019\u00e9panouissement, l\u2019\u00e9ducation et \u00e0 la culture, afin que chacun participe \u00e0 la construction d\u2019une soci\u00e9t\u00e9<br \/>\nplus solidaire et plus juste. Elle contribue au d\u00e9veloppement des liens sociaux. Ces actions sont reconnues par les habitants et les partenaires. Depuis 2017, nous b\u00e9n\u00e9ficions de l\u2019agr\u00e9ment Espace de Vie Sociale (EVS), d\u00e9livr\u00e9 par la CAF, renfor\u00e7ant nos actions d\u2019animation de la vie sociale sur le territoire.<\/p>\n<p><strong>Description du poste<\/strong><\/p>\n<p>Sous la responsabilit\u00e9 de la directrice et en collaboration avec l\u2019\u00e9quipe, l\u2019animateur\u00b7rice met en oeuvre la politique jeunesse port\u00e9e par la MJC. Il\/elle participe \u00e0 l\u2019\u00e9laboration du projet p\u00e9dagogique du secteur et assure le suivi budg\u00e9taire des actions d\u2019animation mises en oeuvre. Il\/elle anime des activit\u00e9s \u00e0 destination des jeunes, les accompagne dans leurs<br \/>\nprojets, et organise des temps d\u2019animation \u00e0 l\u2019Espace Jeunes ainsi qu\u2019en ext\u00e9rieur (hors les murs).<\/p>\n<p><strong>Conditions\u00a0<\/strong><\/p>\n<p>CDD temps plein \u2013 35h, du mardi au samedi<br \/>\nR\u00e9mun\u00e9ration : selon la grille de la Convention Collective de l\u2019Animation (ECLAT)<br \/>\nGroupe C &#8211; indice 285 &#8211; Environ 2025,99\u20ac Brut\/mois<br \/>\nPermis de conduire exig\u00e9<\/p>\n<p><strong>Activit\u00e9s principales\u00a0<\/strong><\/p>\n<p>Mise en oeuvre du projet jeunesse de la structure : r\u00e9daction des projets p\u00e9dagogiques, bilans, d\u00e9clarations (DDCS et CAF), mise en oeuvre et \u00e9valuation des actions jeunesse en lien avec les projets de l\u2019Espace de Vie Sociale.<br \/>\nInformation et orientation des jeunes dans leurs parcours d\u2019engagement et d\u2019insertion professionnelle.<br \/>\nAccompagnement de projets pour les 12-17 ans : communication sur les projets potentiels, animation des r\u00e9seaux sociaux, partenariats avec le service culturel de la Ville de Tullins et les acteurs socio-\u00e9ducatifs du territoire.<br \/>\nAnimation des mercredis, samedis et vacances scolaires pour les 12-17 ans : accueil des jeunes, organisation des animations (sur site ou hors les murs).<br \/>\nMise en oeuvre du CLAS (Contrat Local d\u2019Accompagnement \u00e0 la Scolarit\u00e9) : coordination du dispositif en lien avec les b\u00e9n\u00e9voles, les parents, les jeunes et le coll\u00e8ge.<br \/>\nProjets \u00e9ducatifs au coll\u00e8ge : accompagnement des coll\u00e9giens sur des actions li\u00e9es \u00e0 l\u2019orientation et \u00e0 la citoyennet\u00e9, pr\u00e9sence hebdomadaire dans l\u2019\u00e9tablissement.<br \/>\nParticipation aux r\u00e9unions partenariales (CAPV, UL, AD38).<br \/>\nImplication dans les projets transversaux de la MJC.<\/p>\n<p><strong>Modalit\u00e9 d\u2019exercice\u00a0<\/strong><\/p>\n<p>Participation \u00e0 l\u2019animation de la vie associative de la structure.<br \/>\nTravail ponctuel en soir\u00e9es possible.<\/p>\n<p><strong>Comp\u00e9tences<\/strong><\/p>\n<ul>\n<li>Formation : BPJEPS avec UC de direction ou \u00e9quivalence, (DEUST<br \/>\nAnimation, DUT carri\u00e8re sociales\/animation)<br \/>\nBonne connaissance des publics jeunes.<br \/>\nM\u00e9thodologie de projet, techniques d\u2019animation.<br \/>\nConnaissance des cadres r\u00e9glementaires et des r\u00e8gles de s\u00e9curit\u00e9 en ACM.<\/li>\n<li>Comp\u00e9tences : Capacit\u00e9 \u00e0 coordonner, organiser, g\u00e9rer un projet.<br \/>\nTravail en \u00e9quipe et en partenariat.<br \/>\nCapacit\u00e9 \u00e0 mobiliser autour d\u2019un projet.<br \/>\nAisance dans les activit\u00e9s physiques, culturelles et artistiques.<br \/>\nComp\u00e9tences r\u00e9dactionnelles.<br \/>\nMa\u00eetrise des outils informatiques (Word, Excel) et des r\u00e9seaux sociaux.<\/li>\n<li>Qualit\u00e9s requises : Disponibilit\u00e9, \u00e9coute<br \/>\nAutonomie, prise d\u2019initiative<br \/>\nDynamisme, r\u00e9activit\u00e9<br \/>\nPosture professionnelle : d\u2019aller vers les publics, co-construire avec eux<br \/>\nBon relationnel<\/li>\n<\/ul>\n<p><strong>Comment postuler ?<\/strong><\/p>\n<p>Candidature \u00e0 adresser \u00e0 l\u2019attention de Brigitte LLORET, directrice :<br \/>\nMJC\/EVS du Pays de Tullins &#8211; Clos des Chartreux \ud83d\udccd &#8211; 38210 TULLINS<br \/>\n\ud83d\udce7 ou par mail : direction@mjctullins.fr<br \/>\n\ud83d\udcc5 Date limite de candidature : 22 ao\u00fbt<\/p>\n","protected":false},"author":3,"featured_media":499,"template":"","meta":{"_promoted":"","_job_location":"Tullins","_application":"mailto:direction@mjctullins.fr","_company_name":"MJC de Tullins","_company_website":"https:\/\/mjctullins.fr\/","_company_tagline":"","_company_twitter":"","_company_video":"","_filled":1,"_featured":1,"_remote_position":0,"_job_salary":"","_job_salary_currency":"","_job_salary_unit":""},"job-types":[14],"class_list":{"0":"post-498","1":"job_listing","2":"type-job_listing","3":"status-publish","4":"has-post-thumbnail","5":"hentry","7":"job-type-cdd","8":"job_position_filled","9":"job_position_featured"},"yoast_head":"<!-- This site is optimized with the Yoast SEO plugin v24.8 - https:\/\/yoast.com\/wordpress\/plugins\/seo\/ -->\n<title>Animateur.rice socioculturel.le et jeunesse (remplacement) - AD MJC 38<\/title>\n<meta name=\"robots\" content=\"index, follow, max-snippet:-1, max-image-preview:large, max-video-preview:-1\" \/>\n<link rel=\"canonical\" href=\"https:\/\/admjc38.org\/index.php\/poste\/animateur-rice-socioculturel-le-et-jeunesse-remplacement\/\" \/>\n<meta property=\"og:locale\" content=\"fr_FR\" \/>\n<meta property=\"og:type\" content=\"article\" \/>\n<meta property=\"og:title\" content=\"Animateur.rice socioculturel.le et jeunesse (remplacement) - AD MJC 38\" \/>\n<meta property=\"og:description\" content=\"Qui sommes nous ?\u00a0 La MJC du Pays de Tullins cr\u00e9\u00e9e en 1965 propose des activit\u00e9s de loisirs en direction de tous [&hellip;]\" \/>\n<meta property=\"og:url\" content=\"https:\/\/admjc38.org\/index.php\/poste\/animateur-rice-socioculturel-le-et-jeunesse-remplacement\/\" \/>\n<meta property=\"og:site_name\" content=\"AD MJC 38\" \/>\n<meta property=\"article:modified_time\" content=\"2026-01-09T13:59:55+00:00\" \/>\n<meta property=\"og:image\" content=\"http:\/\/admjc38.org\/wp-content\/uploads\/2025\/07\/MJC-Tullins.png\" \/>\n\t<meta property=\"og:image:width\" content=\"249\" \/>\n\t<meta property=\"og:image:height\" content=\"202\" \/>\n\t<meta property=\"og:image:type\" content=\"image\/png\" \/>\n<meta name=\"twitter:card\" content=\"summary_large_image\" \/>\n<meta name=\"twitter:label1\" content=\"Dur\u00e9e de lecture estim\u00e9e\" \/>\n\t<meta name=\"twitter:data1\" content=\"3 minutes\" \/>\n<script type=\"application\/ld+json\" class=\"yoast-schema-graph\">{\"@context\":\"https:\/\/schema.org\",\"@graph\":[{\"@type\":\"WebPage\",\"@id\":\"https:\/\/admjc38.org\/index.php\/poste\/animateur-rice-socioculturel-le-et-jeunesse-remplacement\/\",\"url\":\"https:\/\/admjc38.org\/index.php\/poste\/animateur-rice-socioculturel-le-et-jeunesse-remplacement\/\",\"name\":\"Animateur.rice socioculturel.le et jeunesse (remplacement) - AD MJC 38\",\"isPartOf\":{\"@id\":\"https:\/\/admjc38.org\/#website\"},\"primaryImageOfPage\":{\"@id\":\"https:\/\/admjc38.org\/index.php\/poste\/animateur-rice-socioculturel-le-et-jeunesse-remplacement\/#primaryimage\"},\"image\":{\"@id\":\"https:\/\/admjc38.org\/index.php\/poste\/animateur-rice-socioculturel-le-et-jeunesse-remplacement\/#primaryimage\"},\"thumbnailUrl\":\"https:\/\/admjc38.org\/wp-content\/uploads\/2025\/07\/MJC-Tullins.png\",\"datePublished\":\"2025-07-11T15:15:34+00:00\",\"dateModified\":\"2026-01-09T13:59:55+00:00\",\"breadcrumb\":{\"@id\":\"https:\/\/admjc38.org\/index.php\/poste\/animateur-rice-socioculturel-le-et-jeunesse-remplacement\/#breadcrumb\"},\"inLanguage\":\"fr-FR\",\"potentialAction\":[{\"@type\":\"ReadAction\",\"target\":[\"https:\/\/admjc38.org\/index.php\/poste\/animateur-rice-socioculturel-le-et-jeunesse-remplacement\/\"]}]},{\"@type\":\"ImageObject\",\"inLanguage\":\"fr-FR\",\"@id\":\"https:\/\/admjc38.org\/index.php\/poste\/animateur-rice-socioculturel-le-et-jeunesse-remplacement\/#primaryimage\",\"url\":\"https:\/\/admjc38.org\/wp-content\/uploads\/2025\/07\/MJC-Tullins.png\",\"contentUrl\":\"https:\/\/admjc38.org\/wp-content\/uploads\/2025\/07\/MJC-Tullins.png\",\"width\":249,\"height\":202},{\"@type\":\"BreadcrumbList\",\"@id\":\"https:\/\/admjc38.org\/index.php\/poste\/animateur-rice-socioculturel-le-et-jeunesse-remplacement\/#breadcrumb\",\"itemListElement\":[{\"@type\":\"ListItem\",\"position\":1,\"name\":\"Accueil\",\"item\":\"https:\/\/admjc38.org\/\"},{\"@type\":\"ListItem\",\"position\":2,\"name\":\"Animateur.rice socioculturel.le et jeunesse (remplacement)\"}]},{\"@type\":\"WebSite\",\"@id\":\"https:\/\/admjc38.org\/#website\",\"url\":\"https:\/\/admjc38.org\/\",\"name\":\"AD MJC 38\",\"description\":\"Le site des Maisons des Jeunes et de la Culture de l\u2019Is\u00e8re\u00a0\",\"publisher\":{\"@id\":\"https:\/\/admjc38.org\/#organization\"},\"potentialAction\":[{\"@type\":\"SearchAction\",\"target\":{\"@type\":\"EntryPoint\",\"urlTemplate\":\"https:\/\/admjc38.org\/?s={search_term_string}\"},\"query-input\":{\"@type\":\"PropertyValueSpecification\",\"valueRequired\":true,\"valueName\":\"search_term_string\"}}],\"inLanguage\":\"fr-FR\"},{\"@type\":\"Organization\",\"@id\":\"https:\/\/admjc38.org\/#organization\",\"name\":\"Association D\u00e9partementale des Maisons des Jeunes et de la Culture de l'Is\u00e8re\",\"url\":\"https:\/\/admjc38.org\/\",\"logo\":{\"@type\":\"ImageObject\",\"inLanguage\":\"fr-FR\",\"@id\":\"https:\/\/admjc38.org\/#\/schema\/logo\/image\/\",\"url\":\"https:\/\/admjc38.org\/wp-content\/uploads\/2024\/01\/Logo-AD-MJC-38.png\",\"contentUrl\":\"https:\/\/admjc38.org\/wp-content\/uploads\/2024\/01\/Logo-AD-MJC-38.png\",\"width\":441,\"height\":701,\"caption\":\"Association D\u00e9partementale des Maisons des Jeunes et de la Culture de l'Is\u00e8re\"},\"image\":{\"@id\":\"https:\/\/admjc38.org\/#\/schema\/logo\/image\/\"}}]}<\/script>\n<!-- \/ Yoast SEO plugin. -->","yoast_head_json":{"title":"Animateur.rice socioculturel.le et jeunesse (remplacement) - AD MJC 38","robots":{"index":"index","follow":"follow","max-snippet":"max-snippet:-1","max-image-preview":"max-image-preview:large","max-video-preview":"max-video-preview:-1"},"canonical":"https:\/\/admjc38.org\/index.php\/poste\/animateur-rice-socioculturel-le-et-jeunesse-remplacement\/","og_locale":"fr_FR","og_type":"article","og_title":"Animateur.rice socioculturel.le et jeunesse (remplacement) - AD MJC 38","og_description":"Qui sommes nous ?\u00a0 La MJC du Pays de Tullins cr\u00e9\u00e9e en 1965 propose des activit\u00e9s de loisirs en direction de tous [&hellip;]","og_url":"https:\/\/admjc38.org\/index.php\/poste\/animateur-rice-socioculturel-le-et-jeunesse-remplacement\/","og_site_name":"AD MJC 38","article_modified_time":"2026-01-09T13:59:55+00:00","og_image":[{"width":249,"height":202,"url":"http:\/\/admjc38.org\/wp-content\/uploads\/2025\/07\/MJC-Tullins.png","type":"image\/png"}],"twitter_card":"summary_large_image","twitter_misc":{"Dur\u00e9e de lecture estim\u00e9e":"3 minutes"},"schema":{"@context":"https:\/\/schema.org","@graph":[{"@type":"WebPage","@id":"https:\/\/admjc38.org\/index.php\/poste\/animateur-rice-socioculturel-le-et-jeunesse-remplacement\/","url":"https:\/\/admjc38.org\/index.php\/poste\/animateur-rice-socioculturel-le-et-jeunesse-remplacement\/","name":"Animateur.rice socioculturel.le et jeunesse (remplacement) - AD MJC 38","isPartOf":{"@id":"https:\/\/admjc38.org\/#website"},"primaryImageOfPage":{"@id":"https:\/\/admjc38.org\/index.php\/poste\/animateur-rice-socioculturel-le-et-jeunesse-remplacement\/#primaryimage"},"image":{"@id":"https:\/\/admjc38.org\/index.php\/poste\/animateur-rice-socioculturel-le-et-jeunesse-remplacement\/#primaryimage"},"thumbnailUrl":"https:\/\/admjc38.org\/wp-content\/uploads\/2025\/07\/MJC-Tullins.png","datePublished":"2025-07-11T15:15:34+00:00","dateModified":"2026-01-09T13:59:55+00:00","breadcrumb":{"@id":"https:\/\/admjc38.org\/index.php\/poste\/animateur-rice-socioculturel-le-et-jeunesse-remplacement\/#breadcrumb"},"inLanguage":"fr-FR","potentialAction":[{"@type":"ReadAction","target":["https:\/\/admjc38.org\/index.php\/poste\/animateur-rice-socioculturel-le-et-jeunesse-remplacement\/"]}]},{"@type":"ImageObject","inLanguage":"fr-FR","@id":"https:\/\/admjc38.org\/index.php\/poste\/animateur-rice-socioculturel-le-et-jeunesse-remplacement\/#primaryimage","url":"https:\/\/admjc38.org\/wp-content\/uploads\/2025\/07\/MJC-Tullins.png","contentUrl":"https:\/\/admjc38.org\/wp-content\/uploads\/2025\/07\/MJC-Tullins.png","width":249,"height":202},{"@type":"BreadcrumbList","@id":"https:\/\/admjc38.org\/index.php\/poste\/animateur-rice-socioculturel-le-et-jeunesse-remplacement\/#breadcrumb","itemListElement":[{"@type":"ListItem","position":1,"name":"Accueil","item":"https:\/\/admjc38.org\/"},{"@type":"ListItem","position":2,"name":"Animateur.rice socioculturel.le et jeunesse (remplacement)"}]},{"@type":"WebSite","@id":"https:\/\/admjc38.org\/#website","url":"https:\/\/admjc38.org\/","name":"AD MJC 38","description":"Le site des Maisons des Jeunes et de la Culture de l\u2019Is\u00e8re\u00a0","publisher":{"@id":"https:\/\/admjc38.org\/#organization"},"potentialAction":[{"@type":"SearchAction","target":{"@type":"EntryPoint","urlTemplate":"https:\/\/admjc38.org\/?s={search_term_string}"},"query-input":{"@type":"PropertyValueSpecification","valueRequired":true,"valueName":"search_term_string"}}],"inLanguage":"fr-FR"},{"@type":"Organization","@id":"https:\/\/admjc38.org\/#organization","name":"Association D\u00e9partementale des Maisons des Jeunes et de la Culture de l'Is\u00e8re","url":"https:\/\/admjc38.org\/","logo":{"@type":"ImageObject","inLanguage":"fr-FR","@id":"https:\/\/admjc38.org\/#\/schema\/logo\/image\/","url":"https:\/\/admjc38.org\/wp-content\/uploads\/2024\/01\/Logo-AD-MJC-38.png","contentUrl":"https:\/\/admjc38.org\/wp-content\/uploads\/2024\/01\/Logo-AD-MJC-38.png","width":441,"height":701,"caption":"Association D\u00e9partementale des Maisons des Jeunes et de la Culture de l'Is\u00e8re"},"image":{"@id":"https:\/\/admjc38.org\/#\/schema\/logo\/image\/"}}]}},"_links":{"self":[{"href":"https:\/\/admjc38.org\/index.php\/wp-json\/wp\/v2\/job-listings\/498","targetHints":{"allow":["GET"]}}],"collection":[{"href":"https:\/\/admjc38.org\/index.php\/wp-json\/wp\/v2\/job-listings"}],"about":[{"href":"https:\/\/admjc38.org\/index.php\/wp-json\/wp\/v2\/types\/job_listing"}],"author":[{"embeddable":true,"href":"https:\/\/admjc38.org\/index.php\/wp-json\/wp\/v2\/users\/3"}],"wp:featuredmedia":[{"embeddable":true,"href":"https:\/\/admjc38.org\/index.php\/wp-json\/wp\/v2\/media\/499"}],"wp:attachment":[{"href":"https:\/\/admjc38.org\/index.php\/wp-json\/wp\/v2\/media?parent=498"}],"wp:term":[{"taxonomy":"job_listing_type","embeddable":true,"href":"https:\/\/admjc38.org\/index.php\/wp-json\/wp\/v2\/job-types?post=498"}],"curies":[{"name":"wp","href":"https:\/\/api.w.org\/{rel}","templated":true}]}}