{"id":939,"date":"2026-01-08T18:15:35","date_gmt":"2026-01-08T17:15:35","guid":{"rendered":"https:\/\/admjc38.org\/?post_type=job_listing&#038;p=939"},"modified":"2026-01-08T18:16:42","modified_gmt":"2026-01-08T17:16:42","slug":"animateur-rice-socio-culturel-le-et-directeur-rice-alsh-12-17","status":"publish","type":"job_listing","link":"https:\/\/admjc38.org\/index.php\/poste\/animateur-rice-socio-culturel-le-et-directeur-rice-alsh-12-17\/","title":{"rendered":"Animateur.rice socio culturel.le et directeur.rice ALSH 12-17"},"content":{"rendered":"<p>La MJC de Rives est une association d\u2019\u00e9ducation populaire qui \u0153uvre pour le d\u00e9veloppement culturel, social et citoyen. Elle propose des actions \u00e9ducatives, culturelles et de loisirs favorisant l\u2019autonomie et l\u2019engagement des jeunes.<\/p>\n<p>Dans le cadre d\u2019une r\u00e9organisation de l\u2019association et de ses actions jeunesse, la MJC de Rives recrute au sien de son p\u00f4le Enfance Jeunesse, un\u00b7e Animateur\u00b7Animatrice Jeunesse \u2013 Directeur\u00b7Directrice d\u2019ALSH 12\u201317 ans.<\/p>\n<p><strong>Missions principales<\/strong><\/p>\n<p>\u2022 Direction de l\u2019ALSH 12\u201317 ans<br \/>\n&#8211; Direction p\u00e9dagogique, administrative et r\u00e9glementaire de l\u2019ALSH<br \/>\n&#8211; \u00c9laboration et mise en \u0153uvre et \u00e9valuation du projet p\u00e9dagogique<br \/>\n&#8211; Garantie de la s\u00e9curit\u00e9 des jeunes<br \/>\n&#8211; Coordination et accompagnement de l\u2019\u00e9quipe d\u2019animation et recrute les animateurs CEE selon les besoins du service<br \/>\n&#8211; Suivi administratif et budg\u00e9taire. G\u00e8re les achats du mat\u00e9riel d\u2019activit\u00e9 en lien avec le budget d\u00e9di\u00e9 au secteur<br \/>\net \u00e0 l\u2019action.<br \/>\n&#8211; Suivi des pr\u00e9sences des jeunes<br \/>\n&#8211; Gestion du mat\u00e9riel et de son rangement<br \/>\n&#8211; Production de bilans (qualitatifs et quantitatifs)<\/p>\n<p>\u2022 Animation jeunesse<br \/>\n&#8211; Conception et animation d\u2019activit\u00e9s adapt\u00e9es aux adolescents<br \/>\n&#8211; Accompagnement des projets de jeunes<br \/>\n&#8211; Participation aux \u00e9v\u00e9nements de la MJC<br \/>\n&#8211; Organisation et direction de s\u00e9jours<br \/>\n&#8211; Prise en compte du public 12-17 ans et passerelle<\/p>\n<p>\u2022 Travail partenarial<br \/>\n&#8211; D\u00e9veloppement des partenariats locaux<br \/>\n&#8211; Participation aux r\u00e9unions \u00ab r\u00e9seaux \u00bb li\u00e9es au secteur jeunesse<\/p>\n<p>La salari\u00e9e ou le salari\u00e9 produit des outils de communication, de bilan qualitatif et quantitatif et g\u00e8re les aspects administratifs li\u00e9s aux temps de pr\u00e9sences des jeunes.<br \/>\nDans une logique de coh\u00e9rence \u00e9ducative au sein de la MJC, le salari\u00e9 peut \u00eatre amen\u00e9 \u00e0 travailler sur des projets Enfance et culturels.<\/p>\n<p><strong>COMP\u00c9TENCES ET CONNAISSANCES<\/strong><br \/>\n\u2022 Conna\u00eetre les publics et leurs sp\u00e9cificit\u00e9s<br \/>\n\u2022 \u00catre garant\u00b7e des conditions de s\u00e9curit\u00e9 et du respect du cadre r\u00e9glementaire des ACM<br \/>\n\u2022 Ecouter et accompagner une \u00e9quipe d\u2019animation<br \/>\n\u2022 Concevoir et animer des activit\u00e9s<br \/>\n\u2022 \u00c9laborer, mettre en place, \u00e9valuer des projets<br \/>\n\u2022 Conduire des r\u00e9unions<br \/>\n\u2022 Savoir travailler en \u00e9quipe<br \/>\n\u2022 Conna\u00eetre le fonctionnement d\u2019une association<br \/>\n\u2022 Savoir traduire en actions la demande institutionnelle<br \/>\n\u2022 Etre \u00e0 l\u2019aise dans les activit\u00e9s physiques, artistiques et culturelles<br \/>\n\u2022 La connaissance du logiciel Ino\u00e9 serait un plus<\/p>\n<p><strong>APTITUDES ET QUALIT\u00c9S REQUISES<\/strong><br \/>\n\u2022 Rigueur et organisation<br \/>\n\u2022 Sens de l\u2019engagement<br \/>\n\u2022 Esprit d\u2019\u00e9quipe<br \/>\n\u2022 Sens de l\u2019\u00e9coute et de l\u2019accueil (enfants et familles)<br \/>\n\u2022 Flexibilit\u00e9 et polyvalence<br \/>\n\u2022 Dynamisme et curiosit\u00e9<br \/>\n\u2022 Capacit\u00e9 d\u2019adaptation<br \/>\n\u2022 Force de proposition<\/p>\n<p><strong>Offre d\u2019emploi<\/strong><br \/>\nAnimateur.trice socio culturelle, directeur\u00b7trice ALSH 12-17<br \/>\nCDI \u2013 Temps plein modul\u00e9<br \/>\nEntretiens de recrutement : d\u00e9but\/courant janvier<br \/>\nPrise de poste : poste \u00e0 pouvoir pour le 1er f\u00e9vrier 2026<br \/>\nR\u00e9mun\u00e9ration : indice 305 de la grille de classification de la convention collective ECLAT avec reprise de l\u2019anciennet\u00e9 dans le secteur &#8211; Indicateur de r\u00e9mun\u00e9ration = 2205.15 \u20ac bruts mensuels pour un temps plein (hors prise en compte de l\u2019exp\u00e9rience ant\u00e9rieure)<\/p>\n<p>Formation exig\u00e9e en animation :<br \/>\n&#8211; BPJEPS avec UC de direction, DUT\/BUT Carri\u00e8res sociales option Animation sociale et socio-culturelle, DEUST Animation ou \u00e9quivalent<br \/>\n&#8211; Exp\u00e9rience exig\u00e9e en animation jeunesse et direction d\u2019ALSH<br \/>\n&#8211; Exp\u00e9rience exig\u00e9e en organisation et gestion de s\u00e9jours<br \/>\n&#8211; Connaissance du public adolescent<br \/>\n&#8211; Autonomie, sens des responsabilit\u00e9s, esprit d\u2019\u00e9quipe<br \/>\n&#8211; Permis B exig\u00e9 depuis + de 3 ans<\/p>\n<p>Organisation du temps de travail : CDI Temps plein modul\u00e9 sur l\u2019ann\u00e9e &#8211; Travail en soir\u00e9e et le samedi<\/p>\n<p>Envoyez votre candidature (CV et LM \u00e0 l\u2019intention de Mme la Pr\u00e9sidente) par mail \u00e0 recrutement@mjc-rives.fr &#8211; r\u00e9f\u00e9rence \u00e0 pr\u00e9ciser \u00ab Offre emploi Animateur\u00b7trice Socio culturelle, Directeur\u00b7trice ALSH \u00bb.<\/p>\n","protected":false},"author":3,"featured_media":941,"template":"","meta":{"_promoted":"","_job_location":"Rives","_application":"recrutement@mjc-rives.fr","_company_name":"MJC Rives","_company_website":"https:\/\/mjc-rives.fr\/","_company_tagline":"","_company_twitter":"","_company_video":"","_filled":0,"_featured":1,"_remote_position":0,"_job_salary":"","_job_salary_currency":"","_job_salary_unit":""},"job-types":[18],"class_list":{"0":"post-939","1":"job_listing","2":"type-job_listing","3":"status-publish","4":"has-post-thumbnail","5":"hentry","7":"job-type-cdi","8":"job_position_featured"},"yoast_head":"<!-- This site is optimized with the Yoast SEO plugin v24.8 - https:\/\/yoast.com\/wordpress\/plugins\/seo\/ -->\n<title>Animateur.rice socio culturel.le et directeur.rice ALSH 12-17 - AD MJC 38<\/title>\n<meta name=\"robots\" content=\"index, follow, max-snippet:-1, max-image-preview:large, max-video-preview:-1\" \/>\n<link rel=\"canonical\" href=\"https:\/\/admjc38.org\/index.php\/poste\/animateur-rice-socio-culturel-le-et-directeur-rice-alsh-12-17\/\" \/>\n<meta property=\"og:locale\" content=\"fr_FR\" \/>\n<meta property=\"og:type\" content=\"article\" \/>\n<meta property=\"og:title\" content=\"Animateur.rice socio culturel.le et directeur.rice ALSH 12-17 - AD MJC 38\" \/>\n<meta property=\"og:description\" content=\"La MJC de Rives est une association d\u2019\u00e9ducation populaire qui \u0153uvre pour le d\u00e9veloppement culturel, social et citoyen. Elle propose des actions [&hellip;]\" \/>\n<meta property=\"og:url\" content=\"https:\/\/admjc38.org\/index.php\/poste\/animateur-rice-socio-culturel-le-et-directeur-rice-alsh-12-17\/\" \/>\n<meta property=\"og:site_name\" content=\"AD MJC 38\" \/>\n<meta property=\"article:modified_time\" content=\"2026-01-08T17:16:42+00:00\" \/>\n<meta property=\"og:image\" content=\"http:\/\/admjc38.org\/wp-content\/uploads\/2026\/01\/MJC-Rives-grand.png\" \/>\n\t<meta property=\"og:image:width\" content=\"442\" \/>\n\t<meta property=\"og:image:height\" content=\"114\" \/>\n\t<meta property=\"og:image:type\" content=\"image\/png\" \/>\n<meta name=\"twitter:card\" content=\"summary_large_image\" \/>\n<meta name=\"twitter:label1\" content=\"Dur\u00e9e de lecture estim\u00e9e\" \/>\n\t<meta name=\"twitter:data1\" content=\"3 minutes\" \/>\n<script type=\"application\/ld+json\" class=\"yoast-schema-graph\">{\"@context\":\"https:\/\/schema.org\",\"@graph\":[{\"@type\":\"WebPage\",\"@id\":\"https:\/\/admjc38.org\/index.php\/poste\/animateur-rice-socio-culturel-le-et-directeur-rice-alsh-12-17\/\",\"url\":\"https:\/\/admjc38.org\/index.php\/poste\/animateur-rice-socio-culturel-le-et-directeur-rice-alsh-12-17\/\",\"name\":\"Animateur.rice socio culturel.le et directeur.rice ALSH 12-17 - AD MJC 38\",\"isPartOf\":{\"@id\":\"https:\/\/admjc38.org\/#website\"},\"primaryImageOfPage\":{\"@id\":\"https:\/\/admjc38.org\/index.php\/poste\/animateur-rice-socio-culturel-le-et-directeur-rice-alsh-12-17\/#primaryimage\"},\"image\":{\"@id\":\"https:\/\/admjc38.org\/index.php\/poste\/animateur-rice-socio-culturel-le-et-directeur-rice-alsh-12-17\/#primaryimage\"},\"thumbnailUrl\":\"https:\/\/admjc38.org\/wp-content\/uploads\/2026\/01\/MJC-Rives-grand.png\",\"datePublished\":\"2026-01-08T17:15:35+00:00\",\"dateModified\":\"2026-01-08T17:16:42+00:00\",\"breadcrumb\":{\"@id\":\"https:\/\/admjc38.org\/index.php\/poste\/animateur-rice-socio-culturel-le-et-directeur-rice-alsh-12-17\/#breadcrumb\"},\"inLanguage\":\"fr-FR\",\"potentialAction\":[{\"@type\":\"ReadAction\",\"target\":[\"https:\/\/admjc38.org\/index.php\/poste\/animateur-rice-socio-culturel-le-et-directeur-rice-alsh-12-17\/\"]}]},{\"@type\":\"ImageObject\",\"inLanguage\":\"fr-FR\",\"@id\":\"https:\/\/admjc38.org\/index.php\/poste\/animateur-rice-socio-culturel-le-et-directeur-rice-alsh-12-17\/#primaryimage\",\"url\":\"https:\/\/admjc38.org\/wp-content\/uploads\/2026\/01\/MJC-Rives-grand.png\",\"contentUrl\":\"https:\/\/admjc38.org\/wp-content\/uploads\/2026\/01\/MJC-Rives-grand.png\",\"width\":442,\"height\":114},{\"@type\":\"BreadcrumbList\",\"@id\":\"https:\/\/admjc38.org\/index.php\/poste\/animateur-rice-socio-culturel-le-et-directeur-rice-alsh-12-17\/#breadcrumb\",\"itemListElement\":[{\"@type\":\"ListItem\",\"position\":1,\"name\":\"Accueil\",\"item\":\"https:\/\/admjc38.org\/\"},{\"@type\":\"ListItem\",\"position\":2,\"name\":\"Animateur.rice socio culturel.le et directeur.rice ALSH 12-17\"}]},{\"@type\":\"WebSite\",\"@id\":\"https:\/\/admjc38.org\/#website\",\"url\":\"https:\/\/admjc38.org\/\",\"name\":\"AD MJC 38\",\"description\":\"Le site des Maisons des Jeunes et de la Culture de l\u2019Is\u00e8re\u00a0\",\"publisher\":{\"@id\":\"https:\/\/admjc38.org\/#organization\"},\"potentialAction\":[{\"@type\":\"SearchAction\",\"target\":{\"@type\":\"EntryPoint\",\"urlTemplate\":\"https:\/\/admjc38.org\/?s={search_term_string}\"},\"query-input\":{\"@type\":\"PropertyValueSpecification\",\"valueRequired\":true,\"valueName\":\"search_term_string\"}}],\"inLanguage\":\"fr-FR\"},{\"@type\":\"Organization\",\"@id\":\"https:\/\/admjc38.org\/#organization\",\"name\":\"Association D\u00e9partementale des Maisons des Jeunes et de la Culture de l'Is\u00e8re\",\"url\":\"https:\/\/admjc38.org\/\",\"logo\":{\"@type\":\"ImageObject\",\"inLanguage\":\"fr-FR\",\"@id\":\"https:\/\/admjc38.org\/#\/schema\/logo\/image\/\",\"url\":\"https:\/\/admjc38.org\/wp-content\/uploads\/2024\/01\/Logo-AD-MJC-38.png\",\"contentUrl\":\"https:\/\/admjc38.org\/wp-content\/uploads\/2024\/01\/Logo-AD-MJC-38.png\",\"width\":441,\"height\":701,\"caption\":\"Association D\u00e9partementale des Maisons des Jeunes et de la Culture de l'Is\u00e8re\"},\"image\":{\"@id\":\"https:\/\/admjc38.org\/#\/schema\/logo\/image\/\"}}]}<\/script>\n<!-- \/ Yoast SEO plugin. -->","yoast_head_json":{"title":"Animateur.rice socio culturel.le et directeur.rice ALSH 12-17 - AD MJC 38","robots":{"index":"index","follow":"follow","max-snippet":"max-snippet:-1","max-image-preview":"max-image-preview:large","max-video-preview":"max-video-preview:-1"},"canonical":"https:\/\/admjc38.org\/index.php\/poste\/animateur-rice-socio-culturel-le-et-directeur-rice-alsh-12-17\/","og_locale":"fr_FR","og_type":"article","og_title":"Animateur.rice socio culturel.le et directeur.rice ALSH 12-17 - AD MJC 38","og_description":"La MJC de Rives est une association d\u2019\u00e9ducation populaire qui \u0153uvre pour le d\u00e9veloppement culturel, social et citoyen. Elle propose des actions [&hellip;]","og_url":"https:\/\/admjc38.org\/index.php\/poste\/animateur-rice-socio-culturel-le-et-directeur-rice-alsh-12-17\/","og_site_name":"AD MJC 38","article_modified_time":"2026-01-08T17:16:42+00:00","og_image":[{"width":442,"height":114,"url":"http:\/\/admjc38.org\/wp-content\/uploads\/2026\/01\/MJC-Rives-grand.png","type":"image\/png"}],"twitter_card":"summary_large_image","twitter_misc":{"Dur\u00e9e de lecture estim\u00e9e":"3 minutes"},"schema":{"@context":"https:\/\/schema.org","@graph":[{"@type":"WebPage","@id":"https:\/\/admjc38.org\/index.php\/poste\/animateur-rice-socio-culturel-le-et-directeur-rice-alsh-12-17\/","url":"https:\/\/admjc38.org\/index.php\/poste\/animateur-rice-socio-culturel-le-et-directeur-rice-alsh-12-17\/","name":"Animateur.rice socio culturel.le et directeur.rice ALSH 12-17 - AD MJC 38","isPartOf":{"@id":"https:\/\/admjc38.org\/#website"},"primaryImageOfPage":{"@id":"https:\/\/admjc38.org\/index.php\/poste\/animateur-rice-socio-culturel-le-et-directeur-rice-alsh-12-17\/#primaryimage"},"image":{"@id":"https:\/\/admjc38.org\/index.php\/poste\/animateur-rice-socio-culturel-le-et-directeur-rice-alsh-12-17\/#primaryimage"},"thumbnailUrl":"https:\/\/admjc38.org\/wp-content\/uploads\/2026\/01\/MJC-Rives-grand.png","datePublished":"2026-01-08T17:15:35+00:00","dateModified":"2026-01-08T17:16:42+00:00","breadcrumb":{"@id":"https:\/\/admjc38.org\/index.php\/poste\/animateur-rice-socio-culturel-le-et-directeur-rice-alsh-12-17\/#breadcrumb"},"inLanguage":"fr-FR","potentialAction":[{"@type":"ReadAction","target":["https:\/\/admjc38.org\/index.php\/poste\/animateur-rice-socio-culturel-le-et-directeur-rice-alsh-12-17\/"]}]},{"@type":"ImageObject","inLanguage":"fr-FR","@id":"https:\/\/admjc38.org\/index.php\/poste\/animateur-rice-socio-culturel-le-et-directeur-rice-alsh-12-17\/#primaryimage","url":"https:\/\/admjc38.org\/wp-content\/uploads\/2026\/01\/MJC-Rives-grand.png","contentUrl":"https:\/\/admjc38.org\/wp-content\/uploads\/2026\/01\/MJC-Rives-grand.png","width":442,"height":114},{"@type":"BreadcrumbList","@id":"https:\/\/admjc38.org\/index.php\/poste\/animateur-rice-socio-culturel-le-et-directeur-rice-alsh-12-17\/#breadcrumb","itemListElement":[{"@type":"ListItem","position":1,"name":"Accueil","item":"https:\/\/admjc38.org\/"},{"@type":"ListItem","position":2,"name":"Animateur.rice socio culturel.le et directeur.rice ALSH 12-17"}]},{"@type":"WebSite","@id":"https:\/\/admjc38.org\/#website","url":"https:\/\/admjc38.org\/","name":"AD MJC 38","description":"Le site des Maisons des Jeunes et de la Culture de l\u2019Is\u00e8re\u00a0","publisher":{"@id":"https:\/\/admjc38.org\/#organization"},"potentialAction":[{"@type":"SearchAction","target":{"@type":"EntryPoint","urlTemplate":"https:\/\/admjc38.org\/?s={search_term_string}"},"query-input":{"@type":"PropertyValueSpecification","valueRequired":true,"valueName":"search_term_string"}}],"inLanguage":"fr-FR"},{"@type":"Organization","@id":"https:\/\/admjc38.org\/#organization","name":"Association D\u00e9partementale des Maisons des Jeunes et de la Culture de l'Is\u00e8re","url":"https:\/\/admjc38.org\/","logo":{"@type":"ImageObject","inLanguage":"fr-FR","@id":"https:\/\/admjc38.org\/#\/schema\/logo\/image\/","url":"https:\/\/admjc38.org\/wp-content\/uploads\/2024\/01\/Logo-AD-MJC-38.png","contentUrl":"https:\/\/admjc38.org\/wp-content\/uploads\/2024\/01\/Logo-AD-MJC-38.png","width":441,"height":701,"caption":"Association D\u00e9partementale des Maisons des Jeunes et de la Culture de l'Is\u00e8re"},"image":{"@id":"https:\/\/admjc38.org\/#\/schema\/logo\/image\/"}}]}},"_links":{"self":[{"href":"https:\/\/admjc38.org\/index.php\/wp-json\/wp\/v2\/job-listings\/939","targetHints":{"allow":["GET"]}}],"collection":[{"href":"https:\/\/admjc38.org\/index.php\/wp-json\/wp\/v2\/job-listings"}],"about":[{"href":"https:\/\/admjc38.org\/index.php\/wp-json\/wp\/v2\/types\/job_listing"}],"author":[{"embeddable":true,"href":"https:\/\/admjc38.org\/index.php\/wp-json\/wp\/v2\/users\/3"}],"wp:featuredmedia":[{"embeddable":true,"href":"https:\/\/admjc38.org\/index.php\/wp-json\/wp\/v2\/media\/941"}],"wp:attachment":[{"href":"https:\/\/admjc38.org\/index.php\/wp-json\/wp\/v2\/media?parent=939"}],"wp:term":[{"taxonomy":"job_listing_type","embeddable":true,"href":"https:\/\/admjc38.org\/index.php\/wp-json\/wp\/v2\/job-types?post=939"}],"curies":[{"name":"wp","href":"https:\/\/api.w.org\/{rel}","templated":true}]}}