{"id":969,"date":"2026-02-27T16:34:07","date_gmt":"2026-02-27T15:34:07","guid":{"rendered":"https:\/\/admjc38.org\/?post_type=job_listing&#038;p=969"},"modified":"2026-02-27T16:34:07","modified_gmt":"2026-02-27T15:34:07","slug":"directeur-ice-de-la-mjc-de-voreppe-le-spot","status":"publish","type":"job_listing","link":"https:\/\/admjc38.org\/index.php\/poste\/directeur-ice-de-la-mjc-de-voreppe-le-spot\/","title":{"rendered":"Directeur.ice de la MJC de Voreppe (le Spot)"},"content":{"rendered":"<p>La MJC Maison Pour Tous de Voreppe est une association loi 1901, agr\u00e9\u00e9e d\u2019\u00e9ducation populaire, inscrite dans le mouvement des Maisons des Jeunes et de la Culture. Depuis sa cr\u00e9ation en 1954, la MJC porte un v\u00e9ritable esprit d\u2019innovation et d\u00e9veloppe des actions en constante \u00e9volution, en lien avec les besoins des habitants et les enjeux du territoire. Structure tr\u00e8s active, elle occupe aujourd\u2019hui une place \u00e0 part dans le paysage socio-culturel de la ville de Voreppe (bassin de 10 000 habitants).<\/p>\n<p>Elle regroupe 650 adh\u00e9rents, 15 salari\u00e9s (dont 5 salari\u00e9s permanents et 10 animateurs techniciens d\u2019activit\u00e9s), 13 prestataires ainsi qu\u2019une quarantaine de b\u00e9n\u00e9voles. La MJC de Voreppe propose une offre d\u2019actions et de services vari\u00e9s tout au long de l\u2019ann\u00e9e, destin\u00e9s \u00e0 un large public : enfants, adolescents, jeunes adultes, adultes et familles.<\/p>\n<p>La MJC oeuvre \u00e0 renforcer la citoyennet\u00e9, encourager la prise d\u2019initiatives, et favoriser les rencontres interg\u00e9n\u00e9rationnelles et interculturelles, inscrivant ainsi ses projets dans une dynamique de d\u00e9veloppement social et culturel local.<\/p>\n<p>Plus d\u2019information sur :https:\/\/mjc-voreppe.fr\/<\/p>\n<p>Dans le cadre du prochain d\u00e9part de la directrice pour projet personnel, la MJC cherche \u00e0 recruter son nouveau directeur,rice.<\/p>\n<p><strong>DESCRIPTION DU POSTE<\/strong><br \/>\nDans le contexte de l\u2019\u00e9volution de son projet, la MJC cherche un nouveau responsable pour piloter la structure et assurer la coordination de l\u2019\u00e9quipe.<br \/>\nSous l\u2019autorit\u00e9 et en \u00e9troite collaboration avec le conseil d\u2019administration de l\u2019association, et en lien avec l\u2019\u00e9quipe salari\u00e9e ; le directrice,teur aura pour missions de :<br \/>\n\u2022 Contribuer \u00e0 l\u2019\u00e9laboration et \u00e0 la mise en oeuvre du projet associatif<br \/>\n&#8211; En lien avec le CA, \u00eatre force de proposition et partie prenante de la transformation du projet en permettant sa traduction op\u00e9rationnelle, et f\u00e9d\u00e9rer les \u00e9quipes et les partenaires autour de celui-ci<br \/>\n&#8211; Assurer un lien r\u00e9gulier avec le CA et le bureau, pour permettre \u00e0 ceux-ci de prendre des d\u00e9cisions \u00e9clair\u00e9es<br \/>\n&#8211; Construire la programmation et organiser les activit\u00e9s de la MJC<br \/>\n&#8211; Elaborer une strat\u00e9gie de communication interne et externe et suivre sa r\u00e9alisation<\/p>\n<p>\u2022 G\u00e9rer les ressources humaines, coordonner l\u2019\u00e9quipe et contribuer \u00e0 l\u2019animation de la vie collective dans leurs dimensions strat\u00e9giques administratives et op\u00e9rationnelles<br \/>\n&#8211; Accompagner le CA sur la d\u00e9finition de la strat\u00e9gie RH<br \/>\n&#8211; Manager l\u2019\u00e9quipe, la soutenir dans ses missions et accompagner son \u00e9volution<br \/>\n&#8211; Piloter la gestion des ressources humaines<br \/>\n&#8211; Favoriser la dynamique collective, animer l\u2019\u00e9quipe de b\u00e9n\u00e9voles et les temps forts de l\u2019association<\/p>\n<p>\u2022 D\u00e9velopper les relations avec les partenaires et int\u00e9grer le projet dans la vie associative et socio-culturelle du territoire<br \/>\n&#8211; Suivre et d\u00e9velopper les relations avec les partenaires institutionnels du territoire, les tutelles et le r\u00e9seau des MJC<br \/>\n&#8211; \u00catre en veille active et participer \u00e0 des \u00e9v\u00e8nements de l\u2019environnement socio-culturel et associatif, et repr\u00e9senter la MJC dans l\u2019\u00e9cosyst\u00e8me du territoire<br \/>\n&#8211; Organiser la recherche de financements et la r\u00e9ponse aux appels \u00e0 projets<\/p>\n<p>\u2022 Contribuer \u00e0 la consolidation du mod\u00e8le socio-\u00e9conomique et \u00e0 la s\u00e9curisation des proc\u00e9dures administratives<br \/>\n&#8211; En lien avec les instances de l\u2019association, assurer l\u2019\u00e9laboration, le suivi et le pilotage financier et budg\u00e9taire de l\u2019association<br \/>\n&#8211; D\u00e9velopper des outils et m\u00e9thodes permettant de consolider la gestion de la structure<br \/>\n&#8211; Assurer la gestion administrative et financi\u00e8re de la MJC<br \/>\n&#8211; Garantir la s\u00e9curit\u00e9 et le respect des normes en mettant en place des proc\u00e9dures adapt\u00e9es aux activit\u00e9s et aux personnes accueillies \u00e0 la MJC<\/p>\n<p><strong>PROFIL RECHERCHE<\/strong><br \/>\nEnthousiaste \u00e0 l\u2019id\u00e9e de vous engager dans un projet collectif avec un fort impact social sur son territoire, vous souhaitez proposer des solutions pour contribuer \u00e0 son d\u00e9veloppement et \u00e0 son rayonnement.<br \/>\nVotre formation de niveau Bac +3 (DESJEPS est un plus) ou vos exp\u00e9riences sur un poste \u00e9quivalent vous ont apport\u00e9 une bonne compr\u00e9hension du milieu associatif et socio-culturel sur lequel vous pratiquez une veille r\u00e9guli\u00e8re, ainsi qu\u2019une ma\u00eetrise des outils budg\u00e9taires, RH et administratifs. Vous disposez par ailleurs de bonnes qualit\u00e9s r\u00e9dactionnelles et de comp\u00e9tences en communication.<br \/>\nDiplomate, sachant faire preuve de souplesse et d\u2019\u00e9coute, vous avez le go\u00fbt du travail en \u00e9quipe, et vos qualit\u00e9s relationnelles sont un atout pour r\u00e9ussir cette mission !<\/p>\n<p><strong>INFORMATIONS COMPL\u00c9MENTAIRES<\/strong><br \/>\nType de contrat : CDI temps plein. Forfait 215 jours selon convention.<br \/>\nR\u00e9mun\u00e9ration envisag\u00e9e : Convention collective ECLAT \u2013 A partir du groupe G et selon profil.<br \/>\nPrise de fonction : Poste \u00e0 pouvoir \u00e0 partir du 15 mai<\/p>\n<p>Autres :<br \/>\n&#8211; Quelques d\u00e9placements peuvent \u00eatre \u00e0 pr\u00e9voir dans la r\u00e9gion aupr\u00e8s des acteurs du r\u00e9seau<br \/>\n&#8211; Disponibilit\u00e9s en soir\u00e9e et les week-ends de mani\u00e8re ponctuelle<br \/>\n&#8211; Permis B n\u00e9cessaire<\/p>\n<p>CV et lettre de motivation \u00e0 adresser \u00e0 : recrutement@mjc-voreppe.fr jusqu\u2019au 1er mars 2026.<br \/>\nUne prise de r\u00e9f\u00e9rences professionnelles pourra \u00eatre effectu\u00e9e en fin de processus de recrutement, avec l\u2019accord du\/de la candidat\u00b7e.<\/p>\n","protected":false},"author":3,"featured_media":452,"template":"","meta":{"_promoted":"","_job_location":"Voreppe","_application":"recrutement@mjc-voreppe.fr","_company_name":"","_company_website":"https:\/\/mjc-voreppe.fr\/","_company_tagline":"","_company_twitter":"","_company_video":"","_filled":0,"_featured":1,"_remote_position":0,"_job_salary":"","_job_salary_currency":"","_job_salary_unit":""},"job-types":[18],"class_list":{"0":"post-969","1":"job_listing","2":"type-job_listing","3":"status-publish","4":"has-post-thumbnail","5":"hentry","7":"job-type-cdi","8":"job_position_featured"},"yoast_head":"<!-- This site is optimized with the Yoast SEO plugin v24.8 - https:\/\/yoast.com\/wordpress\/plugins\/seo\/ -->\n<title>Directeur.ice de la MJC de Voreppe (le Spot) - AD MJC 38<\/title>\n<meta name=\"robots\" content=\"index, follow, max-snippet:-1, max-image-preview:large, max-video-preview:-1\" \/>\n<link rel=\"canonical\" href=\"https:\/\/admjc38.org\/index.php\/poste\/directeur-ice-de-la-mjc-de-voreppe-le-spot\/\" \/>\n<meta property=\"og:locale\" content=\"fr_FR\" \/>\n<meta property=\"og:type\" content=\"article\" \/>\n<meta property=\"og:title\" content=\"Directeur.ice de la MJC de Voreppe (le Spot) - AD MJC 38\" \/>\n<meta property=\"og:description\" content=\"La MJC Maison Pour Tous de Voreppe est une association loi 1901, agr\u00e9\u00e9e d\u2019\u00e9ducation populaire, inscrite dans le mouvement des Maisons des [&hellip;]\" \/>\n<meta property=\"og:url\" content=\"https:\/\/admjc38.org\/index.php\/poste\/directeur-ice-de-la-mjc-de-voreppe-le-spot\/\" \/>\n<meta property=\"og:site_name\" content=\"AD MJC 38\" \/>\n<meta property=\"og:image\" content=\"http:\/\/admjc38.org\/wp-content\/uploads\/2025\/03\/LOGO-PRINCIPAL-V1@4x-en-tete-.png\" \/>\n\t<meta property=\"og:image:width\" content=\"1535\" \/>\n\t<meta property=\"og:image:height\" content=\"1781\" \/>\n\t<meta property=\"og:image:type\" content=\"image\/png\" \/>\n<meta name=\"twitter:card\" content=\"summary_large_image\" \/>\n<meta name=\"twitter:label1\" content=\"Dur\u00e9e de lecture estim\u00e9e\" \/>\n\t<meta name=\"twitter:data1\" content=\"5 minutes\" \/>\n<script type=\"application\/ld+json\" class=\"yoast-schema-graph\">{\"@context\":\"https:\/\/schema.org\",\"@graph\":[{\"@type\":\"WebPage\",\"@id\":\"https:\/\/admjc38.org\/index.php\/poste\/directeur-ice-de-la-mjc-de-voreppe-le-spot\/\",\"url\":\"https:\/\/admjc38.org\/index.php\/poste\/directeur-ice-de-la-mjc-de-voreppe-le-spot\/\",\"name\":\"Directeur.ice de la MJC de Voreppe (le Spot) - AD MJC 38\",\"isPartOf\":{\"@id\":\"https:\/\/admjc38.org\/#website\"},\"primaryImageOfPage\":{\"@id\":\"https:\/\/admjc38.org\/index.php\/poste\/directeur-ice-de-la-mjc-de-voreppe-le-spot\/#primaryimage\"},\"image\":{\"@id\":\"https:\/\/admjc38.org\/index.php\/poste\/directeur-ice-de-la-mjc-de-voreppe-le-spot\/#primaryimage\"},\"thumbnailUrl\":\"https:\/\/admjc38.org\/wp-content\/uploads\/2025\/03\/LOGO-PRINCIPAL-V1@4x-en-tete-.png\",\"datePublished\":\"2026-02-27T15:34:07+00:00\",\"breadcrumb\":{\"@id\":\"https:\/\/admjc38.org\/index.php\/poste\/directeur-ice-de-la-mjc-de-voreppe-le-spot\/#breadcrumb\"},\"inLanguage\":\"fr-FR\",\"potentialAction\":[{\"@type\":\"ReadAction\",\"target\":[\"https:\/\/admjc38.org\/index.php\/poste\/directeur-ice-de-la-mjc-de-voreppe-le-spot\/\"]}]},{\"@type\":\"ImageObject\",\"inLanguage\":\"fr-FR\",\"@id\":\"https:\/\/admjc38.org\/index.php\/poste\/directeur-ice-de-la-mjc-de-voreppe-le-spot\/#primaryimage\",\"url\":\"https:\/\/admjc38.org\/wp-content\/uploads\/2025\/03\/LOGO-PRINCIPAL-V1@4x-en-tete-.png\",\"contentUrl\":\"https:\/\/admjc38.org\/wp-content\/uploads\/2025\/03\/LOGO-PRINCIPAL-V1@4x-en-tete-.png\",\"width\":1535,\"height\":1781},{\"@type\":\"BreadcrumbList\",\"@id\":\"https:\/\/admjc38.org\/index.php\/poste\/directeur-ice-de-la-mjc-de-voreppe-le-spot\/#breadcrumb\",\"itemListElement\":[{\"@type\":\"ListItem\",\"position\":1,\"name\":\"Accueil\",\"item\":\"https:\/\/admjc38.org\/\"},{\"@type\":\"ListItem\",\"position\":2,\"name\":\"Directeur.ice de la MJC de Voreppe (le Spot)\"}]},{\"@type\":\"WebSite\",\"@id\":\"https:\/\/admjc38.org\/#website\",\"url\":\"https:\/\/admjc38.org\/\",\"name\":\"AD MJC 38\",\"description\":\"Le site des Maisons des Jeunes et de la Culture de l\u2019Is\u00e8re\u00a0\",\"publisher\":{\"@id\":\"https:\/\/admjc38.org\/#organization\"},\"potentialAction\":[{\"@type\":\"SearchAction\",\"target\":{\"@type\":\"EntryPoint\",\"urlTemplate\":\"https:\/\/admjc38.org\/?s={search_term_string}\"},\"query-input\":{\"@type\":\"PropertyValueSpecification\",\"valueRequired\":true,\"valueName\":\"search_term_string\"}}],\"inLanguage\":\"fr-FR\"},{\"@type\":\"Organization\",\"@id\":\"https:\/\/admjc38.org\/#organization\",\"name\":\"Association D\u00e9partementale des Maisons des Jeunes et de la Culture de l'Is\u00e8re\",\"url\":\"https:\/\/admjc38.org\/\",\"logo\":{\"@type\":\"ImageObject\",\"inLanguage\":\"fr-FR\",\"@id\":\"https:\/\/admjc38.org\/#\/schema\/logo\/image\/\",\"url\":\"https:\/\/admjc38.org\/wp-content\/uploads\/2024\/01\/Logo-AD-MJC-38.png\",\"contentUrl\":\"https:\/\/admjc38.org\/wp-content\/uploads\/2024\/01\/Logo-AD-MJC-38.png\",\"width\":441,\"height\":701,\"caption\":\"Association D\u00e9partementale des Maisons des Jeunes et de la Culture de l'Is\u00e8re\"},\"image\":{\"@id\":\"https:\/\/admjc38.org\/#\/schema\/logo\/image\/\"}}]}<\/script>\n<!-- \/ Yoast SEO plugin. -->","yoast_head_json":{"title":"Directeur.ice de la MJC de Voreppe (le Spot) - AD MJC 38","robots":{"index":"index","follow":"follow","max-snippet":"max-snippet:-1","max-image-preview":"max-image-preview:large","max-video-preview":"max-video-preview:-1"},"canonical":"https:\/\/admjc38.org\/index.php\/poste\/directeur-ice-de-la-mjc-de-voreppe-le-spot\/","og_locale":"fr_FR","og_type":"article","og_title":"Directeur.ice de la MJC de Voreppe (le Spot) - AD MJC 38","og_description":"La MJC Maison Pour Tous de Voreppe est une association loi 1901, agr\u00e9\u00e9e d\u2019\u00e9ducation populaire, inscrite dans le mouvement des Maisons des [&hellip;]","og_url":"https:\/\/admjc38.org\/index.php\/poste\/directeur-ice-de-la-mjc-de-voreppe-le-spot\/","og_site_name":"AD MJC 38","og_image":[{"width":1535,"height":1781,"url":"http:\/\/admjc38.org\/wp-content\/uploads\/2025\/03\/LOGO-PRINCIPAL-V1@4x-en-tete-.png","type":"image\/png"}],"twitter_card":"summary_large_image","twitter_misc":{"Dur\u00e9e de lecture estim\u00e9e":"5 minutes"},"schema":{"@context":"https:\/\/schema.org","@graph":[{"@type":"WebPage","@id":"https:\/\/admjc38.org\/index.php\/poste\/directeur-ice-de-la-mjc-de-voreppe-le-spot\/","url":"https:\/\/admjc38.org\/index.php\/poste\/directeur-ice-de-la-mjc-de-voreppe-le-spot\/","name":"Directeur.ice de la MJC de Voreppe (le Spot) - AD MJC 38","isPartOf":{"@id":"https:\/\/admjc38.org\/#website"},"primaryImageOfPage":{"@id":"https:\/\/admjc38.org\/index.php\/poste\/directeur-ice-de-la-mjc-de-voreppe-le-spot\/#primaryimage"},"image":{"@id":"https:\/\/admjc38.org\/index.php\/poste\/directeur-ice-de-la-mjc-de-voreppe-le-spot\/#primaryimage"},"thumbnailUrl":"https:\/\/admjc38.org\/wp-content\/uploads\/2025\/03\/LOGO-PRINCIPAL-V1@4x-en-tete-.png","datePublished":"2026-02-27T15:34:07+00:00","breadcrumb":{"@id":"https:\/\/admjc38.org\/index.php\/poste\/directeur-ice-de-la-mjc-de-voreppe-le-spot\/#breadcrumb"},"inLanguage":"fr-FR","potentialAction":[{"@type":"ReadAction","target":["https:\/\/admjc38.org\/index.php\/poste\/directeur-ice-de-la-mjc-de-voreppe-le-spot\/"]}]},{"@type":"ImageObject","inLanguage":"fr-FR","@id":"https:\/\/admjc38.org\/index.php\/poste\/directeur-ice-de-la-mjc-de-voreppe-le-spot\/#primaryimage","url":"https:\/\/admjc38.org\/wp-content\/uploads\/2025\/03\/LOGO-PRINCIPAL-V1@4x-en-tete-.png","contentUrl":"https:\/\/admjc38.org\/wp-content\/uploads\/2025\/03\/LOGO-PRINCIPAL-V1@4x-en-tete-.png","width":1535,"height":1781},{"@type":"BreadcrumbList","@id":"https:\/\/admjc38.org\/index.php\/poste\/directeur-ice-de-la-mjc-de-voreppe-le-spot\/#breadcrumb","itemListElement":[{"@type":"ListItem","position":1,"name":"Accueil","item":"https:\/\/admjc38.org\/"},{"@type":"ListItem","position":2,"name":"Directeur.ice de la MJC de Voreppe (le Spot)"}]},{"@type":"WebSite","@id":"https:\/\/admjc38.org\/#website","url":"https:\/\/admjc38.org\/","name":"AD MJC 38","description":"Le site des Maisons des Jeunes et de la Culture de l\u2019Is\u00e8re\u00a0","publisher":{"@id":"https:\/\/admjc38.org\/#organization"},"potentialAction":[{"@type":"SearchAction","target":{"@type":"EntryPoint","urlTemplate":"https:\/\/admjc38.org\/?s={search_term_string}"},"query-input":{"@type":"PropertyValueSpecification","valueRequired":true,"valueName":"search_term_string"}}],"inLanguage":"fr-FR"},{"@type":"Organization","@id":"https:\/\/admjc38.org\/#organization","name":"Association D\u00e9partementale des Maisons des Jeunes et de la Culture de l'Is\u00e8re","url":"https:\/\/admjc38.org\/","logo":{"@type":"ImageObject","inLanguage":"fr-FR","@id":"https:\/\/admjc38.org\/#\/schema\/logo\/image\/","url":"https:\/\/admjc38.org\/wp-content\/uploads\/2024\/01\/Logo-AD-MJC-38.png","contentUrl":"https:\/\/admjc38.org\/wp-content\/uploads\/2024\/01\/Logo-AD-MJC-38.png","width":441,"height":701,"caption":"Association D\u00e9partementale des Maisons des Jeunes et de la Culture de l'Is\u00e8re"},"image":{"@id":"https:\/\/admjc38.org\/#\/schema\/logo\/image\/"}}]}},"_links":{"self":[{"href":"https:\/\/admjc38.org\/index.php\/wp-json\/wp\/v2\/job-listings\/969","targetHints":{"allow":["GET"]}}],"collection":[{"href":"https:\/\/admjc38.org\/index.php\/wp-json\/wp\/v2\/job-listings"}],"about":[{"href":"https:\/\/admjc38.org\/index.php\/wp-json\/wp\/v2\/types\/job_listing"}],"author":[{"embeddable":true,"href":"https:\/\/admjc38.org\/index.php\/wp-json\/wp\/v2\/users\/3"}],"wp:featuredmedia":[{"embeddable":true,"href":"https:\/\/admjc38.org\/index.php\/wp-json\/wp\/v2\/media\/452"}],"wp:attachment":[{"href":"https:\/\/admjc38.org\/index.php\/wp-json\/wp\/v2\/media?parent=969"}],"wp:term":[{"taxonomy":"job_listing_type","embeddable":true,"href":"https:\/\/admjc38.org\/index.php\/wp-json\/wp\/v2\/job-types?post=969"}],"curies":[{"name":"wp","href":"https:\/\/api.w.org\/{rel}","templated":true}]}}