{"id":971,"date":"2026-03-16T19:21:19","date_gmt":"2026-03-16T18:21:19","guid":{"rendered":"https:\/\/admjc38.org\/?post_type=job_listing&#038;p=971"},"modified":"2026-03-16T19:24:48","modified_gmt":"2026-03-16T18:24:48","slug":"animateur-ice-jeunes","status":"publish","type":"job_listing","link":"https:\/\/admjc38.org\/index.php\/poste\/animateur-ice-jeunes\/","title":{"rendered":"Animateur.ice jeunesse"},"content":{"rendered":"<p><strong>La MJC des Allobroges recrute un.e animateur.ice jeunesse.<\/strong><\/p>\n<p>Le secteur jeune de la MJC des Allobroges a la vocation de participer au d\u00e9veloppement du public jeune gr\u00e2ce \u00e0 la mise en place d&rsquo;un certain nombre d&rsquo;actions et d&rsquo;activit\u00e9s favorisant, la socialisation l&rsquo;autonomie, le d\u00e9veloppement physique et culturel.<\/p>\n<p>Le secteur jeunes de la MJC intervient principalement sur le secteur 2 de la ville de Grenoble.<\/p>\n<p>Il comprend un accueil de jeunes sous forme de foyer, en diff\u00e9renciant les jeunes de 11-14 ans et ceux de 14-17 ans. Il comprend aussi des s\u00e9jours sur toutes les p\u00e9riodes de vacances. L&rsquo;animateur.ice jeunes anime le foyer de la MJC, encadre les activit\u00e9s jeunesse pendant les vacances, les sorties \u00e0 la 1\/2 ou la journ\u00e9e, et dirige et\/ou encadre les s\u00e9jours pendant les vacances.<\/p>\n<p>Il recherche de nouveaux publics en allant \u00e0 rencontre de publics moins captifs et en mettant en place de nouveaux projets.<\/p>\n<p>Il met en place des actions artistiques et culturelles en direction des jeunes en d\u00e9veloppant des projets, des pratiques, en les faisant participer les jeunes \u00e0 des en \u00e9v\u00e8nements (concerts, spectacles, expositions, manifestations\u2026).<\/p>\n<p>Il intervient au foyer socio-\u00e9ducatif du coll\u00e8ge Stendhal et ponctuellement dans le cadre d&rsquo;actions de pr\u00e9vention (addiction, respect&#8230;).<\/p>\n<p>Il intervient sur le quartier \u00ab\u00a0QPV\u00a0\u00bb (Quartier Politique de la Ville) Alma, Tr\u00e8s Clo\u00eetre en participant aux animations de quartier.Il peut intervenir ponctuellement sur le projet jeune en montagne.<\/p>\n<p>&nbsp;<\/p>\n<p><strong>Principales missions du poste :<\/strong><\/p>\n<ul>\n<li>Encadrer les activit\u00e9s jeunesse de la MJC<\/li>\n<li>Aller vers de nouveaux publics<\/li>\n<li>Co-\u00e9laborer les actions et les projets en direction d&rsquo;un public jeune<\/li>\n<li>Accompagner, faire grandir et promouvoir les projets de jeunes<\/li>\n<li>Assurer la relation avec les parents<\/li>\n<li>Participer au d\u00e9veloppement du secteur jeunesse par la mise en place de nouveaux projets.<\/li>\n<\/ul>\n<p>&nbsp;<\/p>\n<p><strong>Comp\u00e9tences et qualit\u00e9s requises :<\/strong><\/p>\n<ul>\n<li>Bien connaitre les diff\u00e9rentes \u00e9tapes du d\u00e9veloppement de l&rsquo;adolescent et des particularit\u00e9s du public notamment en quartier prioritaire de la ville et de la vie collective.<\/li>\n<li>Bonne exp\u00e9rience d&rsquo;encadrement de s\u00e9jours adolescents<\/li>\n<li>Bonne capacit\u00e9 r\u00e9dactionnelle notamment avec le public adolescent et capacit\u00e9 \u00e0 aller vers un nouveau public.<\/li>\n<li>Savoir \u00eatre \u00e0 l&rsquo;\u00e9coute, analyser les demandes.<\/li>\n<li>Savoir encadrer, animer et coordonner une petite \u00e9quipe d&rsquo;animateurs occasionnels<\/li>\n<li>Bonne connaissance du fonctionnement de la vie associative notamment des associations d&rsquo;\u00e9ducation populaire et en partager ses valeurs<\/li>\n<li>Bonne connaissance de la r\u00e8glementation ALSH CVL<\/li>\n<li>Bonne connaissance des pratiques culturelles et artistique des jeunes<\/li>\n<li>\u00catre en capacit\u00e9 d&rsquo;\u00e9laborer des outils de communication des actions (tracts, affichage hall et autres, info site, r\u00e9seaux sociaux)<\/li>\n<li>Bonne maitrise des Outils bureautiques (Word, Excel, logiciel de mise en page &#8230;) et de communication (site internet, r\u00e9seaux sociaux&#8230;)<\/li>\n<li>Pratique du ski. Int\u00e9r\u00eat pour la culture (musique, cin\u00e9ma, arts plastiques, litt\u00e9rature&#8230;) est souhait\u00e9<\/li>\n<\/ul>\n<p>&nbsp;<\/p>\n<p><strong>Profil et formation :<\/strong><\/p>\n<p>Dipl\u00f4me de l&rsquo;animation et\/ou de la direction d&rsquo;un accueil de collectifs de mineurs<\/p>\n<p>Niveau de formation : BAFD<\/p>\n<p>Exp\u00e9rience dans l&rsquo;encadrement d&rsquo;activit\u00e9s adolescent<\/p>\n<p>&nbsp;<\/p>\n<p><strong>Conditions du poste :<\/strong><\/p>\n<p>Temps complet avec modulation, CDD en remplacement d&rsquo;un arr\u00eat, salaire sur la base de la CCNA, classification reprise d&rsquo;anciennet\u00e9 soit un salaire brut de 1777 \u00e0 1907\u20ac hors anciennet\u00e9.<\/p>\n<p><span style=\"color: #ff0000;\">Poste \u00e0 pourvoir d\u00e8s que possible<\/span><\/p>\n<p>&nbsp;<\/p>\n<p>Envoyer CV et lettre de motivation \u00e0 :<\/p>\n<p>Madame La Pr\u00e9sidente Maison des Jeunes et de Culture des Allobroges<\/p>\n<p>1 rue Hauquelin 38000 Grenoble<\/p>\n<p>mjc.allobroges@wanadoo.fr<\/p>\n","protected":false},"author":3,"featured_media":972,"template":"","meta":{"_promoted":"","_job_location":"Grenoble","_application":"mjc.allobroges@wanadoo.fr","_company_name":"MJC des Allobroges","_company_website":"https:\/\/mjc-allobroges.org\/","_company_tagline":"","_company_twitter":"","_company_video":"","_filled":0,"_featured":1,"_remote_position":0,"_job_salary":"","_job_salary_currency":"","_job_salary_unit":""},"job-types":[14],"class_list":{"0":"post-971","1":"job_listing","2":"type-job_listing","3":"status-publish","4":"has-post-thumbnail","5":"hentry","7":"job-type-cdd","8":"job_position_featured"},"yoast_head":"<!-- This site is optimized with the Yoast SEO plugin v24.8 - https:\/\/yoast.com\/wordpress\/plugins\/seo\/ -->\n<title>Animateur.ice jeunesse - AD MJC 38<\/title>\n<meta name=\"robots\" content=\"index, follow, max-snippet:-1, max-image-preview:large, max-video-preview:-1\" \/>\n<link rel=\"canonical\" href=\"https:\/\/admjc38.org\/index.php\/poste\/animateur-ice-jeunes\/\" \/>\n<meta property=\"og:locale\" content=\"fr_FR\" \/>\n<meta property=\"og:type\" content=\"article\" \/>\n<meta property=\"og:title\" content=\"Animateur.ice jeunesse - AD MJC 38\" \/>\n<meta property=\"og:description\" content=\"La MJC des Allobroges recrute un.e animateur.ice jeunesse. Le secteur jeune de la MJC des Allobroges a la vocation de participer au [&hellip;]\" \/>\n<meta property=\"og:url\" content=\"https:\/\/admjc38.org\/index.php\/poste\/animateur-ice-jeunes\/\" \/>\n<meta property=\"og:site_name\" content=\"AD MJC 38\" \/>\n<meta property=\"article:modified_time\" content=\"2026-03-16T18:24:48+00:00\" \/>\n<meta property=\"og:image\" content=\"http:\/\/admjc38.org\/wp-content\/uploads\/2026\/03\/logo-Allo.jpg\" \/>\n\t<meta property=\"og:image:width\" content=\"234\" \/>\n\t<meta property=\"og:image:height\" content=\"131\" \/>\n\t<meta property=\"og:image:type\" content=\"image\/jpeg\" \/>\n<meta name=\"twitter:card\" content=\"summary_large_image\" \/>\n<meta name=\"twitter:label1\" content=\"Dur\u00e9e de lecture estim\u00e9e\" \/>\n\t<meta name=\"twitter:data1\" content=\"3 minutes\" \/>\n<script type=\"application\/ld+json\" class=\"yoast-schema-graph\">{\"@context\":\"https:\/\/schema.org\",\"@graph\":[{\"@type\":\"WebPage\",\"@id\":\"https:\/\/admjc38.org\/index.php\/poste\/animateur-ice-jeunes\/\",\"url\":\"https:\/\/admjc38.org\/index.php\/poste\/animateur-ice-jeunes\/\",\"name\":\"Animateur.ice jeunesse - AD MJC 38\",\"isPartOf\":{\"@id\":\"https:\/\/admjc38.org\/#website\"},\"primaryImageOfPage\":{\"@id\":\"https:\/\/admjc38.org\/index.php\/poste\/animateur-ice-jeunes\/#primaryimage\"},\"image\":{\"@id\":\"https:\/\/admjc38.org\/index.php\/poste\/animateur-ice-jeunes\/#primaryimage\"},\"thumbnailUrl\":\"https:\/\/admjc38.org\/wp-content\/uploads\/2026\/03\/logo-Allo.jpg\",\"datePublished\":\"2026-03-16T18:21:19+00:00\",\"dateModified\":\"2026-03-16T18:24:48+00:00\",\"breadcrumb\":{\"@id\":\"https:\/\/admjc38.org\/index.php\/poste\/animateur-ice-jeunes\/#breadcrumb\"},\"inLanguage\":\"fr-FR\",\"potentialAction\":[{\"@type\":\"ReadAction\",\"target\":[\"https:\/\/admjc38.org\/index.php\/poste\/animateur-ice-jeunes\/\"]}]},{\"@type\":\"ImageObject\",\"inLanguage\":\"fr-FR\",\"@id\":\"https:\/\/admjc38.org\/index.php\/poste\/animateur-ice-jeunes\/#primaryimage\",\"url\":\"https:\/\/admjc38.org\/wp-content\/uploads\/2026\/03\/logo-Allo.jpg\",\"contentUrl\":\"https:\/\/admjc38.org\/wp-content\/uploads\/2026\/03\/logo-Allo.jpg\",\"width\":234,\"height\":131},{\"@type\":\"BreadcrumbList\",\"@id\":\"https:\/\/admjc38.org\/index.php\/poste\/animateur-ice-jeunes\/#breadcrumb\",\"itemListElement\":[{\"@type\":\"ListItem\",\"position\":1,\"name\":\"Accueil\",\"item\":\"https:\/\/admjc38.org\/\"},{\"@type\":\"ListItem\",\"position\":2,\"name\":\"Animateur.ice jeunesse\"}]},{\"@type\":\"WebSite\",\"@id\":\"https:\/\/admjc38.org\/#website\",\"url\":\"https:\/\/admjc38.org\/\",\"name\":\"AD MJC 38\",\"description\":\"Le site des Maisons des Jeunes et de la Culture de l\u2019Is\u00e8re\u00a0\",\"publisher\":{\"@id\":\"https:\/\/admjc38.org\/#organization\"},\"potentialAction\":[{\"@type\":\"SearchAction\",\"target\":{\"@type\":\"EntryPoint\",\"urlTemplate\":\"https:\/\/admjc38.org\/?s={search_term_string}\"},\"query-input\":{\"@type\":\"PropertyValueSpecification\",\"valueRequired\":true,\"valueName\":\"search_term_string\"}}],\"inLanguage\":\"fr-FR\"},{\"@type\":\"Organization\",\"@id\":\"https:\/\/admjc38.org\/#organization\",\"name\":\"Association D\u00e9partementale des Maisons des Jeunes et de la Culture de l'Is\u00e8re\",\"url\":\"https:\/\/admjc38.org\/\",\"logo\":{\"@type\":\"ImageObject\",\"inLanguage\":\"fr-FR\",\"@id\":\"https:\/\/admjc38.org\/#\/schema\/logo\/image\/\",\"url\":\"https:\/\/admjc38.org\/wp-content\/uploads\/2024\/01\/Logo-AD-MJC-38.png\",\"contentUrl\":\"https:\/\/admjc38.org\/wp-content\/uploads\/2024\/01\/Logo-AD-MJC-38.png\",\"width\":441,\"height\":701,\"caption\":\"Association D\u00e9partementale des Maisons des Jeunes et de la Culture de l'Is\u00e8re\"},\"image\":{\"@id\":\"https:\/\/admjc38.org\/#\/schema\/logo\/image\/\"}}]}<\/script>\n<!-- \/ Yoast SEO plugin. -->","yoast_head_json":{"title":"Animateur.ice jeunesse - AD MJC 38","robots":{"index":"index","follow":"follow","max-snippet":"max-snippet:-1","max-image-preview":"max-image-preview:large","max-video-preview":"max-video-preview:-1"},"canonical":"https:\/\/admjc38.org\/index.php\/poste\/animateur-ice-jeunes\/","og_locale":"fr_FR","og_type":"article","og_title":"Animateur.ice jeunesse - AD MJC 38","og_description":"La MJC des Allobroges recrute un.e animateur.ice jeunesse. Le secteur jeune de la MJC des Allobroges a la vocation de participer au [&hellip;]","og_url":"https:\/\/admjc38.org\/index.php\/poste\/animateur-ice-jeunes\/","og_site_name":"AD MJC 38","article_modified_time":"2026-03-16T18:24:48+00:00","og_image":[{"width":234,"height":131,"url":"http:\/\/admjc38.org\/wp-content\/uploads\/2026\/03\/logo-Allo.jpg","type":"image\/jpeg"}],"twitter_card":"summary_large_image","twitter_misc":{"Dur\u00e9e de lecture estim\u00e9e":"3 minutes"},"schema":{"@context":"https:\/\/schema.org","@graph":[{"@type":"WebPage","@id":"https:\/\/admjc38.org\/index.php\/poste\/animateur-ice-jeunes\/","url":"https:\/\/admjc38.org\/index.php\/poste\/animateur-ice-jeunes\/","name":"Animateur.ice jeunesse - AD MJC 38","isPartOf":{"@id":"https:\/\/admjc38.org\/#website"},"primaryImageOfPage":{"@id":"https:\/\/admjc38.org\/index.php\/poste\/animateur-ice-jeunes\/#primaryimage"},"image":{"@id":"https:\/\/admjc38.org\/index.php\/poste\/animateur-ice-jeunes\/#primaryimage"},"thumbnailUrl":"https:\/\/admjc38.org\/wp-content\/uploads\/2026\/03\/logo-Allo.jpg","datePublished":"2026-03-16T18:21:19+00:00","dateModified":"2026-03-16T18:24:48+00:00","breadcrumb":{"@id":"https:\/\/admjc38.org\/index.php\/poste\/animateur-ice-jeunes\/#breadcrumb"},"inLanguage":"fr-FR","potentialAction":[{"@type":"ReadAction","target":["https:\/\/admjc38.org\/index.php\/poste\/animateur-ice-jeunes\/"]}]},{"@type":"ImageObject","inLanguage":"fr-FR","@id":"https:\/\/admjc38.org\/index.php\/poste\/animateur-ice-jeunes\/#primaryimage","url":"https:\/\/admjc38.org\/wp-content\/uploads\/2026\/03\/logo-Allo.jpg","contentUrl":"https:\/\/admjc38.org\/wp-content\/uploads\/2026\/03\/logo-Allo.jpg","width":234,"height":131},{"@type":"BreadcrumbList","@id":"https:\/\/admjc38.org\/index.php\/poste\/animateur-ice-jeunes\/#breadcrumb","itemListElement":[{"@type":"ListItem","position":1,"name":"Accueil","item":"https:\/\/admjc38.org\/"},{"@type":"ListItem","position":2,"name":"Animateur.ice jeunesse"}]},{"@type":"WebSite","@id":"https:\/\/admjc38.org\/#website","url":"https:\/\/admjc38.org\/","name":"AD MJC 38","description":"Le site des Maisons des Jeunes et de la Culture de l\u2019Is\u00e8re\u00a0","publisher":{"@id":"https:\/\/admjc38.org\/#organization"},"potentialAction":[{"@type":"SearchAction","target":{"@type":"EntryPoint","urlTemplate":"https:\/\/admjc38.org\/?s={search_term_string}"},"query-input":{"@type":"PropertyValueSpecification","valueRequired":true,"valueName":"search_term_string"}}],"inLanguage":"fr-FR"},{"@type":"Organization","@id":"https:\/\/admjc38.org\/#organization","name":"Association D\u00e9partementale des Maisons des Jeunes et de la Culture de l'Is\u00e8re","url":"https:\/\/admjc38.org\/","logo":{"@type":"ImageObject","inLanguage":"fr-FR","@id":"https:\/\/admjc38.org\/#\/schema\/logo\/image\/","url":"https:\/\/admjc38.org\/wp-content\/uploads\/2024\/01\/Logo-AD-MJC-38.png","contentUrl":"https:\/\/admjc38.org\/wp-content\/uploads\/2024\/01\/Logo-AD-MJC-38.png","width":441,"height":701,"caption":"Association D\u00e9partementale des Maisons des Jeunes et de la Culture de l'Is\u00e8re"},"image":{"@id":"https:\/\/admjc38.org\/#\/schema\/logo\/image\/"}}]}},"_links":{"self":[{"href":"https:\/\/admjc38.org\/index.php\/wp-json\/wp\/v2\/job-listings\/971","targetHints":{"allow":["GET"]}}],"collection":[{"href":"https:\/\/admjc38.org\/index.php\/wp-json\/wp\/v2\/job-listings"}],"about":[{"href":"https:\/\/admjc38.org\/index.php\/wp-json\/wp\/v2\/types\/job_listing"}],"author":[{"embeddable":true,"href":"https:\/\/admjc38.org\/index.php\/wp-json\/wp\/v2\/users\/3"}],"wp:featuredmedia":[{"embeddable":true,"href":"https:\/\/admjc38.org\/index.php\/wp-json\/wp\/v2\/media\/972"}],"wp:attachment":[{"href":"https:\/\/admjc38.org\/index.php\/wp-json\/wp\/v2\/media?parent=971"}],"wp:term":[{"taxonomy":"job_listing_type","embeddable":true,"href":"https:\/\/admjc38.org\/index.php\/wp-json\/wp\/v2\/job-types?post=971"}],"curies":[{"name":"wp","href":"https:\/\/api.w.org\/{rel}","templated":true}]}}