{"id":975,"date":"2026-03-26T12:31:50","date_gmt":"2026-03-26T11:31:50","guid":{"rendered":"https:\/\/admjc38.org\/?post_type=job_listing&#038;p=975"},"modified":"2026-03-26T12:46:24","modified_gmt":"2026-03-26T11:46:24","slug":"animateurs-trices-ete-2026","status":"publish","type":"job_listing","link":"https:\/\/admjc38.org\/index.php\/poste\/animateurs-trices-ete-2026\/","title":{"rendered":"Animateurs-trices \u00e9t\u00e9 2026"},"content":{"rendered":"<p><strong>L\u2019ASSOCIATION HORIZONS A MEYLAN RECHERCHE SES ANIMATEURS\u00b7TRICE\u00b7S POUR L\u2019ETE 2026<\/strong><\/p>\n<p>L\u2019association Horizons propose des activit\u00e9s artistiques, sportives et de loisirs tout au long de l\u2019ann\u00e9e et pendant les vacances \u00e0 destination des jeunes et enfants de la commune de Meylan. Son \u00e9quipe de directeur\u00b7trice\u00b7s permanent\u00b7e\u00b7s recherche des animateur\u00b7trice\u00b7s pour :<br \/>\n&#8211; garantir la s\u00e9curit\u00e9 morale, physique et affective des enfants\/ jeunes,<br \/>\n&#8211; participer \u00e0 l\u2019\u00e9veil des enfants\/jeunes par la mise en \u0153uvre de projets d\u2019animation et de d\u00e9marches p\u00e9dagogiques,<br \/>\n&#8211; enrichir la vie de l\u2019\u00e9quipe d\u2019animation et garantir la qualit\u00e9 de la vie de groupe.<\/p>\n<p><strong>Profil<\/strong><br \/>\nCapacit\u00e9s relationnelles avec le public, dynamisme, sens des responsabilit\u00e9s, envie de travailler en \u00e9quipe et de vivre une exp\u00e9rience collective. Comp\u00e9tences et exp\u00e9riences sp\u00e9cifiques souhait\u00e9es selon le poste (camping et plein air, jeux, veill\u00e9es, activit\u00e9s sportives&#8230;).<\/p>\n<p><strong>Dipl\u00f4mes<\/strong><br \/>\nBAFA complet ou en cours de formation BAFA<\/p>\n<p><strong>R\u00e9mun\u00e9ration<\/strong><br \/>\nContrat d\u2019engagement \u00e9ducatif.<br \/>\nUne journ\u00e9e de cong\u00e9s pay\u00e9s\/7 jours de s\u00e9jour.<br \/>\nSalaire \u00e0 la journ\u00e9e : 60,79 brut (59,61\u20ac net)<\/p>\n<p><strong>Postes \u00e0 pourvoir<\/strong><br \/>\nPour tous les postes, un temps de formation et de pr\u00e9paration de l\u2019\u00e9t\u00e9 est pr\u00e9vu et aura lieu \u00e0 Meylan. Votre pr\u00e9sence est indispensable. Pour l\u2019\u00e9quipe du centre de loisirs, elle aura lieu le samedi 20 juin 2026.<\/p>\n<p>&nbsp;<\/p>\n<p><strong>Noms, Dates et Sp\u00e9cificit\u00e9s du poste<\/strong><\/p>\n<p>&nbsp;<\/p>\n<p><em>Mini camps 6 \u2013 10 ans Du 7 au 10 juillet<\/em><\/p>\n<p>Mini camps \u00e0 Valbonnais dans le camping Valbonheur.<br \/>\nH\u00e9bergement sous tentes au bord du plan d\u2019eau. Autogestion<br \/>\nAu programme : baignades, jeu de piste, grands jeux, veill\u00e9es et cuisine de nos repas.<br \/>\n\u00c9quipe de 4 animateur\u00b7trice\u00b7s pour un groupe de 24 enfants max.<\/p>\n<p>&nbsp;<\/p>\n<p><em>Mini camps 6 \u2013 10 ans du 21 au 24 juillet<\/em><\/p>\n<p>Mini camps au Collet d\u2019Allevard au centre les Mainiaux .<br \/>\nH\u00e9bergement en dur au milieu des montagnes.<br \/>\nAu programme : une demi-journ\u00e9e de VTT, petite randonn\u00e9e, grands jeux, veill\u00e9es\u2026<br \/>\n\u00c9quipe de 3 animateur\u00b7trice\u00b7s pour un groupe de 24 enfants max.<\/p>\n<p>&nbsp;<\/p>\n<p><em>S\u00e9jour 8 \u2013 11 ans du 07 au 14 juillet<\/em><\/p>\n<p>S\u00e9jour \u00e0 Embrun dans les Hautes Alpes. H\u00e9bergement sous tentes au bord du plan d\u2019eau. Autogestion<br \/>\nAu programme : baignades et jeux aquatiques, une s\u00e9ance d\u00e9couverte rafting sur la Durance, grands jeux, veill\u00e9es, et cuisine de nos repas.<br \/>\n\u00c9quipe de 3 animateur\u00b7trice\u00b7s pour un groupe de 24 enfants max.<\/p>\n<p>&nbsp;<\/p>\n<p><em>S\u00e9jour 12 \u201314 ans La Grande Motte Du 7 au 17 juillet<\/em><\/p>\n<p>S\u00e9jour \u00e0 la Grande Motte en bord de mer. H\u00e9bergement sous tentes.<br \/>\nAu programme : baignade, voile, visite des salins d\u2019Aigues Mortes, accrobranche, Seaquarium du Grau du Roi, grands jeux et veill\u00e9es.<br \/>\n\u00c9quipe de 3 animateur\u00b7trice\u00b7s (dont un SB) pour un groupe de 24 jeunes.<\/p>\n<p>&nbsp;<\/p>\n<p><em>S\u00e9jour 14 \u201317 ans en Corse<\/em><\/p>\n<p>Du 7 au 17 juillet S\u00e9jour en haute Corse en bord de mer. H\u00e9bergement sous tentes.<br \/>\nAu programme : baignade, activit\u00e9 nautique, d\u00e9couverte de Algajola, excursion \u00e0 Calvi, Ile-rousse, grands jeux et veill\u00e9es.<br \/>\n\u00c9quipe de 4 animateur.trices pour un groupe de 32 jeunes.<\/p>\n<p>&nbsp;<\/p>\n<p><em>S\u00e9jour itin\u00e9rance 14-17 ans en Croatie et Slov\u00e9nie<\/em><\/p>\n<p>Du 14 au 24 juillet S\u00e9jour itin\u00e9rance en minibus, organis\u00e9 et planifi\u00e9 avec les jeunes.<br \/>\nH\u00e9bergement sous tente. Quatre \u00e9tapes en Croatie, Slov\u00e9nie et un stop en Italie. Permis de conduire avec min 2 ans d\u2019exp\u00e9rience obligatoire. Groupe de 15 jeunes. Focus sur l\u2019organisation de la vie quotidienne, la d\u00e9couverte du pays et l\u2019ambiance du groupe.<\/p>\n<p>&nbsp;<\/p>\n<p><em>Centre de loisirs 5-12 ans du 6 au 31 juillet et du 17 au 28 aout 2026<\/em><\/p>\n<p>Animer en \u00e9quipe un groupe d\u2019enfants de 5 \u00e0 12 ans, au Centre de<br \/>\nLoisirs situ\u00e9 au Clos des Capucins \u00e0 Meylan.<br \/>\nAu programme : activit\u00e9s manuelles, sportives et culturelles, jeux ext\u00e9rieurs, sorties diverses, grands jeux\u2026<br \/>\nHoraires : 8h \u00e0 18h00 du lundi au vendredi.<br \/>\n\u00c9quipe de 7 \u00e0 14 animateur\u00b7trice\u00b7s.<br \/>\nContrat d\u2019engagement pour 2 semaines minimum<\/p>\n<p>&nbsp;<\/p>\n<p><em>Stages multi-activit\u00e9s 11-15 ans<\/em><\/p>\n<p>6 au 10\/07 ; 15 au 17\/07 ; 20 au 24\/07 ; 24\/08 au 28\/08<br \/>\nAnimer et g\u00e9rer des groupes de 11 \u00e0 15 ans.<br \/>\nOrganiser et animer le temps de vacances des pr\u00e9adolescents.<br \/>\n4 demi-journ\u00e9es (13h30-18h), 1 sortie \u00e0 la journ\u00e9e (10h-18h) et une veill\u00e9e (18h-21h30). Permis B demand\u00e9.<br \/>\nR\u00e9mun\u00e9r\u00e9 5 journ\u00e9es<\/p>\n<p>&nbsp;<\/p>\n<p><em>Stage voile 17-21\/08 Accompagner et animer un groupe de 7 \u00e0 17 ans.<\/em><\/p>\n<p>Stage \u00e0 la journ\u00e9e (9h-18h) au lac de Laffrey : activit\u00e9 voile encadr\u00e9e par des moniteurs du club de voile, baignade et jeux de plein air \u00e0 animer.<\/p>\n<p>&nbsp;<\/p>\n<p><em>Stage poney<\/em><\/p>\n<p>6 au 10\/07 ; 16 au 17\/07 ; 20 au 24\/07 ; 24 au 28\/08<br \/>\nG\u00e9rer un groupe de 8 enfants pour un stage \u00e9questre.<br \/>\nAnimer les temps libres, les accompagner dans l\u2019activit\u00e9, temps du pique-nique, prendre les transports en commun.<br \/>\nHoraires : lundi, mardi, jeudi, vendredi (8h15-17h45)<\/p>\n<p>&nbsp;<\/p>\n<p><strong>Pour plus d\u2019informations, consulter les offres d\u00e9taill\u00e9es sur notre site internet (&gt; association &gt; on recrute) www.horizons-meylan.com<\/strong><\/p>\n<p>&nbsp;<\/p>\n<p><strong>Pour postuler :<\/strong><br \/>\nEnvoyez CV et lettre de motivation en pr\u00e9cisant l\u2019offre d\u2019emploi \u00e0 recrutement@horizons-meylan.com<br \/>\nAssociation Horizons, 16 rue des Aiguinards, 38240 Meylan<\/p>\n","protected":false},"author":3,"featured_media":976,"template":"","meta":{"_promoted":"","_job_location":"Meylan","_application":"recrutement@horizons-meylan.com","_company_name":"Horizons Meylan","_company_website":"http:\/\/www.horizons-meylan.com","_company_tagline":"","_company_twitter":"","_company_video":"","_filled":0,"_featured":1,"_remote_position":0,"_job_salary":"","_job_salary_currency":"","_job_salary_unit":""},"job-types":[19],"class_list":{"0":"post-975","1":"job_listing","2":"type-job_listing","3":"status-publish","4":"has-post-thumbnail","5":"hentry","7":"job-type-cee","8":"job_position_featured"},"yoast_head":"<!-- This site is optimized with the Yoast SEO plugin v24.8 - https:\/\/yoast.com\/wordpress\/plugins\/seo\/ -->\n<title>Animateurs-trices \u00e9t\u00e9 2026 - AD MJC 38<\/title>\n<meta name=\"robots\" content=\"index, follow, max-snippet:-1, max-image-preview:large, max-video-preview:-1\" \/>\n<link rel=\"canonical\" href=\"https:\/\/admjc38.org\/index.php\/poste\/animateurs-trices-ete-2026\/\" \/>\n<meta property=\"og:locale\" content=\"fr_FR\" \/>\n<meta property=\"og:type\" content=\"article\" \/>\n<meta property=\"og:title\" content=\"Animateurs-trices \u00e9t\u00e9 2026 - AD MJC 38\" \/>\n<meta property=\"og:description\" content=\"L\u2019ASSOCIATION HORIZONS A MEYLAN RECHERCHE SES ANIMATEURS\u00b7TRICE\u00b7S POUR L\u2019ETE 2026 L\u2019association Horizons propose des activit\u00e9s artistiques, sportives et de loisirs tout au [&hellip;]\" \/>\n<meta property=\"og:url\" content=\"https:\/\/admjc38.org\/index.php\/poste\/animateurs-trices-ete-2026\/\" \/>\n<meta property=\"og:site_name\" content=\"AD MJC 38\" \/>\n<meta property=\"article:modified_time\" content=\"2026-03-26T11:46:24+00:00\" \/>\n<meta property=\"og:image\" content=\"http:\/\/admjc38.org\/wp-content\/uploads\/2026\/03\/880_336_Horizons.jpg\" \/>\n\t<meta property=\"og:image:width\" content=\"320\" \/>\n\t<meta property=\"og:image:height\" content=\"180\" \/>\n\t<meta property=\"og:image:type\" content=\"image\/jpeg\" \/>\n<meta name=\"twitter:card\" content=\"summary_large_image\" \/>\n<meta name=\"twitter:label1\" content=\"Dur\u00e9e de lecture estim\u00e9e\" \/>\n\t<meta name=\"twitter:data1\" content=\"5 minutes\" \/>\n<script type=\"application\/ld+json\" class=\"yoast-schema-graph\">{\"@context\":\"https:\/\/schema.org\",\"@graph\":[{\"@type\":\"WebPage\",\"@id\":\"https:\/\/admjc38.org\/index.php\/poste\/animateurs-trices-ete-2026\/\",\"url\":\"https:\/\/admjc38.org\/index.php\/poste\/animateurs-trices-ete-2026\/\",\"name\":\"Animateurs-trices \u00e9t\u00e9 2026 - AD MJC 38\",\"isPartOf\":{\"@id\":\"https:\/\/admjc38.org\/#website\"},\"primaryImageOfPage\":{\"@id\":\"https:\/\/admjc38.org\/index.php\/poste\/animateurs-trices-ete-2026\/#primaryimage\"},\"image\":{\"@id\":\"https:\/\/admjc38.org\/index.php\/poste\/animateurs-trices-ete-2026\/#primaryimage\"},\"thumbnailUrl\":\"https:\/\/admjc38.org\/wp-content\/uploads\/2026\/03\/880_336_Horizons.jpg\",\"datePublished\":\"2026-03-26T11:31:50+00:00\",\"dateModified\":\"2026-03-26T11:46:24+00:00\",\"breadcrumb\":{\"@id\":\"https:\/\/admjc38.org\/index.php\/poste\/animateurs-trices-ete-2026\/#breadcrumb\"},\"inLanguage\":\"fr-FR\",\"potentialAction\":[{\"@type\":\"ReadAction\",\"target\":[\"https:\/\/admjc38.org\/index.php\/poste\/animateurs-trices-ete-2026\/\"]}]},{\"@type\":\"ImageObject\",\"inLanguage\":\"fr-FR\",\"@id\":\"https:\/\/admjc38.org\/index.php\/poste\/animateurs-trices-ete-2026\/#primaryimage\",\"url\":\"https:\/\/admjc38.org\/wp-content\/uploads\/2026\/03\/880_336_Horizons.jpg\",\"contentUrl\":\"https:\/\/admjc38.org\/wp-content\/uploads\/2026\/03\/880_336_Horizons.jpg\",\"width\":320,\"height\":180},{\"@type\":\"BreadcrumbList\",\"@id\":\"https:\/\/admjc38.org\/index.php\/poste\/animateurs-trices-ete-2026\/#breadcrumb\",\"itemListElement\":[{\"@type\":\"ListItem\",\"position\":1,\"name\":\"Accueil\",\"item\":\"https:\/\/admjc38.org\/\"},{\"@type\":\"ListItem\",\"position\":2,\"name\":\"Animateurs-trices \u00e9t\u00e9 2026\"}]},{\"@type\":\"WebSite\",\"@id\":\"https:\/\/admjc38.org\/#website\",\"url\":\"https:\/\/admjc38.org\/\",\"name\":\"AD MJC 38\",\"description\":\"Le site des Maisons des Jeunes et de la Culture de l\u2019Is\u00e8re\u00a0\",\"publisher\":{\"@id\":\"https:\/\/admjc38.org\/#organization\"},\"potentialAction\":[{\"@type\":\"SearchAction\",\"target\":{\"@type\":\"EntryPoint\",\"urlTemplate\":\"https:\/\/admjc38.org\/?s={search_term_string}\"},\"query-input\":{\"@type\":\"PropertyValueSpecification\",\"valueRequired\":true,\"valueName\":\"search_term_string\"}}],\"inLanguage\":\"fr-FR\"},{\"@type\":\"Organization\",\"@id\":\"https:\/\/admjc38.org\/#organization\",\"name\":\"Association D\u00e9partementale des Maisons des Jeunes et de la Culture de l'Is\u00e8re\",\"url\":\"https:\/\/admjc38.org\/\",\"logo\":{\"@type\":\"ImageObject\",\"inLanguage\":\"fr-FR\",\"@id\":\"https:\/\/admjc38.org\/#\/schema\/logo\/image\/\",\"url\":\"https:\/\/admjc38.org\/wp-content\/uploads\/2024\/01\/Logo-AD-MJC-38.png\",\"contentUrl\":\"https:\/\/admjc38.org\/wp-content\/uploads\/2024\/01\/Logo-AD-MJC-38.png\",\"width\":441,\"height\":701,\"caption\":\"Association D\u00e9partementale des Maisons des Jeunes et de la Culture de l'Is\u00e8re\"},\"image\":{\"@id\":\"https:\/\/admjc38.org\/#\/schema\/logo\/image\/\"}}]}<\/script>\n<!-- \/ Yoast SEO plugin. -->","yoast_head_json":{"title":"Animateurs-trices \u00e9t\u00e9 2026 - AD MJC 38","robots":{"index":"index","follow":"follow","max-snippet":"max-snippet:-1","max-image-preview":"max-image-preview:large","max-video-preview":"max-video-preview:-1"},"canonical":"https:\/\/admjc38.org\/index.php\/poste\/animateurs-trices-ete-2026\/","og_locale":"fr_FR","og_type":"article","og_title":"Animateurs-trices \u00e9t\u00e9 2026 - AD MJC 38","og_description":"L\u2019ASSOCIATION HORIZONS A MEYLAN RECHERCHE SES ANIMATEURS\u00b7TRICE\u00b7S POUR L\u2019ETE 2026 L\u2019association Horizons propose des activit\u00e9s artistiques, sportives et de loisirs tout au [&hellip;]","og_url":"https:\/\/admjc38.org\/index.php\/poste\/animateurs-trices-ete-2026\/","og_site_name":"AD MJC 38","article_modified_time":"2026-03-26T11:46:24+00:00","og_image":[{"width":320,"height":180,"url":"http:\/\/admjc38.org\/wp-content\/uploads\/2026\/03\/880_336_Horizons.jpg","type":"image\/jpeg"}],"twitter_card":"summary_large_image","twitter_misc":{"Dur\u00e9e de lecture estim\u00e9e":"5 minutes"},"schema":{"@context":"https:\/\/schema.org","@graph":[{"@type":"WebPage","@id":"https:\/\/admjc38.org\/index.php\/poste\/animateurs-trices-ete-2026\/","url":"https:\/\/admjc38.org\/index.php\/poste\/animateurs-trices-ete-2026\/","name":"Animateurs-trices \u00e9t\u00e9 2026 - AD MJC 38","isPartOf":{"@id":"https:\/\/admjc38.org\/#website"},"primaryImageOfPage":{"@id":"https:\/\/admjc38.org\/index.php\/poste\/animateurs-trices-ete-2026\/#primaryimage"},"image":{"@id":"https:\/\/admjc38.org\/index.php\/poste\/animateurs-trices-ete-2026\/#primaryimage"},"thumbnailUrl":"https:\/\/admjc38.org\/wp-content\/uploads\/2026\/03\/880_336_Horizons.jpg","datePublished":"2026-03-26T11:31:50+00:00","dateModified":"2026-03-26T11:46:24+00:00","breadcrumb":{"@id":"https:\/\/admjc38.org\/index.php\/poste\/animateurs-trices-ete-2026\/#breadcrumb"},"inLanguage":"fr-FR","potentialAction":[{"@type":"ReadAction","target":["https:\/\/admjc38.org\/index.php\/poste\/animateurs-trices-ete-2026\/"]}]},{"@type":"ImageObject","inLanguage":"fr-FR","@id":"https:\/\/admjc38.org\/index.php\/poste\/animateurs-trices-ete-2026\/#primaryimage","url":"https:\/\/admjc38.org\/wp-content\/uploads\/2026\/03\/880_336_Horizons.jpg","contentUrl":"https:\/\/admjc38.org\/wp-content\/uploads\/2026\/03\/880_336_Horizons.jpg","width":320,"height":180},{"@type":"BreadcrumbList","@id":"https:\/\/admjc38.org\/index.php\/poste\/animateurs-trices-ete-2026\/#breadcrumb","itemListElement":[{"@type":"ListItem","position":1,"name":"Accueil","item":"https:\/\/admjc38.org\/"},{"@type":"ListItem","position":2,"name":"Animateurs-trices \u00e9t\u00e9 2026"}]},{"@type":"WebSite","@id":"https:\/\/admjc38.org\/#website","url":"https:\/\/admjc38.org\/","name":"AD MJC 38","description":"Le site des Maisons des Jeunes et de la Culture de l\u2019Is\u00e8re\u00a0","publisher":{"@id":"https:\/\/admjc38.org\/#organization"},"potentialAction":[{"@type":"SearchAction","target":{"@type":"EntryPoint","urlTemplate":"https:\/\/admjc38.org\/?s={search_term_string}"},"query-input":{"@type":"PropertyValueSpecification","valueRequired":true,"valueName":"search_term_string"}}],"inLanguage":"fr-FR"},{"@type":"Organization","@id":"https:\/\/admjc38.org\/#organization","name":"Association D\u00e9partementale des Maisons des Jeunes et de la Culture de l'Is\u00e8re","url":"https:\/\/admjc38.org\/","logo":{"@type":"ImageObject","inLanguage":"fr-FR","@id":"https:\/\/admjc38.org\/#\/schema\/logo\/image\/","url":"https:\/\/admjc38.org\/wp-content\/uploads\/2024\/01\/Logo-AD-MJC-38.png","contentUrl":"https:\/\/admjc38.org\/wp-content\/uploads\/2024\/01\/Logo-AD-MJC-38.png","width":441,"height":701,"caption":"Association D\u00e9partementale des Maisons des Jeunes et de la Culture de l'Is\u00e8re"},"image":{"@id":"https:\/\/admjc38.org\/#\/schema\/logo\/image\/"}}]}},"_links":{"self":[{"href":"https:\/\/admjc38.org\/index.php\/wp-json\/wp\/v2\/job-listings\/975","targetHints":{"allow":["GET"]}}],"collection":[{"href":"https:\/\/admjc38.org\/index.php\/wp-json\/wp\/v2\/job-listings"}],"about":[{"href":"https:\/\/admjc38.org\/index.php\/wp-json\/wp\/v2\/types\/job_listing"}],"author":[{"embeddable":true,"href":"https:\/\/admjc38.org\/index.php\/wp-json\/wp\/v2\/users\/3"}],"wp:featuredmedia":[{"embeddable":true,"href":"https:\/\/admjc38.org\/index.php\/wp-json\/wp\/v2\/media\/976"}],"wp:attachment":[{"href":"https:\/\/admjc38.org\/index.php\/wp-json\/wp\/v2\/media?parent=975"}],"wp:term":[{"taxonomy":"job_listing_type","embeddable":true,"href":"https:\/\/admjc38.org\/index.php\/wp-json\/wp\/v2\/job-types?post=975"}],"curies":[{"name":"wp","href":"https:\/\/api.w.org\/{rel}","templated":true}]}}