{"id":1107,"date":"2026-08-31T11:29:43","date_gmt":"2026-08-31T09:29:43","guid":{"rendered":"https:\/\/admjc38.org\/?page_id=1107"},"modified":"2026-08-31T12:23:11","modified_gmt":"2026-08-31T10:23:11","slug":"elementor-1107","status":"publish","type":"page","link":"https:\/\/admjc38.org\/index.php\/elementor-1107\/","title":{"rendered":"Accueil"},"content":{"rendered":"\t\t<div data-elementor-type=\"wp-post\" data-elementor-id=\"1107\" class=\"elementor elementor-1107\" data-elementor-post-type=\"page\">\n\t\t\t\t<div class=\"elementor-element elementor-element-ff9fd9f e-flex e-con-boxed e-con e-parent\" data-id=\"ff9fd9f\" data-element_type=\"container\" data-e-type=\"container\">\n\t\t\t\t\t<div class=\"e-con-inner\">\n\t\t\t\t<div class=\"elementor-element elementor-element-f383b5e elementor-arrows-position-inside elementor-pagination-position-outside elementor-widget elementor-widget-image-carousel\" data-id=\"f383b5e\" data-element_type=\"widget\" data-e-type=\"widget\" data-settings=\"{&quot;slides_to_show&quot;:&quot;1&quot;,&quot;navigation&quot;:&quot;both&quot;,&quot;autoplay&quot;:&quot;yes&quot;,&quot;pause_on_hover&quot;:&quot;yes&quot;,&quot;pause_on_interaction&quot;:&quot;yes&quot;,&quot;autoplay_speed&quot;:5000,&quot;infinite&quot;:&quot;yes&quot;,&quot;effect&quot;:&quot;slide&quot;,&quot;speed&quot;:500}\" data-widget_type=\"image-carousel.default\">\n\t\t\t\t<div class=\"elementor-widget-container\">\n\t\t\t\t\t\t\t<div class=\"elementor-image-carousel-wrapper swiper\" role=\"region\" aria-roledescription=\"carousel\" aria-label=\"Carrousel d\u2019images\" dir=\"ltr\">\n\t\t\t<div class=\"elementor-image-carousel swiper-wrapper\" aria-live=\"off\">\n\t\t\t\t\t\t\t\t<div class=\"swiper-slide\" role=\"group\" aria-roledescription=\"slide\" aria-label=\"1 sur 3\"><figure class=\"swiper-slide-inner\"><img decoding=\"async\" class=\"swiper-slide-image\" src=\"https:\/\/admjc38.org\/wp-content\/uploads\/2025\/09\/Banniere-entree-cmjcf.fr__Faitesvousdulien.png\" alt=\"Banniere-entree-cmjcf.fr__Faitesvousdulien\" \/><\/figure><\/div><div class=\"swiper-slide\" role=\"group\" aria-roledescription=\"slide\" aria-label=\"2 sur 3\"><figure class=\"swiper-slide-inner\"><img decoding=\"async\" class=\"swiper-slide-image\" src=\"https:\/\/admjc38.org\/wp-content\/uploads\/2025\/10\/Service-civique_large.png\" alt=\"Service-civique_large\" \/><\/figure><\/div><div class=\"swiper-slide\" role=\"group\" aria-roledescription=\"slide\" aria-label=\"3 sur 3\"><figure class=\"swiper-slide-inner\"><img decoding=\"async\" class=\"swiper-slide-image\" src=\"https:\/\/admjc38.org\/wp-content\/uploads\/2026\/08\/Facebook_Banniere_1-La-France-qui-se-bat.png\" alt=\"Facebook_Banni\u00e8re_1 - La France qui (se) bat\" \/><\/figure><\/div>\t\t\t<\/div>\n\t\t\t\t\t\t\t\t\t\t\t\t<div class=\"elementor-swiper-button elementor-swiper-button-prev\" role=\"button\" tabindex=\"0\">\n\t\t\t\t\t\t<svg aria-hidden=\"true\" class=\"e-font-icon-svg e-eicon-chevron-left\" viewBox=\"0 0 1000 1000\" xmlns=\"http:\/\/www.w3.org\/2000\/svg\"><path d=\"M646 125C629 125 613 133 604 142L308 442C296 454 292 471 292 487 292 504 296 521 308 533L604 854C617 867 629 875 646 875 663 875 679 871 692 858 704 846 713 829 713 812 713 796 708 779 692 767L438 487 692 225C700 217 708 204 708 187 708 171 704 154 692 142 675 129 663 125 646 125Z\"><\/path><\/svg>\t\t\t\t\t<\/div>\n\t\t\t\t\t<div class=\"elementor-swiper-button elementor-swiper-button-next\" role=\"button\" tabindex=\"0\">\n\t\t\t\t\t\t<svg aria-hidden=\"true\" class=\"e-font-icon-svg e-eicon-chevron-right\" viewBox=\"0 0 1000 1000\" xmlns=\"http:\/\/www.w3.org\/2000\/svg\"><path d=\"M696 533C708 521 713 504 713 487 713 471 708 454 696 446L400 146C388 133 375 125 354 125 338 125 325 129 313 142 300 154 292 171 292 187 292 204 296 221 308 233L563 492 304 771C292 783 288 800 288 817 288 833 296 850 308 863 321 871 338 875 354 875 371 875 388 867 400 854L696 533Z\"><\/path><\/svg>\t\t\t\t\t<\/div>\n\t\t\t\t\n\t\t\t\t\t\t\t\t\t<div class=\"swiper-pagination\"><\/div>\n\t\t\t\t\t\t\t\t\t<\/div>\n\t\t\t\t\t\t<\/div>\n\t\t\t\t<\/div>\n\t\t\t\t\t<\/div>\n\t\t\t\t<\/div>\n\t\t<div class=\"elementor-element elementor-element-9da1b3a e-flex e-con-boxed e-con e-parent\" data-id=\"9da1b3a\" data-element_type=\"container\" data-e-type=\"container\">\n\t\t\t\t\t<div class=\"e-con-inner\">\n\t\t\t\t<div class=\"elementor-element elementor-element-2ac111b elementor-widget elementor-widget-spacer\" data-id=\"2ac111b\" data-element_type=\"widget\" data-e-type=\"widget\" data-widget_type=\"spacer.default\">\n\t\t\t\t<div class=\"elementor-widget-container\">\n\t\t\t\t\t\t\t<div class=\"elementor-spacer\">\n\t\t\t<div class=\"elementor-spacer-inner\"><\/div>\n\t\t<\/div>\n\t\t\t\t\t\t<\/div>\n\t\t\t\t<\/div>\n\t\t\t\t<div class=\"elementor-element elementor-element-e9d2f10 elementor-widget elementor-widget-text-editor\" data-id=\"e9d2f10\" data-element_type=\"widget\" data-e-type=\"widget\" data-widget_type=\"text-editor.default\">\n\t\t\t\t<div class=\"elementor-widget-container\">\n\t\t\t\t\t\t\t\t\t<p class=\"wp-block-paragraph\">D\u00e9couvrez l\u2019AD MJC 38, association d\u00e9partementale qui f\u00e9d\u00e8re, accompagne et valorise les Maisons des Jeunes et de la Culture, et les Maisons Pour Tous de l\u2019Is\u00e8re. Soutien, formation, r\u00e9seau et \u00e9ducation populaire au service de la jeunesse et des habitants.<\/p><h2 class=\"wp-block-heading\">Qu\u2019est ce que l\u2019AD MJC 38?<\/h2><p class=\"wp-block-paragraph\">L\u2019Association D\u00e9partementale des Maisons des Jeunes et de la Culture de l\u2019Is\u00e8re (AD MJC 38) f\u00e9d\u00e8re et accompagne les MJC et Maisons Pour Tous du territoire. Depuis plus de 60 ans, elle s\u2019engage \u00e0 promouvoir les valeurs de l\u2019\u00e9ducation populaire, en soutenant les acteurs associatifs et en renfor\u00e7ant le lien social aupr\u00e8s des habitants. V\u00e9ritable t\u00eate de r\u00e9seau, elle favorise la coop\u00e9ration, la mutualisation des ressources et le d\u00e9veloppement de projets communs.<\/p><p class=\"wp-block-paragraph\">Le r\u00e9seau des MJC et MPT de l\u2019Is\u00e8re est principalement r\u00e9parti sur quatre bassins et organis\u00e9 en Unions Locales ou en Collectifs\u00a0:<\/p><ul class=\"wp-block-list\"><li>L\u2019Union Locale des <a href=\"https:\/\/mjc-vienne.org\/\">MJC du Pays Viennois<\/a><\/li><li>L\u2019Union Locale des <a href=\"https:\/\/www.mjcvoiron.org\/\">MJC du Pays Voironnais<\/a><\/li><li>Le collectif des MJC et <a href=\"https:\/\/mptstlaurent.jimdofree.com\/\">MPT de Grenoble<\/a><\/li><li>Le collectif des <a href=\"https:\/\/www.mjc-mpt-gresivaudan.fr\/\">MJC et MPT du Gr\u00e9sivaudan<\/a><\/li><\/ul>\t\t\t\t\t\t\t\t<\/div>\n\t\t\t\t<\/div>\n\t\t\t\t<div class=\"elementor-element elementor-element-630eff6 elementor-widget elementor-widget-spacer\" data-id=\"630eff6\" data-element_type=\"widget\" data-e-type=\"widget\" data-widget_type=\"spacer.default\">\n\t\t\t\t<div class=\"elementor-widget-container\">\n\t\t\t\t\t\t\t<div class=\"elementor-spacer\">\n\t\t\t<div class=\"elementor-spacer-inner\"><\/div>\n\t\t<\/div>\n\t\t\t\t\t\t<\/div>\n\t\t\t\t<\/div>\n\t\t\t\t<div class=\"elementor-element elementor-element-5743eb9 elementor-widget elementor-widget-spacer\" data-id=\"5743eb9\" data-element_type=\"widget\" data-e-type=\"widget\" data-widget_type=\"spacer.default\">\n\t\t\t\t<div class=\"elementor-widget-container\">\n\t\t\t\t\t\t\t<div class=\"elementor-spacer\">\n\t\t\t<div class=\"elementor-spacer-inner\"><\/div>\n\t\t<\/div>\n\t\t\t\t\t\t<\/div>\n\t\t\t\t<\/div>\n\t\t\t\t\t<\/div>\n\t\t\t\t<\/div>\n\t\t<div class=\"elementor-element elementor-element-71003c4 e-grid e-con-boxed e-con e-parent\" data-id=\"71003c4\" data-element_type=\"container\" data-e-type=\"container\">\n\t\t\t\t\t<div class=\"e-con-inner\">\n\t\t\t\t<div class=\"elementor-element elementor-element-e950a2b elementor-widget elementor-widget-image\" data-id=\"e950a2b\" data-element_type=\"widget\" data-e-type=\"widget\" data-widget_type=\"image.default\">\n\t\t\t\t<div class=\"elementor-widget-container\">\n\t\t\t\t\t\t\t\t\t\t\t\t\t\t\t<img fetchpriority=\"high\" decoding=\"async\" width=\"800\" height=\"870\" src=\"https:\/\/admjc38.org\/wp-content\/uploads\/2025\/02\/Ministere_des_Sports_de_la_Jeunesse_et_de_la_Vie_associative.png\" class=\"attachment-large size-large wp-image-430\" alt=\"\" srcset=\"https:\/\/admjc38.org\/wp-content\/uploads\/2025\/02\/Ministere_des_Sports_de_la_Jeunesse_et_de_la_Vie_associative.png 800w, https:\/\/admjc38.org\/wp-content\/uploads\/2025\/02\/Ministere_des_Sports_de_la_Jeunesse_et_de_la_Vie_associative-276x300.png 276w, https:\/\/admjc38.org\/wp-content\/uploads\/2025\/02\/Ministere_des_Sports_de_la_Jeunesse_et_de_la_Vie_associative-768x835.png 768w, https:\/\/admjc38.org\/wp-content\/uploads\/2025\/02\/Ministere_des_Sports_de_la_Jeunesse_et_de_la_Vie_associative-230x250.png 230w, https:\/\/admjc38.org\/wp-content\/uploads\/2025\/02\/Ministere_des_Sports_de_la_Jeunesse_et_de_la_Vie_associative-350x381.png 350w, https:\/\/admjc38.org\/wp-content\/uploads\/2025\/02\/Ministere_des_Sports_de_la_Jeunesse_et_de_la_Vie_associative-480x522.png 480w\" sizes=\"(max-width: 800px) 100vw, 800px\" \/>\t\t\t\t\t\t\t\t\t\t\t\t\t\t\t<\/div>\n\t\t\t\t<\/div>\n\t\t\t\t<div class=\"elementor-element elementor-element-3b22ac3 elementor-widget__width-auto elementor-widget elementor-widget-image\" data-id=\"3b22ac3\" data-element_type=\"widget\" data-e-type=\"widget\" data-widget_type=\"image.default\">\n\t\t\t\t<div class=\"elementor-widget-container\">\n\t\t\t\t\t\t\t\t\t\t\t\t\t\t\t<img decoding=\"async\" width=\"1024\" height=\"469\" src=\"https:\/\/admjc38.org\/wp-content\/uploads\/2025\/02\/cd38couleurspetit-1024x469.png\" class=\"attachment-large size-large wp-image-429\" alt=\"\" srcset=\"https:\/\/admjc38.org\/wp-content\/uploads\/2025\/02\/cd38couleurspetit-1024x469.png 1024w, https:\/\/admjc38.org\/wp-content\/uploads\/2025\/02\/cd38couleurspetit-300x137.png 300w, https:\/\/admjc38.org\/wp-content\/uploads\/2025\/02\/cd38couleurspetit-768x352.png 768w, https:\/\/admjc38.org\/wp-content\/uploads\/2025\/02\/cd38couleurspetit-1000x458.png 1000w, https:\/\/admjc38.org\/wp-content\/uploads\/2025\/02\/cd38couleurspetit-230x105.png 230w, https:\/\/admjc38.org\/wp-content\/uploads\/2025\/02\/cd38couleurspetit-350x160.png 350w, https:\/\/admjc38.org\/wp-content\/uploads\/2025\/02\/cd38couleurspetit-480x220.png 480w, https:\/\/admjc38.org\/wp-content\/uploads\/2025\/02\/cd38couleurspetit.png 1100w\" sizes=\"(max-width: 1024px) 100vw, 1024px\" \/>\t\t\t\t\t\t\t\t\t\t\t\t\t\t\t<\/div>\n\t\t\t\t<\/div>\n\t\t\t\t<div class=\"elementor-element elementor-element-e4f086b elementor-widget elementor-widget-image\" data-id=\"e4f086b\" data-element_type=\"widget\" data-e-type=\"widget\" data-widget_type=\"image.default\">\n\t\t\t\t<div class=\"elementor-widget-container\">\n\t\t\t\t\t\t\t\t\t\t\t\t\t\t\t<img decoding=\"async\" width=\"400\" height=\"138\" src=\"https:\/\/admjc38.org\/wp-content\/uploads\/2025\/02\/logo-FONJEP.png\" class=\"attachment-large size-large wp-image-432\" alt=\"\" srcset=\"https:\/\/admjc38.org\/wp-content\/uploads\/2025\/02\/logo-FONJEP.png 400w, https:\/\/admjc38.org\/wp-content\/uploads\/2025\/02\/logo-FONJEP-300x104.png 300w, https:\/\/admjc38.org\/wp-content\/uploads\/2025\/02\/logo-FONJEP-230x79.png 230w, https:\/\/admjc38.org\/wp-content\/uploads\/2025\/02\/logo-FONJEP-350x121.png 350w\" sizes=\"(max-width: 400px) 100vw, 400px\" \/>\t\t\t\t\t\t\t\t\t\t\t\t\t\t\t<\/div>\n\t\t\t\t<\/div>\n\t\t\t\t<div class=\"elementor-element elementor-element-a422915 elementor-widget elementor-widget-image\" data-id=\"a422915\" data-element_type=\"widget\" data-e-type=\"widget\" data-widget_type=\"image.default\">\n\t\t\t\t<div class=\"elementor-widget-container\">\n\t\t\t\t\t\t\t\t\t\t\t\t\t\t\t<img loading=\"lazy\" decoding=\"async\" width=\"283\" height=\"283\" src=\"https:\/\/admjc38.org\/wp-content\/uploads\/2025\/02\/Logo-VDG-2018-PNG.png\" class=\"attachment-large size-large wp-image-431\" alt=\"\" srcset=\"https:\/\/admjc38.org\/wp-content\/uploads\/2025\/02\/Logo-VDG-2018-PNG.png 283w, https:\/\/admjc38.org\/wp-content\/uploads\/2025\/02\/Logo-VDG-2018-PNG-150x150.png 150w, https:\/\/admjc38.org\/wp-content\/uploads\/2025\/02\/Logo-VDG-2018-PNG-230x230.png 230w\" sizes=\"(max-width: 283px) 100vw, 283px\" \/>\t\t\t\t\t\t\t\t\t\t\t\t\t\t\t<\/div>\n\t\t\t\t<\/div>\n\t\t\t\t<div class=\"elementor-element elementor-element-5acb3f0 elementor-widget elementor-widget-image\" data-id=\"5acb3f0\" data-element_type=\"widget\" data-e-type=\"widget\" data-widget_type=\"image.default\">\n\t\t\t\t<div class=\"elementor-widget-container\">\n\t\t\t\t\t\t\t\t\t\t\t\t\t\t\t<img loading=\"lazy\" decoding=\"async\" width=\"1024\" height=\"381\" src=\"https:\/\/admjc38.org\/wp-content\/uploads\/2025\/02\/Gresi-bandeau-Quadri-AVECFOND-1024x381.png\" class=\"attachment-large size-large wp-image-433\" alt=\"\" srcset=\"https:\/\/admjc38.org\/wp-content\/uploads\/2025\/02\/Gresi-bandeau-Quadri-AVECFOND-1024x381.png 1024w, https:\/\/admjc38.org\/wp-content\/uploads\/2025\/02\/Gresi-bandeau-Quadri-AVECFOND-300x112.png 300w, https:\/\/admjc38.org\/wp-content\/uploads\/2025\/02\/Gresi-bandeau-Quadri-AVECFOND-768x286.png 768w, https:\/\/admjc38.org\/wp-content\/uploads\/2025\/02\/Gresi-bandeau-Quadri-AVECFOND-1000x372.png 1000w, https:\/\/admjc38.org\/wp-content\/uploads\/2025\/02\/Gresi-bandeau-Quadri-AVECFOND-230x86.png 230w, https:\/\/admjc38.org\/wp-content\/uploads\/2025\/02\/Gresi-bandeau-Quadri-AVECFOND-350x130.png 350w, https:\/\/admjc38.org\/wp-content\/uploads\/2025\/02\/Gresi-bandeau-Quadri-AVECFOND-480x179.png 480w, https:\/\/admjc38.org\/wp-content\/uploads\/2025\/02\/Gresi-bandeau-Quadri-AVECFOND.png 1244w\" sizes=\"(max-width: 1024px) 100vw, 1024px\" \/>\t\t\t\t\t\t\t\t\t\t\t\t\t\t\t<\/div>\n\t\t\t\t<\/div>\n\t\t\t\t<div class=\"elementor-element elementor-element-dfa420e elementor-widget elementor-widget-image\" data-id=\"dfa420e\" data-element_type=\"widget\" data-e-type=\"widget\" data-widget_type=\"image.default\">\n\t\t\t\t<div class=\"elementor-widget-container\">\n\t\t\t\t\t\t\t\t\t\t\t\t\t\t\t<img loading=\"lazy\" decoding=\"async\" width=\"589\" height=\"589\" src=\"https:\/\/admjc38.org\/wp-content\/uploads\/2026\/08\/Logo-metro-print-fond-jaune-JPG.jpg\" class=\"attachment-large size-large wp-image-1124\" alt=\"\" srcset=\"https:\/\/admjc38.org\/wp-content\/uploads\/2026\/08\/Logo-metro-print-fond-jaune-JPG.jpg 589w, https:\/\/admjc38.org\/wp-content\/uploads\/2026\/08\/Logo-metro-print-fond-jaune-JPG-300x300.jpg 300w, https:\/\/admjc38.org\/wp-content\/uploads\/2026\/08\/Logo-metro-print-fond-jaune-JPG-150x150.jpg 150w, https:\/\/admjc38.org\/wp-content\/uploads\/2026\/08\/Logo-metro-print-fond-jaune-JPG-230x230.jpg 230w, https:\/\/admjc38.org\/wp-content\/uploads\/2026\/08\/Logo-metro-print-fond-jaune-JPG-350x350.jpg 350w, https:\/\/admjc38.org\/wp-content\/uploads\/2026\/08\/Logo-metro-print-fond-jaune-JPG-480x480.jpg 480w\" sizes=\"(max-width: 589px) 100vw, 589px\" \/>\t\t\t\t\t\t\t\t\t\t\t\t\t\t\t<\/div>\n\t\t\t\t<\/div>\n\t\t\t\t\t<\/div>\n\t\t\t\t<\/div>\n\t\t\t\t<\/div>\n\t\t","protected":false},"excerpt":{"rendered":"<p>D\u00e9couvrez l\u2019AD MJC 38, association d\u00e9partementale qui f\u00e9d\u00e8re, accompagne et valorise les Maisons des Jeunes et de la Culture, et les Maisons [&hellip;]<\/p>\n","protected":false},"author":3,"featured_media":0,"parent":0,"menu_order":0,"comment_status":"closed","ping_status":"closed","template":"","meta":{"footnotes":""},"class_list":["post-1107","page","type-page","status-publish","hentry"],"yoast_head":"<!-- This site is optimized with the Yoast SEO plugin v28.3 - https:\/\/yoast.com\/product\/yoast-seo-wordpress\/ -->\n<title>Accueil - AD MJC 38<\/title>\n<meta name=\"robots\" content=\"index, follow, max-snippet:-1, max-image-preview:large, max-video-preview:-1\" \/>\n<link rel=\"canonical\" href=\"https:\/\/admjc38.org\/index.php\/elementor-1107\/\" \/>\n<meta property=\"og:locale\" content=\"fr_FR\" \/>\n<meta property=\"og:type\" content=\"article\" \/>\n<meta property=\"og:title\" content=\"Accueil - AD MJC 38\" \/>\n<meta property=\"og:description\" content=\"D\u00e9couvrez l\u2019AD MJC 38, association d\u00e9partementale qui f\u00e9d\u00e8re, accompagne et valorise les Maisons des Jeunes et de la Culture, et les Maisons [&hellip;]\" \/>\n<meta property=\"og:url\" content=\"https:\/\/admjc38.org\/index.php\/elementor-1107\/\" \/>\n<meta property=\"og:site_name\" content=\"AD MJC 38\" \/>\n<meta property=\"article:modified_time\" content=\"2026-08-31T10:23:11+00:00\" \/>\n<meta property=\"og:image\" content=\"http:\/\/admjc38.org\/wp-content\/uploads\/2025\/09\/Banniere-entree-cmjcf.fr__Faitesvousdulien.png\" \/>\n<meta name=\"twitter:card\" content=\"summary_large_image\" \/>\n<meta name=\"twitter:label1\" content=\"Dur\u00e9e de lecture estim\u00e9e\" \/>\n\t<meta name=\"twitter:data1\" content=\"4 minutes\" \/>\n<script type=\"application\/ld+json\" class=\"yoast-schema-graph\">{\"@context\":\"https:\\\/\\\/schema.org\",\"@graph\":[{\"@type\":\"WebPage\",\"@id\":\"https:\\\/\\\/admjc38.org\\\/index.php\\\/elementor-1107\\\/\",\"url\":\"https:\\\/\\\/admjc38.org\\\/index.php\\\/elementor-1107\\\/\",\"name\":\"Accueil - AD MJC 38\",\"isPartOf\":{\"@id\":\"https:\\\/\\\/admjc38.org\\\/#website\"},\"primaryImageOfPage\":{\"@id\":\"https:\\\/\\\/admjc38.org\\\/index.php\\\/elementor-1107\\\/#primaryimage\"},\"image\":{\"@id\":\"https:\\\/\\\/admjc38.org\\\/index.php\\\/elementor-1107\\\/#primaryimage\"},\"thumbnailUrl\":\"http:\\\/\\\/admjc38.org\\\/wp-content\\\/uploads\\\/2025\\\/09\\\/Banniere-entree-cmjcf.fr__Faitesvousdulien.png\",\"datePublished\":\"2026-08-31T09:29:43+00:00\",\"dateModified\":\"2026-08-31T10:23:11+00:00\",\"breadcrumb\":{\"@id\":\"https:\\\/\\\/admjc38.org\\\/index.php\\\/elementor-1107\\\/#breadcrumb\"},\"inLanguage\":\"fr-FR\",\"potentialAction\":[{\"@type\":\"ReadAction\",\"target\":[\"https:\\\/\\\/admjc38.org\\\/index.php\\\/elementor-1107\\\/\"]}]},{\"@type\":\"ImageObject\",\"inLanguage\":\"fr-FR\",\"@id\":\"https:\\\/\\\/admjc38.org\\\/index.php\\\/elementor-1107\\\/#primaryimage\",\"url\":\"http:\\\/\\\/admjc38.org\\\/wp-content\\\/uploads\\\/2025\\\/09\\\/Banniere-entree-cmjcf.fr__Faitesvousdulien.png\",\"contentUrl\":\"http:\\\/\\\/admjc38.org\\\/wp-content\\\/uploads\\\/2025\\\/09\\\/Banniere-entree-cmjcf.fr__Faitesvousdulien.png\"},{\"@type\":\"BreadcrumbList\",\"@id\":\"https:\\\/\\\/admjc38.org\\\/index.php\\\/elementor-1107\\\/#breadcrumb\",\"itemListElement\":[{\"@type\":\"ListItem\",\"position\":1,\"name\":\"Accueil\",\"item\":\"https:\\\/\\\/admjc38.org\\\/\"},{\"@type\":\"ListItem\",\"position\":2,\"name\":\"Accueil\"}]},{\"@type\":\"WebSite\",\"@id\":\"https:\\\/\\\/admjc38.org\\\/#website\",\"url\":\"https:\\\/\\\/admjc38.org\\\/\",\"name\":\"AD MJC 38\",\"description\":\"Le site des Maisons des Jeunes et de la Culture de l\u2019Is\u00e8re\u00a0\",\"publisher\":{\"@id\":\"https:\\\/\\\/admjc38.org\\\/#organization\"},\"potentialAction\":[{\"@type\":\"SearchAction\",\"target\":{\"@type\":\"EntryPoint\",\"urlTemplate\":\"https:\\\/\\\/admjc38.org\\\/?s={search_term_string}\"},\"query-input\":{\"@type\":\"PropertyValueSpecification\",\"valueRequired\":true,\"valueName\":\"search_term_string\"}}],\"inLanguage\":\"fr-FR\"},{\"@type\":\"Organization\",\"@id\":\"https:\\\/\\\/admjc38.org\\\/#organization\",\"name\":\"Association D\u00e9partementale des Maisons des Jeunes et de la Culture de l'Is\u00e8re\",\"url\":\"https:\\\/\\\/admjc38.org\\\/\",\"logo\":{\"@type\":\"ImageObject\",\"inLanguage\":\"fr-FR\",\"@id\":\"https:\\\/\\\/admjc38.org\\\/#\\\/schema\\\/logo\\\/image\\\/\",\"url\":\"https:\\\/\\\/admjc38.org\\\/wp-content\\\/uploads\\\/2024\\\/01\\\/Logo-AD-MJC-38.png\",\"contentUrl\":\"https:\\\/\\\/admjc38.org\\\/wp-content\\\/uploads\\\/2024\\\/01\\\/Logo-AD-MJC-38.png\",\"width\":441,\"height\":701,\"caption\":\"Association D\u00e9partementale des Maisons des Jeunes et de la Culture de l'Is\u00e8re\"},\"image\":{\"@id\":\"https:\\\/\\\/admjc38.org\\\/#\\\/schema\\\/logo\\\/image\\\/\"}}]}<\/script>\n<!-- \/ Yoast SEO plugin. -->","yoast_head_json":{"title":"Accueil - AD MJC 38","robots":{"index":"index","follow":"follow","max-snippet":"max-snippet:-1","max-image-preview":"max-image-preview:large","max-video-preview":"max-video-preview:-1"},"canonical":"https:\/\/admjc38.org\/index.php\/elementor-1107\/","og_locale":"fr_FR","og_type":"article","og_title":"Accueil - AD MJC 38","og_description":"D\u00e9couvrez l\u2019AD MJC 38, association d\u00e9partementale qui f\u00e9d\u00e8re, accompagne et valorise les Maisons des Jeunes et de la Culture, et les Maisons [&hellip;]","og_url":"https:\/\/admjc38.org\/index.php\/elementor-1107\/","og_site_name":"AD MJC 38","article_modified_time":"2026-08-31T10:23:11+00:00","og_image":[{"url":"http:\/\/admjc38.org\/wp-content\/uploads\/2025\/09\/Banniere-entree-cmjcf.fr__Faitesvousdulien.png","type":"","width":"","height":""}],"twitter_card":"summary_large_image","twitter_misc":{"Dur\u00e9e de lecture estim\u00e9e":"4 minutes"},"schema":{"@context":"https:\/\/schema.org","@graph":[{"@type":"WebPage","@id":"https:\/\/admjc38.org\/index.php\/elementor-1107\/","url":"https:\/\/admjc38.org\/index.php\/elementor-1107\/","name":"Accueil - AD MJC 38","isPartOf":{"@id":"https:\/\/admjc38.org\/#website"},"primaryImageOfPage":{"@id":"https:\/\/admjc38.org\/index.php\/elementor-1107\/#primaryimage"},"image":{"@id":"https:\/\/admjc38.org\/index.php\/elementor-1107\/#primaryimage"},"thumbnailUrl":"http:\/\/admjc38.org\/wp-content\/uploads\/2025\/09\/Banniere-entree-cmjcf.fr__Faitesvousdulien.png","datePublished":"2026-08-31T09:29:43+00:00","dateModified":"2026-08-31T10:23:11+00:00","breadcrumb":{"@id":"https:\/\/admjc38.org\/index.php\/elementor-1107\/#breadcrumb"},"inLanguage":"fr-FR","potentialAction":[{"@type":"ReadAction","target":["https:\/\/admjc38.org\/index.php\/elementor-1107\/"]}]},{"@type":"ImageObject","inLanguage":"fr-FR","@id":"https:\/\/admjc38.org\/index.php\/elementor-1107\/#primaryimage","url":"http:\/\/admjc38.org\/wp-content\/uploads\/2025\/09\/Banniere-entree-cmjcf.fr__Faitesvousdulien.png","contentUrl":"http:\/\/admjc38.org\/wp-content\/uploads\/2025\/09\/Banniere-entree-cmjcf.fr__Faitesvousdulien.png"},{"@type":"BreadcrumbList","@id":"https:\/\/admjc38.org\/index.php\/elementor-1107\/#breadcrumb","itemListElement":[{"@type":"ListItem","position":1,"name":"Accueil","item":"https:\/\/admjc38.org\/"},{"@type":"ListItem","position":2,"name":"Accueil"}]},{"@type":"WebSite","@id":"https:\/\/admjc38.org\/#website","url":"https:\/\/admjc38.org\/","name":"AD MJC 38","description":"Le site des Maisons des Jeunes et de la Culture de l\u2019Is\u00e8re\u00a0","publisher":{"@id":"https:\/\/admjc38.org\/#organization"},"potentialAction":[{"@type":"SearchAction","target":{"@type":"EntryPoint","urlTemplate":"https:\/\/admjc38.org\/?s={search_term_string}"},"query-input":{"@type":"PropertyValueSpecification","valueRequired":true,"valueName":"search_term_string"}}],"inLanguage":"fr-FR"},{"@type":"Organization","@id":"https:\/\/admjc38.org\/#organization","name":"Association D\u00e9partementale des Maisons des Jeunes et de la Culture de l'Is\u00e8re","url":"https:\/\/admjc38.org\/","logo":{"@type":"ImageObject","inLanguage":"fr-FR","@id":"https:\/\/admjc38.org\/#\/schema\/logo\/image\/","url":"https:\/\/admjc38.org\/wp-content\/uploads\/2024\/01\/Logo-AD-MJC-38.png","contentUrl":"https:\/\/admjc38.org\/wp-content\/uploads\/2024\/01\/Logo-AD-MJC-38.png","width":441,"height":701,"caption":"Association D\u00e9partementale des Maisons des Jeunes et de la Culture de l'Is\u00e8re"},"image":{"@id":"https:\/\/admjc38.org\/#\/schema\/logo\/image\/"}}]}},"_links":{"self":[{"href":"https:\/\/admjc38.org\/index.php\/wp-json\/wp\/v2\/pages\/1107","targetHints":{"allow":["GET"]}}],"collection":[{"href":"https:\/\/admjc38.org\/index.php\/wp-json\/wp\/v2\/pages"}],"about":[{"href":"https:\/\/admjc38.org\/index.php\/wp-json\/wp\/v2\/types\/page"}],"author":[{"embeddable":true,"href":"https:\/\/admjc38.org\/index.php\/wp-json\/wp\/v2\/users\/3"}],"replies":[{"embeddable":true,"href":"https:\/\/admjc38.org\/index.php\/wp-json\/wp\/v2\/comments?post=1107"}],"version-history":[{"count":59,"href":"https:\/\/admjc38.org\/index.php\/wp-json\/wp\/v2\/pages\/1107\/revisions"}],"predecessor-version":[{"id":1175,"href":"https:\/\/admjc38.org\/index.php\/wp-json\/wp\/v2\/pages\/1107\/revisions\/1175"}],"wp:attachment":[{"href":"https:\/\/admjc38.org\/index.php\/wp-json\/wp\/v2\/media?parent=1107"}],"curies":[{"name":"wp","href":"https:\/\/api.w.org\/{rel}","templated":true}]}}