{"id":211,"date":"2024-11-24T12:50:15","date_gmt":"2024-11-24T11:50:15","guid":{"rendered":"https:\/\/admjc38.org\/?page_id=211"},"modified":"2025-09-11T10:30:29","modified_gmt":"2025-09-11T08:30:29","slug":"histoire-mjc-isere-maisons-des-jeunes","status":"publish","type":"page","link":"https:\/\/admjc38.org\/index.php\/histoire-mjc-isere-maisons-des-jeunes\/","title":{"rendered":"Notre histoire"},"content":{"rendered":"\t\t<div data-elementor-type=\"wp-page\" data-elementor-id=\"211\" class=\"elementor elementor-211\" data-elementor-post-type=\"page\">\n\t\t\t\t<div class=\"elementor-element elementor-element-171d4df e-flex e-con-boxed e-con e-parent\" data-id=\"171d4df\" data-element_type=\"container\">\n\t\t\t\t\t<div class=\"e-con-inner\">\n\t\t\t\t<div class=\"elementor-element elementor-element-40a1e0c elementor-widget elementor-widget-heading\" data-id=\"40a1e0c\" data-element_type=\"widget\" data-widget_type=\"heading.default\">\n\t\t\t\t<div class=\"elementor-widget-container\">\n\t\t\t<h4 class=\"elementor-heading-title elementor-size-default\">Une histoire des MJC et MPT de l'Is\u00e8re<\/h4>\t\t<\/div>\n\t\t\t\t<\/div>\n\t\t\t\t\t<\/div>\n\t\t\t\t<\/div>\n\t\t<div class=\"elementor-element elementor-element-0de3777 e-flex e-con-boxed e-con e-parent\" data-id=\"0de3777\" data-element_type=\"container\">\n\t\t\t\t\t<div class=\"e-con-inner\">\n\t\t\t\t<div class=\"elementor-element elementor-element-4da310f elementor-widget elementor-widget-text-editor\" data-id=\"4da310f\" data-element_type=\"widget\" data-widget_type=\"text-editor.default\">\n\t\t\t\t<div class=\"elementor-widget-container\">\n\t\t\t\t\t\t\t<p>Les Maisons des Jeunes et de la Culture en Is\u00e8re existent depuis plus de 60 ans. Certaines ont \u00e9t\u00e9 cr\u00e9\u00e9es juste apr\u00e8s la deuxi\u00e8me guerre mondiale. La premi\u00e8re MJC de l\u2019histoire est n\u00e9e pr\u00e8s d\u2019ici, \u00e0 Roman sur Is\u00e8re en 1940. Plusieurs membres de l\u2019\u00e9cole d\u2019Uriage ont particip\u00e9 \u00e0 la cr\u00e9ation du mouvement d\u2019\u00e9ducation populaire d\u00e8s 1945.<\/p><p>L\u2019essor des MJC en France \u00e0 partir des ann\u00e9es 60 sera fulgurant et on comptera 1200 MJC en 1970. Elles sont affili\u00e9es \u00e0 la F\u00e9d\u00e9ration Fran\u00e7aise des MJC pr\u00e9sid\u00e9e par Andr\u00e9 Philip, le cr\u00e9ateur de la r\u00e9publique des jeunes \u00e0 Lyon en 1944. En 1975, pour les 30 ans de la r\u00e9publique des jeunes, les MJC peuvent s\u2019appeler aussi \u00ab\u00a0Maison Pour Tous\u00a0\u00bb.<\/p><p>En Is\u00e8re on d\u00e9nombre jusqu\u2019\u00e0 70 maisons lab\u00e9lis\u00e9es \u00ab\u00a0Jeunesse et Education Populaire\u00a0\u00bb dont plus d\u2019une vingtaine sur le territoire de la m\u00e9tropole de Grenoble. C\u2019est aujourd\u2019hui le troisi\u00e8me r\u00e9seau en nombre de structures apr\u00e8s Paris et Lyon. C\u2019est dire si les MJC ont fait partie de la politique jeunesse et culturelle de la ville et du d\u00e9partement ces 50 derni\u00e8res ann\u00e9es. A Grenoble, les MJC ont jou\u00e9 un r\u00f4le important sur le plan de l\u2019animation socioculturelle notamment dans les nouveaux quartiers compos\u00e9s de grands ensembles construits sous le mandat d\u2019Hubert Dubedou.<\/p><p>Beaucoup d\u2019autres MJC et MPT de l\u2019Is\u00e8re sont implant\u00e9es en milieu rural comme 50% de ces structures en France.<\/p><p>Les MJC et MPT de l\u2019Is\u00e8re \u00e9taient affili\u00e9es \u00e0 la f\u00e9d\u00e9ration r\u00e9gionale des MJC Rh\u00f4ne-Alpes qui a \u00e9t\u00e9 liquid\u00e9e en 2016 tout comme la f\u00e9d\u00e9ration r\u00e9gional des MJC en Auvergne. Les MJC et MPT de la nouvelle r\u00e9gion Auvergne Rh\u00f4ne-Alpes se sont alors r\u00e9organis\u00e9es en r\u00e9seaux d\u00e9partementaux.<\/p><p>On en d\u00e9nombre actuellement six\u00a0:<\/p><ul><li>Association D\u00e9partementale des MJC de la Loire (42) (8 salari\u00e9s)<\/li><li>Association D\u00e9partementale des MJC des Savoie (73\/74) (2 salari\u00e9s)<\/li><li>R\u00e9seau Rh\u00f4ne \u00b7 Ain \u00b7 Sa\u00f4ne (R2AS) \u2013 Union Territoriale des MJC (69\/01\/71) (3 salari\u00e9s)<\/li><li>Union Bi d\u00e9partementale des MJC en Dr\u00f4me Ard\u00e8che (26\/07) (4 salari\u00e9s)<\/li><li>R\u00e9seau des MJC du Bourbonnais et de l\u2019Auvergne (1 salari\u00e9 \u00e0 temps partiel)<\/li><li>Association D\u00e9partementale des MJC de l\u2019Is\u00e8re (1 salari\u00e9)<\/li><\/ul><p>\u00a0<br \/><br \/>L\u2019histoire et le contexte du r\u00e9seau des MJC en Is\u00e8re depuis n\u2019a pas permis une structuration et un d\u00e9veloppement \u00e9quivalent aux autres d\u00e9partements de la r\u00e9gion Auvergne-Rh\u00f4ne-Alpes o\u00f9 les MJC et MPT sont notamment accompagn\u00e9s par une \u00e9quipe de professionnels pour l\u2019animation du r\u00e9seau.<\/p><p>En 2021, un animateur national d\u00e9marre avec la Plateforme r\u00e9gionale AURA un travail de diagnostic territorial dans le r\u00e9seau Is\u00e9rois. L\u2019objectif est d\u2019\u00e9valuer le fonctionnement des maisons, leurs ressources mais aussi leurs besoins. Plusieurs ateliers participatifs sont organis\u00e9s pour travailler sur les valeurs et les atouts communs, les besoins partag\u00e9s et les apports b\u00e9n\u00e9fiques du collectif.<\/p><p>A l\u2019issue de ces ateliers, la cr\u00e9ation d\u2019un poste salari\u00e9 pour le r\u00e9seau est pl\u00e9biscit\u00e9e <i>\u00ab pour renforcer la dynamique collective, avec des projets communs port\u00e9s par le d\u00e9partement pour le d\u00e9partement. Le salari\u00e9, v\u00e9ritable r\u00e9f\u00e9rent sur le territoire agira comme un catalyseur, coordinateur et facilitateur pour les projets et le collectif sur le territoire \u00bb. <\/i><\/p><p>En ao\u00fbt 2024, le poste d\u2019animateur du r\u00e9seau des MJC de l\u2019Is\u00e8re est finalement cr\u00e9\u00e9 et un charg\u00e9 de mission est recrut\u00e9 en CDD d\u2019un an.<\/p>\t\t\t\t\t\t<\/div>\n\t\t\t\t<\/div>\n\t\t\t\t\t<\/div>\n\t\t\t\t<\/div>\n\t\t<div class=\"elementor-element elementor-element-934b27e e-flex e-con-boxed e-con e-parent\" data-id=\"934b27e\" data-element_type=\"container\">\n\t\t\t\t\t<div class=\"e-con-inner\">\n\t\t\t\t<div class=\"elementor-element elementor-element-b3b5159 elementor-align-center elementor-widget elementor-widget-button\" data-id=\"b3b5159\" data-element_type=\"widget\" data-widget_type=\"button.default\">\n\t\t\t\t<div class=\"elementor-widget-container\">\n\t\t\t\t\t\t\t<div class=\"elementor-button-wrapper\">\n\t\t\t\t\t<a class=\"elementor-button elementor-button-link elementor-size-sm\" href=\"https:\/\/admjc38.org\/index.php\/contact\/\">\n\t\t\t\t\t\t<span class=\"elementor-button-content-wrapper\">\n\t\t\t\t\t\t\t\t\t<span class=\"elementor-button-text\">Nous contacter<\/span>\n\t\t\t\t\t<\/span>\n\t\t\t\t\t<\/a>\n\t\t\t\t<\/div>\n\t\t\t\t\t\t<\/div>\n\t\t\t\t<\/div>\n\t\t\t\t\t<\/div>\n\t\t\t\t<\/div>\n\t\t\t\t<\/div>\n\t\t","protected":false},"excerpt":{"rendered":"<p>Une histoire des MJC et MPT de l&rsquo;Is\u00e8re Les Maisons des Jeunes et de la Culture en Is\u00e8re existent depuis plus de [&hellip;]<\/p>\n","protected":false},"author":2,"featured_media":0,"parent":0,"menu_order":0,"comment_status":"closed","ping_status":"closed","template":"","meta":{"footnotes":""},"class_list":["post-211","page","type-page","status-publish","hentry"],"yoast_head":"<!-- This site is optimized with the Yoast SEO plugin v24.8 - https:\/\/yoast.com\/wordpress\/plugins\/seo\/ -->\n<title>Notre histoire - AD MJC 38<\/title>\n<meta name=\"description\" content=\"D\u00e9couvrez l\u2019histoire, les valeurs et l&#039;engagement de l\u2019AD MJC 38, acteur cl\u00e9 de l\u2019\u00e9ducation populaire en Is\u00e8re depuis plus de 60 ans\" \/>\n<meta name=\"robots\" content=\"index, follow, max-snippet:-1, max-image-preview:large, max-video-preview:-1\" \/>\n<link rel=\"canonical\" href=\"https:\/\/admjc38.org\/index.php\/histoire-mjc-isere-maisons-des-jeunes\/\" \/>\n<meta property=\"og:locale\" content=\"fr_FR\" \/>\n<meta property=\"og:type\" content=\"article\" \/>\n<meta property=\"og:title\" content=\"Notre histoire - AD MJC 38\" \/>\n<meta property=\"og:description\" content=\"D\u00e9couvrez l\u2019histoire, les valeurs et l&#039;engagement de l\u2019AD MJC 38, acteur cl\u00e9 de l\u2019\u00e9ducation populaire en Is\u00e8re depuis plus de 60 ans\" \/>\n<meta property=\"og:url\" content=\"https:\/\/admjc38.org\/index.php\/histoire-mjc-isere-maisons-des-jeunes\/\" \/>\n<meta property=\"og:site_name\" content=\"AD MJC 38\" \/>\n<meta property=\"article:modified_time\" content=\"2025-09-11T08:30:29+00:00\" \/>\n<meta name=\"twitter:card\" content=\"summary_large_image\" \/>\n<meta name=\"twitter:label1\" content=\"Dur\u00e9e de lecture estim\u00e9e\" \/>\n\t<meta name=\"twitter:data1\" content=\"3 minutes\" \/>\n<script type=\"application\/ld+json\" class=\"yoast-schema-graph\">{\"@context\":\"https:\/\/schema.org\",\"@graph\":[{\"@type\":\"WebPage\",\"@id\":\"https:\/\/admjc38.org\/index.php\/histoire-mjc-isere-maisons-des-jeunes\/\",\"url\":\"https:\/\/admjc38.org\/index.php\/histoire-mjc-isere-maisons-des-jeunes\/\",\"name\":\"Notre histoire - AD MJC 38\",\"isPartOf\":{\"@id\":\"https:\/\/admjc38.org\/#website\"},\"datePublished\":\"2024-11-24T11:50:15+00:00\",\"dateModified\":\"2025-09-11T08:30:29+00:00\",\"description\":\"D\u00e9couvrez l\u2019histoire, les valeurs et l'engagement de l\u2019AD MJC 38, acteur cl\u00e9 de l\u2019\u00e9ducation populaire en Is\u00e8re depuis plus de 60 ans\",\"breadcrumb\":{\"@id\":\"https:\/\/admjc38.org\/index.php\/histoire-mjc-isere-maisons-des-jeunes\/#breadcrumb\"},\"inLanguage\":\"fr-FR\",\"potentialAction\":[{\"@type\":\"ReadAction\",\"target\":[\"https:\/\/admjc38.org\/index.php\/histoire-mjc-isere-maisons-des-jeunes\/\"]}]},{\"@type\":\"BreadcrumbList\",\"@id\":\"https:\/\/admjc38.org\/index.php\/histoire-mjc-isere-maisons-des-jeunes\/#breadcrumb\",\"itemListElement\":[{\"@type\":\"ListItem\",\"position\":1,\"name\":\"Accueil\",\"item\":\"https:\/\/admjc38.org\/\"},{\"@type\":\"ListItem\",\"position\":2,\"name\":\"Notre histoire\"}]},{\"@type\":\"WebSite\",\"@id\":\"https:\/\/admjc38.org\/#website\",\"url\":\"https:\/\/admjc38.org\/\",\"name\":\"AD MJC 38\",\"description\":\"Le site des Maisons des Jeunes et de la Culture de l\u2019Is\u00e8re\u00a0\",\"publisher\":{\"@id\":\"https:\/\/admjc38.org\/#organization\"},\"potentialAction\":[{\"@type\":\"SearchAction\",\"target\":{\"@type\":\"EntryPoint\",\"urlTemplate\":\"https:\/\/admjc38.org\/?s={search_term_string}\"},\"query-input\":{\"@type\":\"PropertyValueSpecification\",\"valueRequired\":true,\"valueName\":\"search_term_string\"}}],\"inLanguage\":\"fr-FR\"},{\"@type\":\"Organization\",\"@id\":\"https:\/\/admjc38.org\/#organization\",\"name\":\"Association D\u00e9partementale des Maisons des Jeunes et de la Culture de l'Is\u00e8re\",\"url\":\"https:\/\/admjc38.org\/\",\"logo\":{\"@type\":\"ImageObject\",\"inLanguage\":\"fr-FR\",\"@id\":\"https:\/\/admjc38.org\/#\/schema\/logo\/image\/\",\"url\":\"https:\/\/admjc38.org\/wp-content\/uploads\/2024\/01\/Logo-AD-MJC-38.png\",\"contentUrl\":\"https:\/\/admjc38.org\/wp-content\/uploads\/2024\/01\/Logo-AD-MJC-38.png\",\"width\":441,\"height\":701,\"caption\":\"Association D\u00e9partementale des Maisons des Jeunes et de la Culture de l'Is\u00e8re\"},\"image\":{\"@id\":\"https:\/\/admjc38.org\/#\/schema\/logo\/image\/\"}}]}<\/script>\n<!-- \/ Yoast SEO plugin. -->","yoast_head_json":{"title":"Notre histoire - AD MJC 38","description":"D\u00e9couvrez l\u2019histoire, les valeurs et l'engagement de l\u2019AD MJC 38, acteur cl\u00e9 de l\u2019\u00e9ducation populaire en Is\u00e8re depuis plus de 60 ans","robots":{"index":"index","follow":"follow","max-snippet":"max-snippet:-1","max-image-preview":"max-image-preview:large","max-video-preview":"max-video-preview:-1"},"canonical":"https:\/\/admjc38.org\/index.php\/histoire-mjc-isere-maisons-des-jeunes\/","og_locale":"fr_FR","og_type":"article","og_title":"Notre histoire - AD MJC 38","og_description":"D\u00e9couvrez l\u2019histoire, les valeurs et l'engagement de l\u2019AD MJC 38, acteur cl\u00e9 de l\u2019\u00e9ducation populaire en Is\u00e8re depuis plus de 60 ans","og_url":"https:\/\/admjc38.org\/index.php\/histoire-mjc-isere-maisons-des-jeunes\/","og_site_name":"AD MJC 38","article_modified_time":"2025-09-11T08:30:29+00:00","twitter_card":"summary_large_image","twitter_misc":{"Dur\u00e9e de lecture estim\u00e9e":"3 minutes"},"schema":{"@context":"https:\/\/schema.org","@graph":[{"@type":"WebPage","@id":"https:\/\/admjc38.org\/index.php\/histoire-mjc-isere-maisons-des-jeunes\/","url":"https:\/\/admjc38.org\/index.php\/histoire-mjc-isere-maisons-des-jeunes\/","name":"Notre histoire - AD MJC 38","isPartOf":{"@id":"https:\/\/admjc38.org\/#website"},"datePublished":"2024-11-24T11:50:15+00:00","dateModified":"2025-09-11T08:30:29+00:00","description":"D\u00e9couvrez l\u2019histoire, les valeurs et l'engagement de l\u2019AD MJC 38, acteur cl\u00e9 de l\u2019\u00e9ducation populaire en Is\u00e8re depuis plus de 60 ans","breadcrumb":{"@id":"https:\/\/admjc38.org\/index.php\/histoire-mjc-isere-maisons-des-jeunes\/#breadcrumb"},"inLanguage":"fr-FR","potentialAction":[{"@type":"ReadAction","target":["https:\/\/admjc38.org\/index.php\/histoire-mjc-isere-maisons-des-jeunes\/"]}]},{"@type":"BreadcrumbList","@id":"https:\/\/admjc38.org\/index.php\/histoire-mjc-isere-maisons-des-jeunes\/#breadcrumb","itemListElement":[{"@type":"ListItem","position":1,"name":"Accueil","item":"https:\/\/admjc38.org\/"},{"@type":"ListItem","position":2,"name":"Notre histoire"}]},{"@type":"WebSite","@id":"https:\/\/admjc38.org\/#website","url":"https:\/\/admjc38.org\/","name":"AD MJC 38","description":"Le site des Maisons des Jeunes et de la Culture de l\u2019Is\u00e8re\u00a0","publisher":{"@id":"https:\/\/admjc38.org\/#organization"},"potentialAction":[{"@type":"SearchAction","target":{"@type":"EntryPoint","urlTemplate":"https:\/\/admjc38.org\/?s={search_term_string}"},"query-input":{"@type":"PropertyValueSpecification","valueRequired":true,"valueName":"search_term_string"}}],"inLanguage":"fr-FR"},{"@type":"Organization","@id":"https:\/\/admjc38.org\/#organization","name":"Association D\u00e9partementale des Maisons des Jeunes et de la Culture de l'Is\u00e8re","url":"https:\/\/admjc38.org\/","logo":{"@type":"ImageObject","inLanguage":"fr-FR","@id":"https:\/\/admjc38.org\/#\/schema\/logo\/image\/","url":"https:\/\/admjc38.org\/wp-content\/uploads\/2024\/01\/Logo-AD-MJC-38.png","contentUrl":"https:\/\/admjc38.org\/wp-content\/uploads\/2024\/01\/Logo-AD-MJC-38.png","width":441,"height":701,"caption":"Association D\u00e9partementale des Maisons des Jeunes et de la Culture de l'Is\u00e8re"},"image":{"@id":"https:\/\/admjc38.org\/#\/schema\/logo\/image\/"}}]}},"_links":{"self":[{"href":"https:\/\/admjc38.org\/index.php\/wp-json\/wp\/v2\/pages\/211","targetHints":{"allow":["GET"]}}],"collection":[{"href":"https:\/\/admjc38.org\/index.php\/wp-json\/wp\/v2\/pages"}],"about":[{"href":"https:\/\/admjc38.org\/index.php\/wp-json\/wp\/v2\/types\/page"}],"author":[{"embeddable":true,"href":"https:\/\/admjc38.org\/index.php\/wp-json\/wp\/v2\/users\/2"}],"replies":[{"embeddable":true,"href":"https:\/\/admjc38.org\/index.php\/wp-json\/wp\/v2\/comments?post=211"}],"version-history":[{"count":17,"href":"https:\/\/admjc38.org\/index.php\/wp-json\/wp\/v2\/pages\/211\/revisions"}],"predecessor-version":[{"id":523,"href":"https:\/\/admjc38.org\/index.php\/wp-json\/wp\/v2\/pages\/211\/revisions\/523"}],"wp:attachment":[{"href":"https:\/\/admjc38.org\/index.php\/wp-json\/wp\/v2\/media?parent=211"}],"curies":[{"name":"wp","href":"https:\/\/api.w.org\/{rel}","templated":true}]}}