{"id":260,"date":"2024-11-24T13:04:54","date_gmt":"2024-11-24T12:04:54","guid":{"rendered":"https:\/\/admjc38.org\/?page_id=260"},"modified":"2025-10-09T15:44:31","modified_gmt":"2025-10-09T13:44:31","slug":"conseil-administration-mjc-isere","status":"publish","type":"page","link":"https:\/\/admjc38.org\/index.php\/conseil-administration-mjc-isere\/","title":{"rendered":"Conseil d&rsquo;administration"},"content":{"rendered":"\t\t<div data-elementor-type=\"wp-page\" data-elementor-id=\"260\" class=\"elementor elementor-260\" data-elementor-post-type=\"page\">\n\t\t\t\t<div class=\"elementor-element elementor-element-272781a e-flex e-con-boxed e-con e-parent\" data-id=\"272781a\" data-element_type=\"container\">\n\t\t\t\t\t<div class=\"e-con-inner\">\n\t\t\t\t<div class=\"elementor-element elementor-element-775f182 elementor-widget elementor-widget-heading\" data-id=\"775f182\" data-element_type=\"widget\" data-widget_type=\"heading.default\">\n\t\t\t\t<div class=\"elementor-widget-container\">\n\t\t\t<h4 class=\"elementor-heading-title elementor-size-default\">Pr\u00e9sentation de notre conseil d'administration<\/h4>\t\t<\/div>\n\t\t\t\t<\/div>\n\t\t\t\t\t<\/div>\n\t\t\t\t<\/div>\n\t\t<div class=\"elementor-element elementor-element-f4db19d e-flex e-con-boxed e-con e-parent\" data-id=\"f4db19d\" data-element_type=\"container\">\n\t\t\t\t\t<div class=\"e-con-inner\">\n\t\t\t\t<div class=\"elementor-element elementor-element-ab94a8d elementor-widget elementor-widget-image\" data-id=\"ab94a8d\" data-element_type=\"widget\" data-widget_type=\"image.default\">\n\t\t\t\t<div class=\"elementor-widget-container\">\n\t\t\t\t\t\t\t\t\t\t<figure class=\"wp-caption\">\n\t\t\t\t\t\t\t\t\t\t<img fetchpriority=\"high\" decoding=\"async\" width=\"1024\" height=\"576\" src=\"https:\/\/admjc38.org\/wp-content\/uploads\/2024\/11\/conseil-AD38-1024x576.jpg\" class=\"attachment-large size-large wp-image-268\" alt=\"\" srcset=\"https:\/\/admjc38.org\/wp-content\/uploads\/2024\/11\/conseil-AD38-1024x576.jpg 1024w, https:\/\/admjc38.org\/wp-content\/uploads\/2024\/11\/conseil-AD38-300x169.jpg 300w, https:\/\/admjc38.org\/wp-content\/uploads\/2024\/11\/conseil-AD38-768x432.jpg 768w, https:\/\/admjc38.org\/wp-content\/uploads\/2024\/11\/conseil-AD38-1536x864.jpg 1536w, https:\/\/admjc38.org\/wp-content\/uploads\/2024\/11\/conseil-AD38-1000x563.jpg 1000w, https:\/\/admjc38.org\/wp-content\/uploads\/2024\/11\/conseil-AD38-230x129.jpg 230w, https:\/\/admjc38.org\/wp-content\/uploads\/2024\/11\/conseil-AD38-350x197.jpg 350w, https:\/\/admjc38.org\/wp-content\/uploads\/2024\/11\/conseil-AD38-480x270.jpg 480w, https:\/\/admjc38.org\/wp-content\/uploads\/2024\/11\/conseil-AD38.jpg 1600w\" sizes=\"(max-width: 1024px) 100vw, 1024px\" \/>\t\t\t\t\t\t\t\t\t\t\t<figcaption class=\"widget-image-caption wp-caption-text\">Les membres du conseil<\/figcaption>\n\t\t\t\t\t\t\t\t\t\t<\/figure>\n\t\t\t\t\t\t\t<\/div>\n\t\t\t\t<\/div>\n\t\t\t\t<div class=\"elementor-element elementor-element-d17c54d elementor-widget elementor-widget-text-editor\" data-id=\"d17c54d\" data-element_type=\"widget\" data-widget_type=\"text-editor.default\">\n\t\t\t\t<div class=\"elementor-widget-container\">\n\t\t\t\t\t\t\t<h5>Tableau de coordonn\u00e9es des membres du CA :<\/h5>\t\t\t\t\t\t<\/div>\n\t\t\t\t<\/div>\n\t\t\t\t\t<\/div>\n\t\t\t\t<\/div>\n\t\t<div class=\"elementor-element elementor-element-4cd9f94 e-flex e-con-boxed e-con e-parent\" data-id=\"4cd9f94\" data-element_type=\"container\">\n\t\t\t\t\t<div class=\"e-con-inner\">\n\t\t\t\t<div class=\"elementor-element elementor-element-50cd51d elementor-widget elementor-widget-image\" data-id=\"50cd51d\" data-element_type=\"widget\" data-widget_type=\"image.default\">\n\t\t\t\t<div class=\"elementor-widget-container\">\n\t\t\t\t\t\t\t\t\t\t\t\t\t<img decoding=\"async\" width=\"1024\" height=\"297\" src=\"https:\/\/admjc38.org\/wp-content\/uploads\/2025\/10\/Coordonnees-administrateurs-AD38-1024x297.jpg\" class=\"attachment-large size-large wp-image-822\" alt=\"\" srcset=\"https:\/\/admjc38.org\/wp-content\/uploads\/2025\/10\/Coordonnees-administrateurs-AD38-1024x297.jpg 1024w, https:\/\/admjc38.org\/wp-content\/uploads\/2025\/10\/Coordonnees-administrateurs-AD38-300x87.jpg 300w, https:\/\/admjc38.org\/wp-content\/uploads\/2025\/10\/Coordonnees-administrateurs-AD38-768x223.jpg 768w, https:\/\/admjc38.org\/wp-content\/uploads\/2025\/10\/Coordonnees-administrateurs-AD38-1536x445.jpg 1536w, https:\/\/admjc38.org\/wp-content\/uploads\/2025\/10\/Coordonnees-administrateurs-AD38-2048x594.jpg 2048w, https:\/\/admjc38.org\/wp-content\/uploads\/2025\/10\/Coordonnees-administrateurs-AD38-1000x290.jpg 1000w, https:\/\/admjc38.org\/wp-content\/uploads\/2025\/10\/Coordonnees-administrateurs-AD38-230x67.jpg 230w, https:\/\/admjc38.org\/wp-content\/uploads\/2025\/10\/Coordonnees-administrateurs-AD38-350x102.jpg 350w, https:\/\/admjc38.org\/wp-content\/uploads\/2025\/10\/Coordonnees-administrateurs-AD38-480x139.jpg 480w\" sizes=\"(max-width: 1024px) 100vw, 1024px\" \/>\t\t\t\t\t\t\t\t\t\t\t\t\t<\/div>\n\t\t\t\t<\/div>\n\t\t\t\t\t<\/div>\n\t\t\t\t<\/div>\n\t\t\t\t<\/div>\n\t\t","protected":false},"excerpt":{"rendered":"<p>Pr\u00e9sentation de notre conseil d&rsquo;administration Les membres du conseil Tableau de coordonn\u00e9es des membres du CA :<\/p>\n","protected":false},"author":2,"featured_media":0,"parent":0,"menu_order":0,"comment_status":"closed","ping_status":"closed","template":"","meta":{"footnotes":""},"class_list":["post-260","page","type-page","status-publish","hentry"],"yoast_head":"<!-- This site is optimized with the Yoast SEO plugin v24.8 - https:\/\/yoast.com\/wordpress\/plugins\/seo\/ -->\n<title>Conseil d&#039;administration - AD MJC 38<\/title>\n<meta name=\"description\" content=\"Le conseil d\u2019administration de la MJC Is\u00e8re r\u00e9unit des b\u00e9n\u00e9voles engag\u00e9s qui assurent la gouvernance du r\u00e9seau des MJC de l\u2019Is\u00e8re.\" \/>\n<meta name=\"robots\" content=\"index, follow, max-snippet:-1, max-image-preview:large, max-video-preview:-1\" \/>\n<link rel=\"canonical\" href=\"https:\/\/admjc38.org\/index.php\/conseil-administration-mjc-isere\/\" \/>\n<meta property=\"og:locale\" content=\"fr_FR\" \/>\n<meta property=\"og:type\" content=\"article\" \/>\n<meta property=\"og:title\" content=\"Conseil d&#039;administration - AD MJC 38\" \/>\n<meta property=\"og:description\" content=\"Le conseil d\u2019administration de la MJC Is\u00e8re r\u00e9unit des b\u00e9n\u00e9voles engag\u00e9s qui assurent la gouvernance du r\u00e9seau des MJC de l\u2019Is\u00e8re.\" \/>\n<meta property=\"og:url\" content=\"https:\/\/admjc38.org\/index.php\/conseil-administration-mjc-isere\/\" \/>\n<meta property=\"og:site_name\" content=\"AD MJC 38\" \/>\n<meta property=\"article:modified_time\" content=\"2025-10-09T13:44:31+00:00\" \/>\n<meta property=\"og:image\" content=\"https:\/\/admjc38.org\/wp-content\/uploads\/2024\/11\/conseil-AD38.jpg\" \/>\n\t<meta property=\"og:image:width\" content=\"1600\" \/>\n\t<meta property=\"og:image:height\" content=\"900\" \/>\n\t<meta property=\"og:image:type\" content=\"image\/jpeg\" \/>\n<meta name=\"twitter:card\" content=\"summary_large_image\" \/>\n<meta name=\"twitter:label1\" content=\"Dur\u00e9e de lecture estim\u00e9e\" \/>\n\t<meta name=\"twitter:data1\" content=\"1 minute\" \/>\n<script type=\"application\/ld+json\" class=\"yoast-schema-graph\">{\"@context\":\"https:\/\/schema.org\",\"@graph\":[{\"@type\":\"WebPage\",\"@id\":\"https:\/\/admjc38.org\/index.php\/conseil-administration-mjc-isere\/\",\"url\":\"https:\/\/admjc38.org\/index.php\/conseil-administration-mjc-isere\/\",\"name\":\"Conseil d'administration - AD MJC 38\",\"isPartOf\":{\"@id\":\"https:\/\/admjc38.org\/#website\"},\"primaryImageOfPage\":{\"@id\":\"https:\/\/admjc38.org\/index.php\/conseil-administration-mjc-isere\/#primaryimage\"},\"image\":{\"@id\":\"https:\/\/admjc38.org\/index.php\/conseil-administration-mjc-isere\/#primaryimage\"},\"thumbnailUrl\":\"http:\/\/admjc38.org\/wp-content\/uploads\/2024\/11\/conseil-AD38-1024x576.jpg\",\"datePublished\":\"2024-11-24T12:04:54+00:00\",\"dateModified\":\"2025-10-09T13:44:31+00:00\",\"description\":\"Le conseil d\u2019administration de la MJC Is\u00e8re r\u00e9unit des b\u00e9n\u00e9voles engag\u00e9s qui assurent la gouvernance du r\u00e9seau des MJC de l\u2019Is\u00e8re.\",\"breadcrumb\":{\"@id\":\"https:\/\/admjc38.org\/index.php\/conseil-administration-mjc-isere\/#breadcrumb\"},\"inLanguage\":\"fr-FR\",\"potentialAction\":[{\"@type\":\"ReadAction\",\"target\":[\"https:\/\/admjc38.org\/index.php\/conseil-administration-mjc-isere\/\"]}]},{\"@type\":\"ImageObject\",\"inLanguage\":\"fr-FR\",\"@id\":\"https:\/\/admjc38.org\/index.php\/conseil-administration-mjc-isere\/#primaryimage\",\"url\":\"http:\/\/admjc38.org\/wp-content\/uploads\/2024\/11\/conseil-AD38-1024x576.jpg\",\"contentUrl\":\"http:\/\/admjc38.org\/wp-content\/uploads\/2024\/11\/conseil-AD38-1024x576.jpg\"},{\"@type\":\"BreadcrumbList\",\"@id\":\"https:\/\/admjc38.org\/index.php\/conseil-administration-mjc-isere\/#breadcrumb\",\"itemListElement\":[{\"@type\":\"ListItem\",\"position\":1,\"name\":\"Accueil\",\"item\":\"https:\/\/admjc38.org\/\"},{\"@type\":\"ListItem\",\"position\":2,\"name\":\"Conseil d&rsquo;administration\"}]},{\"@type\":\"WebSite\",\"@id\":\"https:\/\/admjc38.org\/#website\",\"url\":\"https:\/\/admjc38.org\/\",\"name\":\"AD MJC 38\",\"description\":\"Le site des Maisons des Jeunes et de la Culture de l\u2019Is\u00e8re\u00a0\",\"publisher\":{\"@id\":\"https:\/\/admjc38.org\/#organization\"},\"potentialAction\":[{\"@type\":\"SearchAction\",\"target\":{\"@type\":\"EntryPoint\",\"urlTemplate\":\"https:\/\/admjc38.org\/?s={search_term_string}\"},\"query-input\":{\"@type\":\"PropertyValueSpecification\",\"valueRequired\":true,\"valueName\":\"search_term_string\"}}],\"inLanguage\":\"fr-FR\"},{\"@type\":\"Organization\",\"@id\":\"https:\/\/admjc38.org\/#organization\",\"name\":\"Association D\u00e9partementale des Maisons des Jeunes et de la Culture de l'Is\u00e8re\",\"url\":\"https:\/\/admjc38.org\/\",\"logo\":{\"@type\":\"ImageObject\",\"inLanguage\":\"fr-FR\",\"@id\":\"https:\/\/admjc38.org\/#\/schema\/logo\/image\/\",\"url\":\"https:\/\/admjc38.org\/wp-content\/uploads\/2024\/01\/Logo-AD-MJC-38.png\",\"contentUrl\":\"https:\/\/admjc38.org\/wp-content\/uploads\/2024\/01\/Logo-AD-MJC-38.png\",\"width\":441,\"height\":701,\"caption\":\"Association D\u00e9partementale des Maisons des Jeunes et de la Culture de l'Is\u00e8re\"},\"image\":{\"@id\":\"https:\/\/admjc38.org\/#\/schema\/logo\/image\/\"}}]}<\/script>\n<!-- \/ Yoast SEO plugin. -->","yoast_head_json":{"title":"Conseil d'administration - AD MJC 38","description":"Le conseil d\u2019administration de la MJC Is\u00e8re r\u00e9unit des b\u00e9n\u00e9voles engag\u00e9s qui assurent la gouvernance du r\u00e9seau des MJC de l\u2019Is\u00e8re.","robots":{"index":"index","follow":"follow","max-snippet":"max-snippet:-1","max-image-preview":"max-image-preview:large","max-video-preview":"max-video-preview:-1"},"canonical":"https:\/\/admjc38.org\/index.php\/conseil-administration-mjc-isere\/","og_locale":"fr_FR","og_type":"article","og_title":"Conseil d'administration - AD MJC 38","og_description":"Le conseil d\u2019administration de la MJC Is\u00e8re r\u00e9unit des b\u00e9n\u00e9voles engag\u00e9s qui assurent la gouvernance du r\u00e9seau des MJC de l\u2019Is\u00e8re.","og_url":"https:\/\/admjc38.org\/index.php\/conseil-administration-mjc-isere\/","og_site_name":"AD MJC 38","article_modified_time":"2025-10-09T13:44:31+00:00","og_image":[{"width":1600,"height":900,"url":"https:\/\/admjc38.org\/wp-content\/uploads\/2024\/11\/conseil-AD38.jpg","type":"image\/jpeg"}],"twitter_card":"summary_large_image","twitter_misc":{"Dur\u00e9e de lecture estim\u00e9e":"1 minute"},"schema":{"@context":"https:\/\/schema.org","@graph":[{"@type":"WebPage","@id":"https:\/\/admjc38.org\/index.php\/conseil-administration-mjc-isere\/","url":"https:\/\/admjc38.org\/index.php\/conseil-administration-mjc-isere\/","name":"Conseil d'administration - AD MJC 38","isPartOf":{"@id":"https:\/\/admjc38.org\/#website"},"primaryImageOfPage":{"@id":"https:\/\/admjc38.org\/index.php\/conseil-administration-mjc-isere\/#primaryimage"},"image":{"@id":"https:\/\/admjc38.org\/index.php\/conseil-administration-mjc-isere\/#primaryimage"},"thumbnailUrl":"http:\/\/admjc38.org\/wp-content\/uploads\/2024\/11\/conseil-AD38-1024x576.jpg","datePublished":"2024-11-24T12:04:54+00:00","dateModified":"2025-10-09T13:44:31+00:00","description":"Le conseil d\u2019administration de la MJC Is\u00e8re r\u00e9unit des b\u00e9n\u00e9voles engag\u00e9s qui assurent la gouvernance du r\u00e9seau des MJC de l\u2019Is\u00e8re.","breadcrumb":{"@id":"https:\/\/admjc38.org\/index.php\/conseil-administration-mjc-isere\/#breadcrumb"},"inLanguage":"fr-FR","potentialAction":[{"@type":"ReadAction","target":["https:\/\/admjc38.org\/index.php\/conseil-administration-mjc-isere\/"]}]},{"@type":"ImageObject","inLanguage":"fr-FR","@id":"https:\/\/admjc38.org\/index.php\/conseil-administration-mjc-isere\/#primaryimage","url":"http:\/\/admjc38.org\/wp-content\/uploads\/2024\/11\/conseil-AD38-1024x576.jpg","contentUrl":"http:\/\/admjc38.org\/wp-content\/uploads\/2024\/11\/conseil-AD38-1024x576.jpg"},{"@type":"BreadcrumbList","@id":"https:\/\/admjc38.org\/index.php\/conseil-administration-mjc-isere\/#breadcrumb","itemListElement":[{"@type":"ListItem","position":1,"name":"Accueil","item":"https:\/\/admjc38.org\/"},{"@type":"ListItem","position":2,"name":"Conseil d&rsquo;administration"}]},{"@type":"WebSite","@id":"https:\/\/admjc38.org\/#website","url":"https:\/\/admjc38.org\/","name":"AD MJC 38","description":"Le site des Maisons des Jeunes et de la Culture de l\u2019Is\u00e8re\u00a0","publisher":{"@id":"https:\/\/admjc38.org\/#organization"},"potentialAction":[{"@type":"SearchAction","target":{"@type":"EntryPoint","urlTemplate":"https:\/\/admjc38.org\/?s={search_term_string}"},"query-input":{"@type":"PropertyValueSpecification","valueRequired":true,"valueName":"search_term_string"}}],"inLanguage":"fr-FR"},{"@type":"Organization","@id":"https:\/\/admjc38.org\/#organization","name":"Association D\u00e9partementale des Maisons des Jeunes et de la Culture de l'Is\u00e8re","url":"https:\/\/admjc38.org\/","logo":{"@type":"ImageObject","inLanguage":"fr-FR","@id":"https:\/\/admjc38.org\/#\/schema\/logo\/image\/","url":"https:\/\/admjc38.org\/wp-content\/uploads\/2024\/01\/Logo-AD-MJC-38.png","contentUrl":"https:\/\/admjc38.org\/wp-content\/uploads\/2024\/01\/Logo-AD-MJC-38.png","width":441,"height":701,"caption":"Association D\u00e9partementale des Maisons des Jeunes et de la Culture de l'Is\u00e8re"},"image":{"@id":"https:\/\/admjc38.org\/#\/schema\/logo\/image\/"}}]}},"_links":{"self":[{"href":"https:\/\/admjc38.org\/index.php\/wp-json\/wp\/v2\/pages\/260","targetHints":{"allow":["GET"]}}],"collection":[{"href":"https:\/\/admjc38.org\/index.php\/wp-json\/wp\/v2\/pages"}],"about":[{"href":"https:\/\/admjc38.org\/index.php\/wp-json\/wp\/v2\/types\/page"}],"author":[{"embeddable":true,"href":"https:\/\/admjc38.org\/index.php\/wp-json\/wp\/v2\/users\/2"}],"replies":[{"embeddable":true,"href":"https:\/\/admjc38.org\/index.php\/wp-json\/wp\/v2\/comments?post=260"}],"version-history":[{"count":27,"href":"https:\/\/admjc38.org\/index.php\/wp-json\/wp\/v2\/pages\/260\/revisions"}],"predecessor-version":[{"id":825,"href":"https:\/\/admjc38.org\/index.php\/wp-json\/wp\/v2\/pages\/260\/revisions\/825"}],"wp:attachment":[{"href":"https:\/\/admjc38.org\/index.php\/wp-json\/wp\/v2\/media?parent=260"}],"curies":[{"name":"wp","href":"https:\/\/api.w.org\/{rel}","templated":true}]}}