{"id":387,"date":"2024-11-27T10:52:24","date_gmt":"2024-11-27T09:52:24","guid":{"rendered":"https:\/\/admjc38.org\/?page_id=387"},"modified":"2026-03-26T14:34:36","modified_gmt":"2026-03-26T13:34:36","slug":"nos-missions","status":"publish","type":"page","link":"https:\/\/admjc38.org\/index.php\/nos-missions\/","title":{"rendered":"Nos missions"},"content":{"rendered":"\t\t<div data-elementor-type=\"wp-page\" data-elementor-id=\"387\" class=\"elementor elementor-387\" data-elementor-post-type=\"page\">\n\t\t\t\t<div class=\"elementor-element elementor-element-5146180 e-flex e-con-boxed e-con e-parent\" data-id=\"5146180\" data-element_type=\"container\">\n\t\t\t\t\t<div class=\"e-con-inner\">\n\t\t\t\t<div class=\"elementor-element elementor-element-dc3e739 elementor-widget elementor-widget-heading\" data-id=\"dc3e739\" data-element_type=\"widget\" data-widget_type=\"heading.default\">\n\t\t\t\t<div class=\"elementor-widget-container\">\n\t\t\t<h4 class=\"elementor-heading-title elementor-size-default\">Nos missions<\/h4>\t\t<\/div>\n\t\t\t\t<\/div>\n\t\t\t\t\t<\/div>\n\t\t\t\t<\/div>\n\t\t<div class=\"elementor-element elementor-element-c5486e9 e-flex e-con-boxed e-con e-parent\" data-id=\"c5486e9\" data-element_type=\"container\">\n\t\t\t\t\t<div class=\"e-con-inner\">\n\t\t\t\t<div class=\"elementor-element elementor-element-70c3af0 elementor-widget elementor-widget-text-editor\" data-id=\"70c3af0\" data-element_type=\"widget\" data-widget_type=\"text-editor.default\">\n\t\t\t\t<div class=\"elementor-widget-container\">\n\t\t\t\t\t\t\t<p>L&rsquo;Association D\u00e9partementale des MJC de l\u2019Is\u00e8re est affili\u00e9e la Plateforme R\u00e9gionale des MJC en Rh\u00f4ne-Alpes \u00a0\u00bb et \u00e0 la Conf\u00e9d\u00e9ration des MJC de France. Nos missions sont de favoriser les \u00e9changes, la liaison et la coop\u00e9ration entre les MJC et MPT du territoire, notamment dans les domaines :<\/p><ul><li><p>Des relations avec les collectivit\u00e9s locales, d\u00e9partementales, r\u00e9gionales, europ\u00e9enne et d&rsquo;autres partenaires dans le cadre de ses actions.<\/p><\/li><li><p>De la formation des b\u00e9n\u00e9voles, animateurs et responsables des MJC et MPT<\/p><\/li><li><p>Des actions communes aux MJC, dans tous leurs champs d&rsquo;activit\u00e9s (loisir, culture, sport, information, formation, apprentissage de la citoyennet\u00e9, \u00e9changes internationaux, etc.)<\/p><\/li><li><p>Du d\u00e9veloppement des MJC par la mise en commun de moyens mat\u00e9riels et humains.<\/p><\/li><li><p>De l&rsquo;organisation de r\u00e9unions diverses et de journ\u00e9es d&rsquo;\u00e9tude.<\/p><\/li><li><p>De la cr\u00e9ation et de la gestion de services et de mat\u00e9riels communs.<\/p><\/li><\/ul><p>Et tout autre domaine suivant les demandes des MJC et MPT du territoire concern\u00e9.<\/p><p>L\u2019AD MJC 38 joue le r\u00f4le d\u2019une \u00ab t\u00eate de r\u00e9seau \u00bb du premier r\u00e9seau de jeunesse et d\u2019\u00e9ducation populaire de l\u2019Is\u00e8re.<\/p>\t\t\t\t\t\t<\/div>\n\t\t\t\t<\/div>\n\t\t\t\t\t<\/div>\n\t\t\t\t<\/div>\n\t\t<div class=\"elementor-element elementor-element-d4d7bee e-flex e-con-boxed e-con e-parent\" data-id=\"d4d7bee\" data-element_type=\"container\">\n\t\t\t\t\t<div class=\"e-con-inner\">\n\t\t\t\t<div class=\"elementor-element elementor-element-3bb18c2 elementor-widget elementor-widget-image\" data-id=\"3bb18c2\" data-element_type=\"widget\" data-widget_type=\"image.default\">\n\t\t\t\t<div class=\"elementor-widget-container\">\n\t\t\t\t\t\t\t\t\t\t\t\t\t<img fetchpriority=\"high\" decoding=\"async\" width=\"1024\" height=\"480\" src=\"https:\/\/admjc38.org\/wp-content\/uploads\/2024\/11\/adasi-ad38-1024x480.jpg\" class=\"attachment-large size-large wp-image-393\" alt=\"\" srcset=\"https:\/\/admjc38.org\/wp-content\/uploads\/2024\/11\/adasi-ad38-1024x480.jpg 1024w, https:\/\/admjc38.org\/wp-content\/uploads\/2024\/11\/adasi-ad38-300x140.jpg 300w, https:\/\/admjc38.org\/wp-content\/uploads\/2024\/11\/adasi-ad38-768x360.jpg 768w, https:\/\/admjc38.org\/wp-content\/uploads\/2024\/11\/adasi-ad38-1000x468.jpg 1000w, https:\/\/admjc38.org\/wp-content\/uploads\/2024\/11\/adasi-ad38-230x108.jpg 230w, https:\/\/admjc38.org\/wp-content\/uploads\/2024\/11\/adasi-ad38-350x164.jpg 350w, https:\/\/admjc38.org\/wp-content\/uploads\/2024\/11\/adasi-ad38-480x225.jpg 480w, https:\/\/admjc38.org\/wp-content\/uploads\/2024\/11\/adasi-ad38.jpg 1245w\" sizes=\"(max-width: 1024px) 100vw, 1024px\" \/>\t\t\t\t\t\t\t\t\t\t\t\t\t<\/div>\n\t\t\t\t<\/div>\n\t\t\t\t<div class=\"elementor-element elementor-element-bb62990 elementor-align-center elementor-widget elementor-widget-button\" data-id=\"bb62990\" data-element_type=\"widget\" data-widget_type=\"button.default\">\n\t\t\t\t<div class=\"elementor-widget-container\">\n\t\t\t\t\t\t\t<div class=\"elementor-button-wrapper\">\n\t\t\t\t\t<a class=\"elementor-button elementor-button-link elementor-size-sm\" href=\"https:\/\/admjc38.org\/index.php\/contact\/\">\n\t\t\t\t\t\t<span class=\"elementor-button-content-wrapper\">\n\t\t\t\t\t\t\t\t\t<span class=\"elementor-button-text\">Nous contacter<\/span>\n\t\t\t\t\t<\/span>\n\t\t\t\t\t<\/a>\n\t\t\t\t<\/div>\n\t\t\t\t\t\t<\/div>\n\t\t\t\t<\/div>\n\t\t\t\t\t<\/div>\n\t\t\t\t<\/div>\n\t\t<div class=\"elementor-element elementor-element-c482b5f e-flex e-con-boxed e-con e-parent\" data-id=\"c482b5f\" data-element_type=\"container\">\n\t\t\t\t\t<div class=\"e-con-inner\">\n\t\t\t\t<div class=\"elementor-element elementor-element-e75e80c elementor-widget elementor-widget-text-editor\" data-id=\"e75e80c\" data-element_type=\"widget\" data-widget_type=\"text-editor.default\">\n\t\t\t\t<div class=\"elementor-widget-container\">\n\t\t\t\t\t\t\t<p><strong data-start=\"155\" data-end=\"171\">Nos missions<\/strong> \u00e0 l\u2019AD MJC 38 s\u2019articulent autour de plusieurs axes compl\u00e9mentaires. Nous portons un r\u00f4le de <strong data-start=\"265\" data-end=\"278\">plaidoyer <\/strong>aupr\u00e8s des pouvoirs publics sur le r\u00f4le des MJC et MPT en termes dans l&rsquo;\u00e9conomie et l&rsquo;animation du t\u00e9rritoire. Nous assurons \u00e9galement la <strong data-start=\"410\" data-end=\"443\">mise en r\u00e9seau et l\u2019animation<\/strong> en favorisant les \u00e9changes, les rencontres et la coop\u00e9ration entre les associations adh\u00e9rentes. Nous animons \u00e9galement des outils p\u00e9dagogiques. Notre <strong data-start=\"530\" data-end=\"552\">fonction op\u00e9rateur<\/strong> peut nous conduire \u00e0 animer directement des dispositifs comme le Service Civique ou le BAFA. Par ailleurs, nous proposons un <strong data-start=\"648\" data-end=\"679\" data-is-only-node=\"\">accompagnement personnalis\u00e9<\/strong> afin de r\u00e9pondre aux besoins sp\u00e9cifiques des maisons sur le temps long. \u00c0 travers notre r\u00f4le d\u2019<strong data-start=\"771\" data-end=\"785\">ing\u00e9nierie<\/strong>, nous mettons \u00e0 disposition formations, documentations, expertises et appuis techniques. Enfin, nous assurons le <strong data-start=\"895\" data-end=\"926\">pilotage de projets communs<\/strong>, pour f\u00e9d\u00e9rer les MJC et MPT autour d&rsquo;actions collectives autour notamment des pratiques artistiques amateurs.<\/p>\t\t\t\t\t\t<\/div>\n\t\t\t\t<\/div>\n\t\t\t\t\t<\/div>\n\t\t\t\t<\/div>\n\t\t\t\t<\/div>\n\t\t","protected":false},"excerpt":{"rendered":"<p>Nos missions L&rsquo;Association D\u00e9partementale des MJC de l\u2019Is\u00e8re est affili\u00e9e la Plateforme R\u00e9gionale des MJC en Rh\u00f4ne-Alpes \u00a0\u00bb et \u00e0 la Conf\u00e9d\u00e9ration [&hellip;]<\/p>\n","protected":false},"author":2,"featured_media":0,"parent":0,"menu_order":0,"comment_status":"closed","ping_status":"closed","template":"","meta":{"footnotes":""},"class_list":["post-387","page","type-page","status-publish","hentry"],"yoast_head":"<!-- This site is optimized with the Yoast SEO plugin v24.8 - https:\/\/yoast.com\/wordpress\/plugins\/seo\/ -->\n<title>Nos missions - AD MJC 38<\/title>\n<meta name=\"description\" content=\"Nos missions pour les MJC de l\u2019Is\u00e8re : accompagnement des projets, animation du r\u00e9seau, plaidoyer aupr\u00e8s des institutions.\" \/>\n<meta name=\"robots\" content=\"index, follow, max-snippet:-1, max-image-preview:large, max-video-preview:-1\" \/>\n<link rel=\"canonical\" href=\"https:\/\/admjc38.org\/index.php\/nos-missions\/\" \/>\n<meta property=\"og:locale\" content=\"fr_FR\" \/>\n<meta property=\"og:type\" content=\"article\" \/>\n<meta property=\"og:title\" content=\"Nos missions - AD MJC 38\" \/>\n<meta property=\"og:description\" content=\"Nos missions pour les MJC de l\u2019Is\u00e8re : accompagnement des projets, animation du r\u00e9seau, plaidoyer aupr\u00e8s des institutions.\" \/>\n<meta property=\"og:url\" content=\"https:\/\/admjc38.org\/index.php\/nos-missions\/\" \/>\n<meta property=\"og:site_name\" content=\"AD MJC 38\" \/>\n<meta property=\"article:modified_time\" content=\"2026-03-26T13:34:36+00:00\" \/>\n<meta property=\"og:image\" content=\"https:\/\/admjc38.org\/wp-content\/uploads\/2024\/11\/adasi-ad38.jpg\" \/>\n\t<meta property=\"og:image:width\" content=\"1245\" \/>\n\t<meta property=\"og:image:height\" content=\"583\" \/>\n\t<meta property=\"og:image:type\" content=\"image\/jpeg\" \/>\n<meta name=\"twitter:card\" content=\"summary_large_image\" \/>\n<meta name=\"twitter:label1\" content=\"Dur\u00e9e de lecture estim\u00e9e\" \/>\n\t<meta name=\"twitter:data1\" content=\"2 minutes\" \/>\n<script type=\"application\/ld+json\" class=\"yoast-schema-graph\">{\"@context\":\"https:\/\/schema.org\",\"@graph\":[{\"@type\":\"WebPage\",\"@id\":\"https:\/\/admjc38.org\/index.php\/nos-missions\/\",\"url\":\"https:\/\/admjc38.org\/index.php\/nos-missions\/\",\"name\":\"Nos missions - AD MJC 38\",\"isPartOf\":{\"@id\":\"https:\/\/admjc38.org\/#website\"},\"primaryImageOfPage\":{\"@id\":\"https:\/\/admjc38.org\/index.php\/nos-missions\/#primaryimage\"},\"image\":{\"@id\":\"https:\/\/admjc38.org\/index.php\/nos-missions\/#primaryimage\"},\"thumbnailUrl\":\"http:\/\/admjc38.org\/wp-content\/uploads\/2024\/11\/adasi-ad38-1024x480.jpg\",\"datePublished\":\"2024-11-27T09:52:24+00:00\",\"dateModified\":\"2026-03-26T13:34:36+00:00\",\"description\":\"Nos missions pour les MJC de l\u2019Is\u00e8re : accompagnement des projets, animation du r\u00e9seau, plaidoyer aupr\u00e8s des institutions.\",\"breadcrumb\":{\"@id\":\"https:\/\/admjc38.org\/index.php\/nos-missions\/#breadcrumb\"},\"inLanguage\":\"fr-FR\",\"potentialAction\":[{\"@type\":\"ReadAction\",\"target\":[\"https:\/\/admjc38.org\/index.php\/nos-missions\/\"]}]},{\"@type\":\"ImageObject\",\"inLanguage\":\"fr-FR\",\"@id\":\"https:\/\/admjc38.org\/index.php\/nos-missions\/#primaryimage\",\"url\":\"http:\/\/admjc38.org\/wp-content\/uploads\/2024\/11\/adasi-ad38-1024x480.jpg\",\"contentUrl\":\"http:\/\/admjc38.org\/wp-content\/uploads\/2024\/11\/adasi-ad38-1024x480.jpg\"},{\"@type\":\"BreadcrumbList\",\"@id\":\"https:\/\/admjc38.org\/index.php\/nos-missions\/#breadcrumb\",\"itemListElement\":[{\"@type\":\"ListItem\",\"position\":1,\"name\":\"Accueil\",\"item\":\"https:\/\/admjc38.org\/\"},{\"@type\":\"ListItem\",\"position\":2,\"name\":\"Nos missions\"}]},{\"@type\":\"WebSite\",\"@id\":\"https:\/\/admjc38.org\/#website\",\"url\":\"https:\/\/admjc38.org\/\",\"name\":\"AD MJC 38\",\"description\":\"Le site des Maisons des Jeunes et de la Culture de l\u2019Is\u00e8re\u00a0\",\"publisher\":{\"@id\":\"https:\/\/admjc38.org\/#organization\"},\"potentialAction\":[{\"@type\":\"SearchAction\",\"target\":{\"@type\":\"EntryPoint\",\"urlTemplate\":\"https:\/\/admjc38.org\/?s={search_term_string}\"},\"query-input\":{\"@type\":\"PropertyValueSpecification\",\"valueRequired\":true,\"valueName\":\"search_term_string\"}}],\"inLanguage\":\"fr-FR\"},{\"@type\":\"Organization\",\"@id\":\"https:\/\/admjc38.org\/#organization\",\"name\":\"Association D\u00e9partementale des Maisons des Jeunes et de la Culture de l'Is\u00e8re\",\"url\":\"https:\/\/admjc38.org\/\",\"logo\":{\"@type\":\"ImageObject\",\"inLanguage\":\"fr-FR\",\"@id\":\"https:\/\/admjc38.org\/#\/schema\/logo\/image\/\",\"url\":\"https:\/\/admjc38.org\/wp-content\/uploads\/2024\/01\/Logo-AD-MJC-38.png\",\"contentUrl\":\"https:\/\/admjc38.org\/wp-content\/uploads\/2024\/01\/Logo-AD-MJC-38.png\",\"width\":441,\"height\":701,\"caption\":\"Association D\u00e9partementale des Maisons des Jeunes et de la Culture de l'Is\u00e8re\"},\"image\":{\"@id\":\"https:\/\/admjc38.org\/#\/schema\/logo\/image\/\"}}]}<\/script>\n<!-- \/ Yoast SEO plugin. -->","yoast_head_json":{"title":"Nos missions - AD MJC 38","description":"Nos missions pour les MJC de l\u2019Is\u00e8re : accompagnement des projets, animation du r\u00e9seau, plaidoyer aupr\u00e8s des institutions.","robots":{"index":"index","follow":"follow","max-snippet":"max-snippet:-1","max-image-preview":"max-image-preview:large","max-video-preview":"max-video-preview:-1"},"canonical":"https:\/\/admjc38.org\/index.php\/nos-missions\/","og_locale":"fr_FR","og_type":"article","og_title":"Nos missions - AD MJC 38","og_description":"Nos missions pour les MJC de l\u2019Is\u00e8re : accompagnement des projets, animation du r\u00e9seau, plaidoyer aupr\u00e8s des institutions.","og_url":"https:\/\/admjc38.org\/index.php\/nos-missions\/","og_site_name":"AD MJC 38","article_modified_time":"2026-03-26T13:34:36+00:00","og_image":[{"width":1245,"height":583,"url":"https:\/\/admjc38.org\/wp-content\/uploads\/2024\/11\/adasi-ad38.jpg","type":"image\/jpeg"}],"twitter_card":"summary_large_image","twitter_misc":{"Dur\u00e9e de lecture estim\u00e9e":"2 minutes"},"schema":{"@context":"https:\/\/schema.org","@graph":[{"@type":"WebPage","@id":"https:\/\/admjc38.org\/index.php\/nos-missions\/","url":"https:\/\/admjc38.org\/index.php\/nos-missions\/","name":"Nos missions - AD MJC 38","isPartOf":{"@id":"https:\/\/admjc38.org\/#website"},"primaryImageOfPage":{"@id":"https:\/\/admjc38.org\/index.php\/nos-missions\/#primaryimage"},"image":{"@id":"https:\/\/admjc38.org\/index.php\/nos-missions\/#primaryimage"},"thumbnailUrl":"http:\/\/admjc38.org\/wp-content\/uploads\/2024\/11\/adasi-ad38-1024x480.jpg","datePublished":"2024-11-27T09:52:24+00:00","dateModified":"2026-03-26T13:34:36+00:00","description":"Nos missions pour les MJC de l\u2019Is\u00e8re : accompagnement des projets, animation du r\u00e9seau, plaidoyer aupr\u00e8s des institutions.","breadcrumb":{"@id":"https:\/\/admjc38.org\/index.php\/nos-missions\/#breadcrumb"},"inLanguage":"fr-FR","potentialAction":[{"@type":"ReadAction","target":["https:\/\/admjc38.org\/index.php\/nos-missions\/"]}]},{"@type":"ImageObject","inLanguage":"fr-FR","@id":"https:\/\/admjc38.org\/index.php\/nos-missions\/#primaryimage","url":"http:\/\/admjc38.org\/wp-content\/uploads\/2024\/11\/adasi-ad38-1024x480.jpg","contentUrl":"http:\/\/admjc38.org\/wp-content\/uploads\/2024\/11\/adasi-ad38-1024x480.jpg"},{"@type":"BreadcrumbList","@id":"https:\/\/admjc38.org\/index.php\/nos-missions\/#breadcrumb","itemListElement":[{"@type":"ListItem","position":1,"name":"Accueil","item":"https:\/\/admjc38.org\/"},{"@type":"ListItem","position":2,"name":"Nos missions"}]},{"@type":"WebSite","@id":"https:\/\/admjc38.org\/#website","url":"https:\/\/admjc38.org\/","name":"AD MJC 38","description":"Le site des Maisons des Jeunes et de la Culture de l\u2019Is\u00e8re\u00a0","publisher":{"@id":"https:\/\/admjc38.org\/#organization"},"potentialAction":[{"@type":"SearchAction","target":{"@type":"EntryPoint","urlTemplate":"https:\/\/admjc38.org\/?s={search_term_string}"},"query-input":{"@type":"PropertyValueSpecification","valueRequired":true,"valueName":"search_term_string"}}],"inLanguage":"fr-FR"},{"@type":"Organization","@id":"https:\/\/admjc38.org\/#organization","name":"Association D\u00e9partementale des Maisons des Jeunes et de la Culture de l'Is\u00e8re","url":"https:\/\/admjc38.org\/","logo":{"@type":"ImageObject","inLanguage":"fr-FR","@id":"https:\/\/admjc38.org\/#\/schema\/logo\/image\/","url":"https:\/\/admjc38.org\/wp-content\/uploads\/2024\/01\/Logo-AD-MJC-38.png","contentUrl":"https:\/\/admjc38.org\/wp-content\/uploads\/2024\/01\/Logo-AD-MJC-38.png","width":441,"height":701,"caption":"Association D\u00e9partementale des Maisons des Jeunes et de la Culture de l'Is\u00e8re"},"image":{"@id":"https:\/\/admjc38.org\/#\/schema\/logo\/image\/"}}]}},"_links":{"self":[{"href":"https:\/\/admjc38.org\/index.php\/wp-json\/wp\/v2\/pages\/387","targetHints":{"allow":["GET"]}}],"collection":[{"href":"https:\/\/admjc38.org\/index.php\/wp-json\/wp\/v2\/pages"}],"about":[{"href":"https:\/\/admjc38.org\/index.php\/wp-json\/wp\/v2\/types\/page"}],"author":[{"embeddable":true,"href":"https:\/\/admjc38.org\/index.php\/wp-json\/wp\/v2\/users\/2"}],"replies":[{"embeddable":true,"href":"https:\/\/admjc38.org\/index.php\/wp-json\/wp\/v2\/comments?post=387"}],"version-history":[{"count":29,"href":"https:\/\/admjc38.org\/index.php\/wp-json\/wp\/v2\/pages\/387\/revisions"}],"predecessor-version":[{"id":992,"href":"https:\/\/admjc38.org\/index.php\/wp-json\/wp\/v2\/pages\/387\/revisions\/992"}],"wp:attachment":[{"href":"https:\/\/admjc38.org\/index.php\/wp-json\/wp\/v2\/media?parent=387"}],"curies":[{"name":"wp","href":"https:\/\/api.w.org\/{rel}","templated":true}]}}