{"id":835,"date":"2025-10-09T15:58:38","date_gmt":"2025-10-09T13:58:38","guid":{"rendered":"https:\/\/admjc38.org\/?page_id=835"},"modified":"2026-03-26T14:10:41","modified_gmt":"2026-03-26T13:10:41","slug":"formations","status":"publish","type":"page","link":"https:\/\/admjc38.org\/index.php\/formations\/","title":{"rendered":"Formations"},"content":{"rendered":"\t\t<div data-elementor-type=\"wp-page\" data-elementor-id=\"835\" class=\"elementor elementor-835\" data-elementor-post-type=\"page\">\n\t\t\t\t<div class=\"elementor-element elementor-element-8f0ce9b e-flex e-con-boxed e-con e-parent\" data-id=\"8f0ce9b\" data-element_type=\"container\">\n\t\t\t\t\t<div class=\"e-con-inner\">\n\t\t\t\t<div class=\"elementor-element elementor-element-8493df2 elementor-widget elementor-widget-heading\" data-id=\"8493df2\" data-element_type=\"widget\" data-widget_type=\"heading.default\">\n\t\t\t\t<div class=\"elementor-widget-container\">\n\t\t\t<h2 class=\"elementor-heading-title elementor-size-default\">Les formations du r\u00e9seau<\/h2>\t\t<\/div>\n\t\t\t\t<\/div>\n\t\t\t\t<div class=\"elementor-element elementor-element-d74ab85 elementor-widget elementor-widget-spacer\" data-id=\"d74ab85\" data-element_type=\"widget\" data-widget_type=\"spacer.default\">\n\t\t\t\t<div class=\"elementor-widget-container\">\n\t\t\t\t\t<div class=\"elementor-spacer\">\n\t\t\t<div class=\"elementor-spacer-inner\"><\/div>\n\t\t<\/div>\n\t\t\t\t<\/div>\n\t\t\t\t<\/div>\n\t\t\t\t<div class=\"elementor-element elementor-element-484ca97 elementor-widget elementor-widget-text-editor\" data-id=\"484ca97\" data-element_type=\"widget\" data-widget_type=\"text-editor.default\">\n\t\t\t\t<div class=\"elementor-widget-container\">\n\t\t\t\t\t\t\t<p><span style=\"color: #000000;\">Les formations sont ouvertes aux salari\u00e9s et b\u00e9n\u00e9voles des MJC et MPT membres de notre r\u00e9seau. <strong>Elles sont anim\u00e9es soit par l&rsquo;animateur de r\u00e9seau soit par un intervenant ext\u00e9rieur sp\u00e9cialis\u00e9.\u00a0<\/strong><\/span><\/p><p><span style=\"color: #000000;\">Pour plus d&rsquo;informations, cliquez sur chacune des formations propos\u00e9es ou sur le lien d&rsquo;inscription et laissez-vous guider. Vous pouvez aussi me contacter directement par t\u00e9l\u00e9phone au <span style=\"color: #ff6600;\">07 59 54 34 63<\/span>\u00a0ou par mail\u00a0 <span style=\"color: #ff6600;\">animation@admjc38.org<\/span> pour avoir des infos en direct.<\/span><\/p><p>Pour les formations anim\u00e9es par des intervenants ext\u00e9rieurs et faisant l\u2019objet d&rsquo;un financement OPCO Uniformation, les inscriptions seront closes 30 jours avant la date. Une confirmation d&rsquo;inscription vous sera envoy\u00e9e \u00e0 la cl\u00f4ture des inscriptions.<\/p><p>Pour les formations se d\u00e9roulant sur plusieurs jours : tous les jours sont obligatoires. Merci de prendre vos dispositions \u00e0 l\u2019inscription afin d\u2019\u00e9viter les \u00e9ventuels conflits d\u2019agendas.<\/p><p><span style=\"text-decoration: underline;\">Si vous \u00eates salari\u00e9.e d\u2019une MJC ou MPT adh\u00e9rente :<\/span><br \/>\u2022 en vous inscrivant 30 jours avant la date de d\u00e9but de la formation, les frais de formation et les frais annexes seront pris en charges par <strong>l\u2019OPCO Uniformation<\/strong>. Pass\u00e9 ce d\u00e9lai, nous contacter.<\/p><p><span style=\"text-decoration: underline;\">Si vous \u00eates b\u00e9n\u00e9vole d\u2019une MJC ou MPT adh\u00e9rente :<\/span><br \/>\u2022 en vous inscrivant, les frais de formation seront pris en charges par le <strong>Fond de D\u00e9veloppement de la Vie Associative<\/strong>, les frais de d\u00e9placements ne peuvent pas \u00eatre pris en charge.<\/p><p><b>Nous souhaitons faciliter l\u2019acc\u00e8s \u00e0 nos formations pour toutes les personnes :\u00a0<br \/><\/b>\u2022 Les lieux dans lesquels nous intervenons sont majoritairement aux normes PMR. <br \/>\u2022 Pour pouvoir suivre nos formations dans les meilleures conditions, il est souhaitable que vous vous sentiez \u00e0 l\u2019aise avec le fait de pouvoir lire, \u00e9crire un petit texte et prendre la parole en petit groupe.<b><\/b><\/p><p>Cependant, pour tous besoins particuliers ou prises en charges sp\u00e9cifiques, il est indispensable de nous contacter pour en discuter pr\u00e9alablement.<\/p><p>Les formations sont construites dans une d\u00e9marche d\u2019\u00c9ducation populaire centr\u00e9e sur les participants.es. Les m\u00e9thodes p\u00e9dagogiques s\u2019appuient sur la participation, l\u2019implication dynamique, des apports documentaires et des mises en situation.<\/p><p>En fin de formation, l\u2019atteinte des objectifs sera \u00e9valu\u00e9e par une auto-\u00e9valuation individuelle et collective.<\/p><p><b>En cas d\u2019absence ou d\u2019abandon, un contact sera initi\u00e9 par l&rsquo;AD MJC 38 aupr\u00e8s de vous et de votre employeur. Toutes absences ou abandons devront \u00eatre justifi\u00e9s. <\/b><\/p><p>En cas de difficult\u00e9s rencontr\u00e9es au cours de la formation, n\u2019h\u00e9sitez pas \u00e0 en discuter directement avec l\u2019animateur de r\u00e9seau.<\/p><p>Si vous estimez avoir besoin de vous adresser \u00e0 une tierce personne, envoyez-moi un mail \u00e0 l\u2019adresse <span style=\"color: red;\">animation@admj38.org<\/span><span style=\"color: #000000;\"> avec comme sujet : \u00ab besoin contact rapide formation \u00bb, il sera trait\u00e9 en toute diligence.<\/span><\/p>\t\t\t\t\t\t<\/div>\n\t\t\t\t<\/div>\n\t\t\t\t<div class=\"elementor-element elementor-element-22d16e5 elementor-widget-divider--view-line elementor-widget elementor-widget-divider\" data-id=\"22d16e5\" data-element_type=\"widget\" data-widget_type=\"divider.default\">\n\t\t\t\t<div class=\"elementor-widget-container\">\n\t\t\t\t\t<div class=\"elementor-divider\">\n\t\t\t<span class=\"elementor-divider-separator\">\n\t\t\t\t\t\t<\/span>\n\t\t<\/div>\n\t\t\t\t<\/div>\n\t\t\t\t<\/div>\n\t\t\t\t\t<\/div>\n\t\t\t\t<\/div>\n\t\t<div class=\"elementor-element elementor-element-fa864dc e-flex e-con-boxed e-con e-parent\" data-id=\"fa864dc\" data-element_type=\"container\">\n\t\t\t\t\t<div class=\"e-con-inner\">\n\t\t\t\t<div class=\"elementor-element elementor-element-e70025a elementor-widget elementor-widget-heading\" data-id=\"e70025a\" data-element_type=\"widget\" data-widget_type=\"heading.default\">\n\t\t\t\t<div class=\"elementor-widget-container\">\n\t\t\t<h2 class=\"elementor-heading-title elementor-size-default\">PROGRAMME<\/h2>\t\t<\/div>\n\t\t\t\t<\/div>\n\t\t\t\t<div class=\"elementor-element elementor-element-cafb3d3 elementor-widget-divider--view-line elementor-widget elementor-widget-divider\" data-id=\"cafb3d3\" data-element_type=\"widget\" data-widget_type=\"divider.default\">\n\t\t\t\t<div class=\"elementor-widget-container\">\n\t\t\t\t\t<div class=\"elementor-divider\">\n\t\t\t<span class=\"elementor-divider-separator\">\n\t\t\t\t\t\t<\/span>\n\t\t<\/div>\n\t\t\t\t<\/div>\n\t\t\t\t<\/div>\n\t\t\t\t<div class=\"elementor-element elementor-element-716721a elementor-drop-cap-yes elementor-drop-cap-view-default elementor-widget elementor-widget-text-editor\" data-id=\"716721a\" data-element_type=\"widget\" data-settings=\"{&quot;drop_cap&quot;:&quot;yes&quot;}\" data-widget_type=\"text-editor.default\">\n\t\t\t\t<div class=\"elementor-widget-container\">\n\t\t\t\t\t\t\t<p><em>Pour les administrateurs b\u00e9n\u00e9voles\u00a0<\/em><\/p><ul><li><strong>C&rsquo;est quoi \u00eatre administrateur de MJC ?<\/strong><\/li><\/ul><p>Date : le 27 septembre 2025 de 09h \u00e0 16h.<\/p><p>Animateur : Timoth\u00e9e Lescot.<\/p><p>Lieu : MJC des Allobroges<\/p><p>Lien d&rsquo;inscription : <a href=\"https:\/\/framaforms.org\/formation-benevoles-rentree-2025-1748960507\">https:\/\/framaforms.org\/formation-benevoles-rentree-2025-1748960507<\/a><\/p><ul><li><strong>C&rsquo;est quoi l&rsquo;\u00e9ducation populaire?\u00a0<\/strong><\/li><\/ul><p>Date : le 29 novembre 2025 de 09h \u00e0 16h.<\/p><p>Animateur : Timoth\u00e9e Lescot.<\/p><p>Lieu : MJC des Allobroges<\/p><p>Lien d&rsquo;inscription :\u00a0<a href=\"https:\/\/framaforms.org\/formation-benevoles-rentree-2025-1748960507\">https:\/\/framaforms.org\/formation-benevoles-rentree-2025-1748960507<\/a><\/p><ul><li><strong>Le Mod\u00e8le Socio \u00c9conomique\u00a0<\/strong><\/li><\/ul><p>Date : 21 mars 2026<\/p><p>Animateur : Timoth\u00e9e Lescot<\/p><p>Lieu : MJC des Allobroges<\/p><p>Lien d&rsquo;inscription :\u00a0<a href=\"https:\/\/framaforms.org\/formation-benevoles-rentree-2025-1748960507\">https:\/\/framaforms.org\/formation-benevoles-rentree-2025-1748960507<\/a><\/p><ul><li><strong>A venir : les fondamentaux de la gouvernance<\/strong> (juin 2026)<\/li><li><strong>A venir : c&rsquo;est quoi \u00eatre administrateur de MJC ? <\/strong>(septembre 2026)<\/li><li><strong>A venir : c&rsquo;est quoi l&rsquo;\u00e9ducation populaire ? <\/strong>(d\u00e9cembre 2026)<\/li><\/ul><p><span style=\"color: #ff6600;\"><em>Les formations pour les b\u00e9n\u00e9voles sont financ\u00e9es par le FDVA (Fonds de D\u00e9veloppement de la Vie Associative)<\/em><\/span><\/p>\t\t\t\t\t\t<\/div>\n\t\t\t\t<\/div>\n\t\t\t\t\t<\/div>\n\t\t\t\t<\/div>\n\t\t<div class=\"elementor-element elementor-element-2142acc e-flex e-con-boxed e-con e-parent\" data-id=\"2142acc\" data-element_type=\"container\">\n\t\t\t\t\t<div class=\"e-con-inner\">\n\t\t\t\t<div class=\"elementor-element elementor-element-09939aa elementor-widget-divider--view-line elementor-widget elementor-widget-divider\" data-id=\"09939aa\" data-element_type=\"widget\" data-widget_type=\"divider.default\">\n\t\t\t\t<div class=\"elementor-widget-container\">\n\t\t\t\t\t<div class=\"elementor-divider\">\n\t\t\t<span class=\"elementor-divider-separator\">\n\t\t\t\t\t\t<\/span>\n\t\t<\/div>\n\t\t\t\t<\/div>\n\t\t\t\t<\/div>\n\t\t\t\t<div class=\"elementor-element elementor-element-a48c7b4 elementor-widget elementor-widget-text-editor\" data-id=\"a48c7b4\" data-element_type=\"widget\" data-widget_type=\"text-editor.default\">\n\t\t\t\t<div class=\"elementor-widget-container\">\n\t\t\t\t\t\t\t<p><em>Pour les animateurs salari\u00e9s (enfance, jeunesse, famille)<\/em><\/p><ul><li><strong>Formation \u00e0 la malle \u00ab\u00a0Des-Infox\u00a0\u00bb<\/strong> pour les animateurs jeunes.<\/li><\/ul><p>Dates : les 20 et 21 mars 2025<\/p><p>Animatrice : Justine Praly<\/p><p>Lieu : MJC de Tullins\u00a0<\/p><ul><li><strong>Formation \u00e0 la malle \u00ab\u00a0Moi et les autres\u00a0\u00bb<\/strong> pour les animatrices enfance\/famille\u00a0 avec le r\u00e9seau des MJC Dr\u00f4me Ard\u00e8che et R2AS.<\/li><\/ul><p>Dates : les 08 et 09 d\u00e9cembre 2025<\/p><p>Animatrice : Coralie Girerd<\/p><p>Lieu : MJC Voiron<\/p><p>Contenu p\u00e9dagogique :\u00a0<a href=\"https:\/\/1drv.ms\/b\/c\/191d64f2bc59515f\/EefRPatYSXBEpatUsK1wzLYBKLgxWJr0qbQzQuToeC-e9g?e=wXxWLU\">https:\/\/1drv.ms\/b\/c\/191d64f2bc59515f\/EefRPatYSXBEpatUsK1wzLYBKLgxWJr0qbQzQuToeC-e9g?e=wXxWLU<\/a><\/p><p>Lien d&rsquo;inscription :\u00a0<a href=\"https:\/\/framaforms.org\/inscription-formation-malle-pedagogique-moi-et-les-autres-1761126259\">https:\/\/framaforms.org\/inscription-formation-malle-pedagogique-moi-et-les-autres-1761126259<\/a><\/p><ul><li><strong>Formation \u00ab\u00a0La boussole politique des jeunes\u00a0\u00bb<\/strong> pour les animateurs jeunes avec R2AS<\/li><\/ul><p>Date : le 29 janvier 2026<\/p><p>Animateur : S\u00e9bastien Hovart<\/p><p>Lieu : MJC des Allobroges<\/p><p>Lien d&rsquo;inscription :\u00a0<a href=\"https:\/\/framadate.org\/lHmQZVu2HQYj134D\">https:\/\/framadate.org\/lHmQZVu2HQYj134D<\/a><\/p><p><span style=\"color: #ff6600;\"><em>Les formations pour les professionnels peuvent \u00eatre financ\u00e9es par l&rsquo;OPCO Uniformation\u00a0<\/em><\/span><\/p>\t\t\t\t\t\t<\/div>\n\t\t\t\t<\/div>\n\t\t\t\t\t<\/div>\n\t\t\t\t<\/div>\n\t\t\t\t<\/div>\n\t\t","protected":false},"excerpt":{"rendered":"<p>Les formations du r\u00e9seau Les formations sont ouvertes aux salari\u00e9s et b\u00e9n\u00e9voles des MJC et MPT membres de notre r\u00e9seau. Elles sont [&hellip;]<\/p>\n","protected":false},"author":3,"featured_media":0,"parent":0,"menu_order":0,"comment_status":"closed","ping_status":"closed","template":"","meta":{"footnotes":""},"class_list":["post-835","page","type-page","status-publish","hentry"],"yoast_head":"<!-- This site is optimized with the Yoast SEO plugin v24.8 - https:\/\/yoast.com\/wordpress\/plugins\/seo\/ -->\n<title>Formations - AD MJC 38<\/title>\n<meta name=\"robots\" content=\"index, follow, max-snippet:-1, max-image-preview:large, max-video-preview:-1\" \/>\n<link rel=\"canonical\" href=\"https:\/\/admjc38.org\/index.php\/formations\/\" \/>\n<meta property=\"og:locale\" content=\"fr_FR\" \/>\n<meta property=\"og:type\" content=\"article\" \/>\n<meta property=\"og:title\" content=\"Formations - AD MJC 38\" \/>\n<meta property=\"og:description\" content=\"Les formations du r\u00e9seau Les formations sont ouvertes aux salari\u00e9s et b\u00e9n\u00e9voles des MJC et MPT membres de notre r\u00e9seau. Elles sont [&hellip;]\" \/>\n<meta property=\"og:url\" content=\"https:\/\/admjc38.org\/index.php\/formations\/\" \/>\n<meta property=\"og:site_name\" content=\"AD MJC 38\" \/>\n<meta property=\"article:modified_time\" content=\"2026-03-26T13:10:41+00:00\" \/>\n<meta name=\"twitter:card\" content=\"summary_large_image\" \/>\n<meta name=\"twitter:label1\" content=\"Dur\u00e9e de lecture estim\u00e9e\" \/>\n\t<meta name=\"twitter:data1\" content=\"4 minutes\" \/>\n<script type=\"application\/ld+json\" class=\"yoast-schema-graph\">{\"@context\":\"https:\/\/schema.org\",\"@graph\":[{\"@type\":\"WebPage\",\"@id\":\"https:\/\/admjc38.org\/index.php\/formations\/\",\"url\":\"https:\/\/admjc38.org\/index.php\/formations\/\",\"name\":\"Formations - AD MJC 38\",\"isPartOf\":{\"@id\":\"https:\/\/admjc38.org\/#website\"},\"datePublished\":\"2025-10-09T13:58:38+00:00\",\"dateModified\":\"2026-03-26T13:10:41+00:00\",\"breadcrumb\":{\"@id\":\"https:\/\/admjc38.org\/index.php\/formations\/#breadcrumb\"},\"inLanguage\":\"fr-FR\",\"potentialAction\":[{\"@type\":\"ReadAction\",\"target\":[\"https:\/\/admjc38.org\/index.php\/formations\/\"]}]},{\"@type\":\"BreadcrumbList\",\"@id\":\"https:\/\/admjc38.org\/index.php\/formations\/#breadcrumb\",\"itemListElement\":[{\"@type\":\"ListItem\",\"position\":1,\"name\":\"Accueil\",\"item\":\"https:\/\/admjc38.org\/\"},{\"@type\":\"ListItem\",\"position\":2,\"name\":\"Formations\"}]},{\"@type\":\"WebSite\",\"@id\":\"https:\/\/admjc38.org\/#website\",\"url\":\"https:\/\/admjc38.org\/\",\"name\":\"AD MJC 38\",\"description\":\"Le site des Maisons des Jeunes et de la Culture de l\u2019Is\u00e8re\u00a0\",\"publisher\":{\"@id\":\"https:\/\/admjc38.org\/#organization\"},\"potentialAction\":[{\"@type\":\"SearchAction\",\"target\":{\"@type\":\"EntryPoint\",\"urlTemplate\":\"https:\/\/admjc38.org\/?s={search_term_string}\"},\"query-input\":{\"@type\":\"PropertyValueSpecification\",\"valueRequired\":true,\"valueName\":\"search_term_string\"}}],\"inLanguage\":\"fr-FR\"},{\"@type\":\"Organization\",\"@id\":\"https:\/\/admjc38.org\/#organization\",\"name\":\"Association D\u00e9partementale des Maisons des Jeunes et de la Culture de l'Is\u00e8re\",\"url\":\"https:\/\/admjc38.org\/\",\"logo\":{\"@type\":\"ImageObject\",\"inLanguage\":\"fr-FR\",\"@id\":\"https:\/\/admjc38.org\/#\/schema\/logo\/image\/\",\"url\":\"https:\/\/admjc38.org\/wp-content\/uploads\/2024\/01\/Logo-AD-MJC-38.png\",\"contentUrl\":\"https:\/\/admjc38.org\/wp-content\/uploads\/2024\/01\/Logo-AD-MJC-38.png\",\"width\":441,\"height\":701,\"caption\":\"Association D\u00e9partementale des Maisons des Jeunes et de la Culture de l'Is\u00e8re\"},\"image\":{\"@id\":\"https:\/\/admjc38.org\/#\/schema\/logo\/image\/\"}}]}<\/script>\n<!-- \/ Yoast SEO plugin. -->","yoast_head_json":{"title":"Formations - AD MJC 38","robots":{"index":"index","follow":"follow","max-snippet":"max-snippet:-1","max-image-preview":"max-image-preview:large","max-video-preview":"max-video-preview:-1"},"canonical":"https:\/\/admjc38.org\/index.php\/formations\/","og_locale":"fr_FR","og_type":"article","og_title":"Formations - AD MJC 38","og_description":"Les formations du r\u00e9seau Les formations sont ouvertes aux salari\u00e9s et b\u00e9n\u00e9voles des MJC et MPT membres de notre r\u00e9seau. Elles sont [&hellip;]","og_url":"https:\/\/admjc38.org\/index.php\/formations\/","og_site_name":"AD MJC 38","article_modified_time":"2026-03-26T13:10:41+00:00","twitter_card":"summary_large_image","twitter_misc":{"Dur\u00e9e de lecture estim\u00e9e":"4 minutes"},"schema":{"@context":"https:\/\/schema.org","@graph":[{"@type":"WebPage","@id":"https:\/\/admjc38.org\/index.php\/formations\/","url":"https:\/\/admjc38.org\/index.php\/formations\/","name":"Formations - AD MJC 38","isPartOf":{"@id":"https:\/\/admjc38.org\/#website"},"datePublished":"2025-10-09T13:58:38+00:00","dateModified":"2026-03-26T13:10:41+00:00","breadcrumb":{"@id":"https:\/\/admjc38.org\/index.php\/formations\/#breadcrumb"},"inLanguage":"fr-FR","potentialAction":[{"@type":"ReadAction","target":["https:\/\/admjc38.org\/index.php\/formations\/"]}]},{"@type":"BreadcrumbList","@id":"https:\/\/admjc38.org\/index.php\/formations\/#breadcrumb","itemListElement":[{"@type":"ListItem","position":1,"name":"Accueil","item":"https:\/\/admjc38.org\/"},{"@type":"ListItem","position":2,"name":"Formations"}]},{"@type":"WebSite","@id":"https:\/\/admjc38.org\/#website","url":"https:\/\/admjc38.org\/","name":"AD MJC 38","description":"Le site des Maisons des Jeunes et de la Culture de l\u2019Is\u00e8re\u00a0","publisher":{"@id":"https:\/\/admjc38.org\/#organization"},"potentialAction":[{"@type":"SearchAction","target":{"@type":"EntryPoint","urlTemplate":"https:\/\/admjc38.org\/?s={search_term_string}"},"query-input":{"@type":"PropertyValueSpecification","valueRequired":true,"valueName":"search_term_string"}}],"inLanguage":"fr-FR"},{"@type":"Organization","@id":"https:\/\/admjc38.org\/#organization","name":"Association D\u00e9partementale des Maisons des Jeunes et de la Culture de l'Is\u00e8re","url":"https:\/\/admjc38.org\/","logo":{"@type":"ImageObject","inLanguage":"fr-FR","@id":"https:\/\/admjc38.org\/#\/schema\/logo\/image\/","url":"https:\/\/admjc38.org\/wp-content\/uploads\/2024\/01\/Logo-AD-MJC-38.png","contentUrl":"https:\/\/admjc38.org\/wp-content\/uploads\/2024\/01\/Logo-AD-MJC-38.png","width":441,"height":701,"caption":"Association D\u00e9partementale des Maisons des Jeunes et de la Culture de l'Is\u00e8re"},"image":{"@id":"https:\/\/admjc38.org\/#\/schema\/logo\/image\/"}}]}},"_links":{"self":[{"href":"https:\/\/admjc38.org\/index.php\/wp-json\/wp\/v2\/pages\/835","targetHints":{"allow":["GET"]}}],"collection":[{"href":"https:\/\/admjc38.org\/index.php\/wp-json\/wp\/v2\/pages"}],"about":[{"href":"https:\/\/admjc38.org\/index.php\/wp-json\/wp\/v2\/types\/page"}],"author":[{"embeddable":true,"href":"https:\/\/admjc38.org\/index.php\/wp-json\/wp\/v2\/users\/3"}],"replies":[{"embeddable":true,"href":"https:\/\/admjc38.org\/index.php\/wp-json\/wp\/v2\/comments?post=835"}],"version-history":[{"count":58,"href":"https:\/\/admjc38.org\/index.php\/wp-json\/wp\/v2\/pages\/835\/revisions"}],"predecessor-version":[{"id":982,"href":"https:\/\/admjc38.org\/index.php\/wp-json\/wp\/v2\/pages\/835\/revisions\/982"}],"wp:attachment":[{"href":"https:\/\/admjc38.org\/index.php\/wp-json\/wp\/v2\/media?parent=835"}],"curies":[{"name":"wp","href":"https:\/\/api.w.org\/{rel}","templated":true}]}}